{"id":2797,"date":"2025-11-06T11:08:55","date_gmt":"2025-11-06T11:08:55","guid":{"rendered":"https:\/\/anna-brandenburg.tpicustomer.de\/?page_id=2797"},"modified":"2026-03-06T12:46:18","modified_gmt":"2026-03-06T12:46:18","slug":"weisser-undsschwarzer-hautkrebs","status":"publish","type":"page","link":"https:\/\/dr-anna-brandenburg.de\/de\/weisser-undsschwarzer-hautkrebs\/","title":{"rendered":"Weisser und Schwarzer Hautkrebs"},"content":{"rendered":"\t\t<div data-elementor-type=\"wp-page\" data-elementor-id=\"2797\" class=\"elementor elementor-2797\" data-elementor-post-type=\"page\">\n\t\t\t\t<div class=\"elementor-element elementor-element-b223061 e-flex e-con-boxed e-con e-parent\" data-id=\"b223061\" data-element_type=\"container\" data-e-type=\"container\" data-settings=\"{&quot;background_background&quot;:&quot;classic&quot;,&quot;jet_parallax_layout_list&quot;:[]}\">\n\t\t\t\t\t<div class=\"e-con-inner\">\n\t\t<div class=\"elementor-element elementor-element-2771c5e e-con-full e-flex e-con e-child\" data-id=\"2771c5e\" data-element_type=\"container\" data-e-type=\"container\" data-settings=\"{&quot;background_background&quot;:&quot;classic&quot;,&quot;jet_parallax_layout_list&quot;:[]}\">\n\t\t\t\t<div class=\"elementor-element elementor-element-e645aae elementor-widget elementor-widget-heading\" data-id=\"e645aae\" data-element_type=\"widget\" data-e-type=\"widget\" data-widget_type=\"heading.default\">\n\t\t\t\t\t<h1 class=\"elementor-heading-title elementor-size-default\">Wei\u00dfer und schwarzer Hautkrebs \u2013\neffektive Therapien durch\nZusatzqualifikation \u201eMedikament\u00f6se Tumortherapie\u201c<\/h1>\t\t\t\t<\/div>\n\t\t\t\t<div class=\"elementor-element elementor-element-ee17965 elementor-widget elementor-widget-text-editor\" data-id=\"ee17965\" data-element_type=\"widget\" data-e-type=\"widget\" data-widget_type=\"text-editor.default\">\n\t\t\t\t\t\t\t\t\tWir stehen Ihnen f\u00fcr jede Hauterkrankung kompetent zur Seite\n\n\t\t\t\t\t\t\t\t<\/div>\n\t\t\t\t<div class=\"elementor-element elementor-element-44d69a9 elementor-align-left elementor-widget__width-inherit elementor-widget elementor-widget-button\" data-id=\"44d69a9\" data-element_type=\"widget\" data-e-type=\"widget\" data-widget_type=\"button.default\">\n\t\t\t\t\t\t\t\t\t\t<a class=\"elementor-button elementor-button-link elementor-size-sm elementor-animation-grow\" href=\"https:\/\/www.doctolib.de\/privatpraxis\/hamburg\/dermatologische-privatpraxis-dr-anna-brandenburg\/booking\/specialities?profile_skipped=true&#038;bookingFunnelSource=external_referral\" target=\"_blank\" rel=\"noopener\">\n\t\t\t\t\t\t<span class=\"elementor-button-content-wrapper\">\n\t\t\t\t\t\t\t\t\t<span class=\"elementor-button-text\">TERMINBUCHUNG<\/span>\n\t\t\t\t\t<\/span>\n\t\t\t\t\t<\/a>\n\t\t\t\t\t\t\t\t<\/div>\n\t\t\t\t<\/div>\n\t\t\t\t\t<\/div>\n\t\t\t\t<\/div>\n\t\t<div class=\"elementor-element elementor-element-d5d4dae e-con-full e-flex e-con e-parent\" data-id=\"d5d4dae\" data-element_type=\"container\" data-e-type=\"container\" data-settings=\"{&quot;background_background&quot;:&quot;classic&quot;,&quot;jet_parallax_layout_list&quot;:[]}\">\n\t\t\t\t<div class=\"elementor-element elementor-element-e749f3a elementor-icon-list--layout-inline elementor-align-center elementor-mobile-align-start elementor-widget__width-inherit elementor-hidden-mobile elementor-list-item-link-full_width elementor-widget elementor-widget-icon-list\" data-id=\"e749f3a\" data-element_type=\"widget\" data-e-type=\"widget\" data-widget_type=\"icon-list.default\">\n\t\t\t\t\t\t\t<ul class=\"elementor-icon-list-items elementor-inline-items\">\n\t\t\t\t\t\t\t<li class=\"elementor-icon-list-item elementor-inline-item\">\n\t\t\t\t\t\t\t\t\t\t\t<span class=\"elementor-icon-list-icon\">\n\t\t\t\t\t\t\t<i aria-hidden=\"true\" class=\"fas fa-check\"><\/i>\t\t\t\t\t\t<\/span>\n\t\t\t\t\t\t\t\t\t\t<span class=\"elementor-icon-list-text\">Fr\u00fcherkennung &amp; Pr\u00e4vention <\/span>\n\t\t\t\t\t\t\t\t\t<\/li>\n\t\t\t\t\t\t\t\t<li class=\"elementor-icon-list-item elementor-inline-item\">\n\t\t\t\t\t\t\t\t\t\t\t<span class=\"elementor-icon-list-icon\">\n\t\t\t\t\t\t\t<i aria-hidden=\"true\" class=\"fas fa-check\"><\/i>\t\t\t\t\t\t<\/span>\n\t\t\t\t\t\t\t\t\t\t<span class=\"elementor-icon-list-text\">Onkologische Expertise <\/span>\n\t\t\t\t\t\t\t\t\t<\/li>\n\t\t\t\t\t\t\t\t<li class=\"elementor-icon-list-item elementor-inline-item\">\n\t\t\t\t\t\t\t\t\t\t\t<span class=\"elementor-icon-list-icon\">\n\t\t\t\t\t\t\t<i aria-hidden=\"true\" class=\"fas fa-check\"><\/i>\t\t\t\t\t\t<\/span>\n\t\t\t\t\t\t\t\t\t\t<span class=\"elementor-icon-list-text\">Individuelle Therapieplanung <\/span>\n\t\t\t\t\t\t\t\t\t<\/li>\n\t\t\t\t\t\t\t\t<li class=\"elementor-icon-list-item elementor-inline-item\">\n\t\t\t\t\t\t\t\t\t\t\t<span class=\"elementor-icon-list-icon\">\n\t\t\t\t\t\t\t<i aria-hidden=\"true\" class=\"fas fa-check\"><\/i>\t\t\t\t\t\t<\/span>\n\t\t\t\t\t\t\t\t\t\t<span class=\"elementor-icon-list-text\">Kompetente Nachsorge<\/span>\n\t\t\t\t\t\t\t\t\t<\/li>\n\t\t\t\t\t\t<\/ul>\n\t\t\t\t\t\t<\/div>\n\t\t\t\t<div class=\"elementor-element elementor-element-c4fe23e elementor-align-center elementor-mobile-align-start elementor-widget__width-inherit elementor-hidden-widescreen elementor-hidden-desktop elementor-hidden-tablet elementor-icon-list--layout-traditional elementor-list-item-link-full_width elementor-widget elementor-widget-icon-list\" data-id=\"c4fe23e\" data-element_type=\"widget\" data-e-type=\"widget\" data-widget_type=\"icon-list.default\">\n\t\t\t\t\t\t\t<ul class=\"elementor-icon-list-items\">\n\t\t\t\t\t\t\t<li class=\"elementor-icon-list-item\">\n\t\t\t\t\t\t\t\t\t\t\t<span class=\"elementor-icon-list-icon\">\n\t\t\t\t\t\t\t<i aria-hidden=\"true\" class=\"fas fa-check\"><\/i>\t\t\t\t\t\t<\/span>\n\t\t\t\t\t\t\t\t\t\t<span class=\"elementor-icon-list-text\">Fr\u00fcherkennung &amp; Pr\u00e4vention <\/span>\n\t\t\t\t\t\t\t\t\t<\/li>\n\t\t\t\t\t\t\t\t<li class=\"elementor-icon-list-item\">\n\t\t\t\t\t\t\t\t\t\t\t<span class=\"elementor-icon-list-icon\">\n\t\t\t\t\t\t\t<i aria-hidden=\"true\" class=\"fas fa-check\"><\/i>\t\t\t\t\t\t<\/span>\n\t\t\t\t\t\t\t\t\t\t<span class=\"elementor-icon-list-text\">Onkologische Expertise<\/span>\n\t\t\t\t\t\t\t\t\t<\/li>\n\t\t\t\t\t\t\t\t<li class=\"elementor-icon-list-item\">\n\t\t\t\t\t\t\t\t\t\t\t<span class=\"elementor-icon-list-icon\">\n\t\t\t\t\t\t\t<i aria-hidden=\"true\" class=\"fas fa-check\"><\/i>\t\t\t\t\t\t<\/span>\n\t\t\t\t\t\t\t\t\t\t<span class=\"elementor-icon-list-text\"> Individuelle Therapieplanung<\/span>\n\t\t\t\t\t\t\t\t\t<\/li>\n\t\t\t\t\t\t\t\t<li class=\"elementor-icon-list-item\">\n\t\t\t\t\t\t\t\t\t\t\t<span class=\"elementor-icon-list-icon\">\n\t\t\t\t\t\t\t<i aria-hidden=\"true\" class=\"fas fa-check\"><\/i>\t\t\t\t\t\t<\/span>\n\t\t\t\t\t\t\t\t\t\t<span class=\"elementor-icon-list-text\">Kompetente Nachsorge<\/span>\n\t\t\t\t\t\t\t\t\t<\/li>\n\t\t\t\t\t\t<\/ul>\n\t\t\t\t\t\t<\/div>\n\t\t\t\t<\/div>\n\t\t<div class=\"elementor-element elementor-element-67007b1 e-flex e-con-boxed e-con e-parent\" data-id=\"67007b1\" data-element_type=\"container\" data-e-type=\"container\" data-settings=\"{&quot;jet_parallax_layout_list&quot;:[]}\">\n\t\t\t\t\t<div class=\"e-con-inner\">\n\t\t<div class=\"elementor-element elementor-element-39352af e-con-full e-flex e-con e-child\" data-id=\"39352af\" data-element_type=\"container\" data-e-type=\"container\" data-settings=\"{&quot;jet_parallax_layout_list&quot;:[]}\">\n\t\t\t\t<div class=\"elementor-element elementor-element-fa397e7 elementor-widget elementor-widget-shortcode\" data-id=\"fa397e7\" data-element_type=\"widget\" data-e-type=\"widget\" data-widget_type=\"shortcode.default\">\n\t\t\t\t\t\t\t<div class=\"elementor-shortcode\">\t\t<div data-elementor-type=\"container\" data-elementor-id=\"806\" class=\"elementor elementor-806\" data-elementor-post-type=\"elementor_library\">\n\t\t\t\t<div class=\"elementor-element elementor-element-536c14ae e-con-full e-flex e-con e-child\" data-id=\"536c14ae\" data-element_type=\"container\" data-e-type=\"container\" data-settings=\"{&quot;jet_parallax_layout_list&quot;:[]}\">\n\t\t\t\t<div class=\"elementor-element elementor-element-307136ce elementor-widget elementor-widget-heading\" data-id=\"307136ce\" data-element_type=\"widget\" data-e-type=\"widget\" data-widget_type=\"heading.default\">\n\t\t\t\t\t<h2 class=\"elementor-heading-title elementor-size-default\">Behandelnde \u00c4rztinnen<\/h2>\t\t\t\t<\/div>\n\t\t\t\t<div class=\"elementor-element elementor-element-25256db9 elementor-widget elementor-widget-jet-listing-grid\" data-id=\"25256db9\" data-element_type=\"widget\" data-e-type=\"widget\" data-settings=\"{&quot;columns&quot;:&quot;3&quot;,&quot;columns_tablet&quot;:&quot;2&quot;,&quot;columns_mobile&quot;:&quot;1&quot;}\" data-widget_type=\"jet-listing-grid.default\">\n\t\t\t\t\t<div class=\"jet-listing-grid jet-listing\"><div class=\"jet-listing-grid__items grid-col-desk-3 grid-col-tablet-2 grid-col-mobile-1 jet-listing-grid--279 jet-equal-columns__wrapper\" data-queried-id=\"2797|WP_Post\" data-nav=\"{&quot;enabled&quot;:false,&quot;type&quot;:null,&quot;more_el&quot;:null,&quot;query&quot;:[],&quot;widget_settings&quot;:{&quot;lisitng_id&quot;:279,&quot;posts_num&quot;:6,&quot;columns&quot;:3,&quot;columns_tablet&quot;:2,&quot;columns_mobile&quot;:1,&quot;column_min_width&quot;:240,&quot;column_min_width_tablet&quot;:240,&quot;column_min_width_mobile&quot;:240,&quot;inline_columns_css&quot;:false,&quot;is_archive_template&quot;:&quot;yes&quot;,&quot;post_status&quot;:[&quot;publish&quot;],&quot;use_random_posts_num&quot;:&quot;&quot;,&quot;max_posts_num&quot;:9,&quot;not_found_message&quot;:&quot;Wir konnten keine \\u00c4rzte finden.&quot;,&quot;is_masonry&quot;:false,&quot;equal_columns_height&quot;:&quot;yes&quot;,&quot;use_load_more&quot;:&quot;&quot;,&quot;load_more_id&quot;:&quot;&quot;,&quot;load_more_type&quot;:&quot;click&quot;,&quot;load_more_offset&quot;:null,&quot;use_custom_post_types&quot;:&quot;yes&quot;,&quot;custom_post_types&quot;:[&quot;aerzte&quot;],&quot;hide_widget_if&quot;:&quot;&quot;,&quot;carousel_enabled&quot;:&quot;&quot;,&quot;slides_to_scroll&quot;:&quot;1&quot;,&quot;arrows&quot;:&quot;true&quot;,&quot;arrow_icon&quot;:&quot;fa fa-angle-left&quot;,&quot;dots&quot;:&quot;&quot;,&quot;autoplay&quot;:&quot;true&quot;,&quot;pause_on_hover&quot;:&quot;true&quot;,&quot;autoplay_speed&quot;:5000,&quot;infinite&quot;:&quot;true&quot;,&quot;center_mode&quot;:&quot;&quot;,&quot;effect&quot;:&quot;slide&quot;,&quot;speed&quot;:500,&quot;inject_alternative_items&quot;:&quot;&quot;,&quot;injection_items&quot;:[],&quot;scroll_slider_enabled&quot;:&quot;&quot;,&quot;scroll_slider_on&quot;:[&quot;desktop&quot;,&quot;tablet&quot;,&quot;mobile&quot;],&quot;custom_query&quot;:&quot;yes&quot;,&quot;custom_query_id&quot;:&quot;3&quot;,&quot;_element_id&quot;:&quot;&quot;,&quot;collapse_first_last_gap&quot;:false,&quot;list_tag_selection&quot;:&quot;&quot;,&quot;list_items_wrapper_tag&quot;:&quot;div&quot;,&quot;list_item_tag&quot;:&quot;div&quot;,&quot;empty_items_wrapper_tag&quot;:&quot;div&quot;}}\" data-page=\"1\" data-pages=\"0\" data-listing-source=\"query\" data-listing-id=\"279\" data-query-id=\"3\"><div class=\"jet-listing-grid__item jet-listing-dynamic-post-5031 jet-equal-columns\" data-post-id=\"5031\"  ><div class=\"jet-engine-listing-overlay-wrap\" data-url=\"https:\/\/dr-anna-brandenburg.de\/de\/aerzte\/juliana-giraldo\/\">\t\t<div data-elementor-type=\"jet-listing-items\" data-elementor-id=\"279\" class=\"elementor elementor-279\" data-elementor-post-type=\"jet-engine\">\n\t\t\t\t<div class=\"elementor-element elementor-element-10b32c5 e-flex e-con-boxed e-con e-parent\" data-id=\"10b32c5\" data-element_type=\"container\" data-e-type=\"container\" data-settings=\"{&quot;background_background&quot;:&quot;classic&quot;,&quot;jet_parallax_layout_list&quot;:[]}\">\n\t\t\t\t\t<div class=\"e-con-inner\">\n\t\t\t\t<div class=\"elementor-element elementor-element-3942c17 elementor-widget__width-inherit elementor-widget elementor-widget-image\" data-id=\"3942c17\" data-element_type=\"widget\" data-e-type=\"widget\" data-widget_type=\"image.default\">\n\t\t\t\t\t\t\t\t\t\t\t\t\t\t\t<img fetchpriority=\"high\" decoding=\"async\" width=\"800\" height=\"520\" src=\"https:\/\/dr-anna-brandenburg.de\/wp-content\/uploads\/2025\/11\/Juliana-Giraldo.webp\" class=\"attachment-large size-large wp-image-5155\" alt=\"Team der Haut\u00e4rztinnen Dr. Anna Brandenburg in Hamburg \u2013 Dermatologische Privatpraxis f\u00fcr Hautgesundheit und \u00c4sthetik.\" srcset=\"https:\/\/dr-anna-brandenburg.de\/wp-content\/uploads\/2025\/11\/Juliana-Giraldo.webp 1001w, https:\/\/dr-anna-brandenburg.de\/wp-content\/uploads\/2025\/11\/Juliana-Giraldo-300x195.webp 300w, https:\/\/dr-anna-brandenburg.de\/wp-content\/uploads\/2025\/11\/Juliana-Giraldo-768x499.webp 768w\" sizes=\"(max-width: 800px) 100vw, 800px\" \/>\t\t\t\t\t\t\t\t\t\t\t\t\t\t\t<\/div>\n\t\t<div class=\"elementor-element elementor-element-8996e62 e-con-full e-flex e-con e-child\" data-id=\"8996e62\" data-element_type=\"container\" data-e-type=\"container\" data-settings=\"{&quot;background_background&quot;:&quot;classic&quot;,&quot;jet_parallax_layout_list&quot;:[]}\">\n\t\t<div class=\"elementor-element elementor-element-7d9cd24 e-con-full e-flex e-con e-child\" data-id=\"7d9cd24\" data-element_type=\"container\" data-e-type=\"container\" data-settings=\"{&quot;jet_parallax_layout_list&quot;:[]}\">\n\t\t\t\t<div class=\"elementor-element elementor-element-7322e6f elementor-widget elementor-widget-jet-listing-dynamic-field\" data-id=\"7322e6f\" data-element_type=\"widget\" data-e-type=\"widget\" data-widget_type=\"jet-listing-dynamic-field.default\">\n\t\t\t\t\t<div class=\"jet-listing jet-listing-dynamic-field display-inline\"><div class=\"jet-listing-dynamic-field__inline-wrap\"><div class=\"jet-listing-dynamic-field__content\" >Juliana Giraldo<\/div><\/div><\/div>\t\t\t\t<\/div>\n\t\t\t\t<div class=\"elementor-element elementor-element-03c276a elementor-widget elementor-widget-jet-listing-dynamic-field\" data-id=\"03c276a\" data-element_type=\"widget\" data-e-type=\"widget\" data-widget_type=\"jet-listing-dynamic-field.default\">\n\t\t\t\t\t<div class=\"jet-listing jet-listing-dynamic-field display-inline\"><div class=\"jet-listing-dynamic-field__inline-wrap\"><div class=\"jet-listing-dynamic-field__content\" >Fach\u00e4rztin f\u00fcr Dermatologie<\/div><\/div><\/div>\t\t\t\t<\/div>\n\t\t\t\t<div class=\"elementor-element elementor-element-33c74e8 elementor-widget elementor-widget-jet-listing-dynamic-field\" data-id=\"33c74e8\" data-element_type=\"widget\" data-e-type=\"widget\" data-widget_type=\"jet-listing-dynamic-field.default\">\n\t\t\t\t\t<div class=\"jet-listing jet-listing-dynamic-field display-inline\"><div class=\"jet-listing-dynamic-field__inline-wrap\"><div class=\"jet-listing-dynamic-field__content\" >Schwerpunkte: Operative Dermatologie und Lasermedizin<\/div><\/div><\/div>\t\t\t\t<\/div>\n\t\t\t\t<\/div>\n\t\t\t\t<div class=\"elementor-element elementor-element-b52a4b3 elementor-align-justify elementor-widget__width-inherit elementor-widget elementor-widget-button\" data-id=\"b52a4b3\" data-element_type=\"widget\" data-e-type=\"widget\" data-widget_type=\"button.default\">\n\t\t\t\t\t\t\t\t\t\t<a class=\"elementor-button elementor-size-sm elementor-animation-grow\" role=\"button\">\n\t\t\t\t\t\t<span class=\"elementor-button-content-wrapper\">\n\t\t\t\t\t\t\t\t\t<span class=\"elementor-button-text\">Zur Vita<\/span>\n\t\t\t\t\t<\/span>\n\t\t\t\t\t<\/a>\n\t\t\t\t\t\t\t\t<\/div>\n\t\t\t\t<\/div>\n\t\t\t\t\t<\/div>\n\t\t\t\t<\/div>\n\t\t\t\t<\/div>\n\t\t<a href=\"https:\/\/dr-anna-brandenburg.de\/de\/aerzte\/juliana-giraldo\/\" class=\"jet-engine-listing-overlay-link\"><\/a><\/div><\/div><div class=\"jet-listing-grid__item jet-listing-dynamic-post-1237 jet-equal-columns\" data-post-id=\"1237\"  ><div class=\"jet-engine-listing-overlay-wrap\" data-url=\"https:\/\/dr-anna-brandenburg.de\/de\/aerzte\/dr-med-catherine-krause\/\">\t\t<div data-elementor-type=\"jet-listing-items\" data-elementor-id=\"279\" class=\"elementor elementor-279\" data-elementor-post-type=\"jet-engine\">\n\t\t\t\t<div class=\"elementor-element elementor-element-10b32c5 e-flex e-con-boxed e-con e-parent\" data-id=\"10b32c5\" data-element_type=\"container\" data-e-type=\"container\" data-settings=\"{&quot;background_background&quot;:&quot;classic&quot;,&quot;jet_parallax_layout_list&quot;:[]}\">\n\t\t\t\t\t<div class=\"e-con-inner\">\n\t\t\t\t<div class=\"elementor-element elementor-element-3942c17 elementor-widget__width-inherit elementor-widget elementor-widget-image\" data-id=\"3942c17\" data-element_type=\"widget\" data-e-type=\"widget\" data-widget_type=\"image.default\">\n\t\t\t\t\t\t\t\t\t\t\t\t\t\t\t<img decoding=\"async\" width=\"800\" height=\"520\" src=\"https:\/\/dr-anna-brandenburg.de\/wp-content\/uploads\/2025\/10\/Dr.-med.-Catherine-Krause.webp\" class=\"attachment-large size-large wp-image-1284\" alt=\"Team der Haut\u00e4rztinnen Dr. Anna Brandenburg in Hamburg \u2013 Dermatologische Privatpraxis f\u00fcr Hautgesundheit und \u00c4sthetik.\" srcset=\"https:\/\/dr-anna-brandenburg.de\/wp-content\/uploads\/2025\/10\/Dr.-med.-Catherine-Krause.webp 1001w, https:\/\/dr-anna-brandenburg.de\/wp-content\/uploads\/2025\/10\/Dr.-med.-Catherine-Krause-300x195.webp 300w, https:\/\/dr-anna-brandenburg.de\/wp-content\/uploads\/2025\/10\/Dr.-med.-Catherine-Krause-768x499.webp 768w\" sizes=\"(max-width: 800px) 100vw, 800px\" \/>\t\t\t\t\t\t\t\t\t\t\t\t\t\t\t<\/div>\n\t\t<div class=\"elementor-element elementor-element-8996e62 e-con-full e-flex e-con e-child\" data-id=\"8996e62\" data-element_type=\"container\" data-e-type=\"container\" data-settings=\"{&quot;background_background&quot;:&quot;classic&quot;,&quot;jet_parallax_layout_list&quot;:[]}\">\n\t\t<div class=\"elementor-element elementor-element-7d9cd24 e-con-full e-flex e-con e-child\" data-id=\"7d9cd24\" data-element_type=\"container\" data-e-type=\"container\" data-settings=\"{&quot;jet_parallax_layout_list&quot;:[]}\">\n\t\t\t\t<div class=\"elementor-element elementor-element-7322e6f elementor-widget elementor-widget-jet-listing-dynamic-field\" data-id=\"7322e6f\" data-element_type=\"widget\" data-e-type=\"widget\" data-widget_type=\"jet-listing-dynamic-field.default\">\n\t\t\t\t\t<div class=\"jet-listing jet-listing-dynamic-field display-inline\"><div class=\"jet-listing-dynamic-field__inline-wrap\"><div class=\"jet-listing-dynamic-field__content\" >Dr. med. Catherine Krause<\/div><\/div><\/div>\t\t\t\t<\/div>\n\t\t\t\t<div class=\"elementor-element elementor-element-03c276a elementor-widget elementor-widget-jet-listing-dynamic-field\" data-id=\"03c276a\" data-element_type=\"widget\" data-e-type=\"widget\" data-widget_type=\"jet-listing-dynamic-field.default\">\n\t\t\t\t\t<div class=\"jet-listing jet-listing-dynamic-field display-inline\"><div class=\"jet-listing-dynamic-field__inline-wrap\"><div class=\"jet-listing-dynamic-field__content\" >Fach\u00e4rztin f\u00fcr Gyn\u00e4kologie und Geburtshilfe<\/div><\/div><\/div>\t\t\t\t<\/div>\n\t\t\t\t<\/div>\n\t\t\t\t<div class=\"elementor-element elementor-element-b52a4b3 elementor-align-justify elementor-widget__width-inherit elementor-widget elementor-widget-button\" data-id=\"b52a4b3\" data-element_type=\"widget\" data-e-type=\"widget\" data-widget_type=\"button.default\">\n\t\t\t\t\t\t\t\t\t\t<a class=\"elementor-button elementor-size-sm elementor-animation-grow\" role=\"button\">\n\t\t\t\t\t\t<span class=\"elementor-button-content-wrapper\">\n\t\t\t\t\t\t\t\t\t<span class=\"elementor-button-text\">Zur Vita<\/span>\n\t\t\t\t\t<\/span>\n\t\t\t\t\t<\/a>\n\t\t\t\t\t\t\t\t<\/div>\n\t\t\t\t<\/div>\n\t\t\t\t\t<\/div>\n\t\t\t\t<\/div>\n\t\t\t\t<\/div>\n\t\t<a href=\"https:\/\/dr-anna-brandenburg.de\/de\/aerzte\/dr-med-catherine-krause\/\" class=\"jet-engine-listing-overlay-link\"><\/a><\/div><\/div><div class=\"jet-listing-grid__item jet-listing-dynamic-post-1236 jet-equal-columns\" data-post-id=\"1236\"  ><div class=\"jet-engine-listing-overlay-wrap\" data-url=\"https:\/\/dr-anna-brandenburg.de\/de\/aerzte\/dr-bianca-arsene\/\">\t\t<div data-elementor-type=\"jet-listing-items\" data-elementor-id=\"279\" class=\"elementor elementor-279\" data-elementor-post-type=\"jet-engine\">\n\t\t\t\t<div class=\"elementor-element elementor-element-10b32c5 e-flex e-con-boxed e-con e-parent\" data-id=\"10b32c5\" data-element_type=\"container\" data-e-type=\"container\" data-settings=\"{&quot;background_background&quot;:&quot;classic&quot;,&quot;jet_parallax_layout_list&quot;:[]}\">\n\t\t\t\t\t<div class=\"e-con-inner\">\n\t\t\t\t<div class=\"elementor-element elementor-element-3942c17 elementor-widget__width-inherit elementor-widget elementor-widget-image\" data-id=\"3942c17\" data-element_type=\"widget\" data-e-type=\"widget\" data-widget_type=\"image.default\">\n\t\t\t\t\t\t\t\t\t\t\t\t\t\t\t<img decoding=\"async\" width=\"800\" height=\"520\" src=\"https:\/\/dr-anna-brandenburg.de\/wp-content\/uploads\/2025\/10\/Dr.-Bianca-Arsene.webp\" class=\"attachment-large size-large wp-image-1281\" alt=\"Team der Haut\u00e4rztinnen Dr. Anna Brandenburg in Hamburg \u2013 Dermatologische Privatpraxis f\u00fcr Hautgesundheit und \u00c4sthetik.\" srcset=\"https:\/\/dr-anna-brandenburg.de\/wp-content\/uploads\/2025\/10\/Dr.-Bianca-Arsene.webp 1001w, https:\/\/dr-anna-brandenburg.de\/wp-content\/uploads\/2025\/10\/Dr.-Bianca-Arsene-300x195.webp 300w, https:\/\/dr-anna-brandenburg.de\/wp-content\/uploads\/2025\/10\/Dr.-Bianca-Arsene-768x499.webp 768w\" sizes=\"(max-width: 800px) 100vw, 800px\" \/>\t\t\t\t\t\t\t\t\t\t\t\t\t\t\t<\/div>\n\t\t<div class=\"elementor-element elementor-element-8996e62 e-con-full e-flex e-con e-child\" data-id=\"8996e62\" data-element_type=\"container\" data-e-type=\"container\" data-settings=\"{&quot;background_background&quot;:&quot;classic&quot;,&quot;jet_parallax_layout_list&quot;:[]}\">\n\t\t<div class=\"elementor-element elementor-element-7d9cd24 e-con-full e-flex e-con e-child\" data-id=\"7d9cd24\" data-element_type=\"container\" data-e-type=\"container\" data-settings=\"{&quot;jet_parallax_layout_list&quot;:[]}\">\n\t\t\t\t<div class=\"elementor-element elementor-element-7322e6f elementor-widget elementor-widget-jet-listing-dynamic-field\" data-id=\"7322e6f\" data-element_type=\"widget\" data-e-type=\"widget\" data-widget_type=\"jet-listing-dynamic-field.default\">\n\t\t\t\t\t<div class=\"jet-listing jet-listing-dynamic-field display-inline\"><div class=\"jet-listing-dynamic-field__inline-wrap\"><div class=\"jet-listing-dynamic-field__content\" >Dr. med. Bianca Arsene<\/div><\/div><\/div>\t\t\t\t<\/div>\n\t\t\t\t<div class=\"elementor-element elementor-element-03c276a elementor-widget elementor-widget-jet-listing-dynamic-field\" data-id=\"03c276a\" data-element_type=\"widget\" data-e-type=\"widget\" data-widget_type=\"jet-listing-dynamic-field.default\">\n\t\t\t\t\t<div class=\"jet-listing jet-listing-dynamic-field display-inline\"><div class=\"jet-listing-dynamic-field__inline-wrap\"><div class=\"jet-listing-dynamic-field__content\" >Fach\u00e4rztin f\u00fcr Dermatologie<\/div><\/div><\/div>\t\t\t\t<\/div>\n\t\t\t\t<div class=\"elementor-element elementor-element-33c74e8 elementor-widget elementor-widget-jet-listing-dynamic-field\" data-id=\"33c74e8\" data-element_type=\"widget\" data-e-type=\"widget\" data-widget_type=\"jet-listing-dynamic-field.default\">\n\t\t\t\t\t<div class=\"jet-listing jet-listing-dynamic-field display-inline\"><div class=\"jet-listing-dynamic-field__inline-wrap\"><div class=\"jet-listing-dynamic-field__content\" >Schwerpunkte: Operative Dermatologie, Lasermedizin und \u00c4sthetische Dermatologie<\/div><\/div><\/div>\t\t\t\t<\/div>\n\t\t\t\t<\/div>\n\t\t\t\t<div class=\"elementor-element elementor-element-b52a4b3 elementor-align-justify elementor-widget__width-inherit elementor-widget elementor-widget-button\" data-id=\"b52a4b3\" data-element_type=\"widget\" data-e-type=\"widget\" data-widget_type=\"button.default\">\n\t\t\t\t\t\t\t\t\t\t<a class=\"elementor-button elementor-size-sm elementor-animation-grow\" role=\"button\">\n\t\t\t\t\t\t<span class=\"elementor-button-content-wrapper\">\n\t\t\t\t\t\t\t\t\t<span class=\"elementor-button-text\">Zur Vita<\/span>\n\t\t\t\t\t<\/span>\n\t\t\t\t\t<\/a>\n\t\t\t\t\t\t\t\t<\/div>\n\t\t\t\t<\/div>\n\t\t\t\t\t<\/div>\n\t\t\t\t<\/div>\n\t\t\t\t<\/div>\n\t\t<a href=\"https:\/\/dr-anna-brandenburg.de\/de\/aerzte\/dr-bianca-arsene\/\" class=\"jet-engine-listing-overlay-link\"><\/a><\/div><\/div><div class=\"jet-listing-grid__item jet-listing-dynamic-post-319 jet-equal-columns\" data-post-id=\"319\"  ><div class=\"jet-engine-listing-overlay-wrap\" data-url=\"https:\/\/dr-anna-brandenburg.de\/de\/aerzte\/dr-med-eva-schramm\/\">\t\t<div data-elementor-type=\"jet-listing-items\" data-elementor-id=\"279\" class=\"elementor elementor-279\" data-elementor-post-type=\"jet-engine\">\n\t\t\t\t<div class=\"elementor-element elementor-element-10b32c5 e-flex e-con-boxed e-con e-parent\" data-id=\"10b32c5\" data-element_type=\"container\" data-e-type=\"container\" data-settings=\"{&quot;background_background&quot;:&quot;classic&quot;,&quot;jet_parallax_layout_list&quot;:[]}\">\n\t\t\t\t\t<div class=\"e-con-inner\">\n\t\t\t\t<div class=\"elementor-element elementor-element-3942c17 elementor-widget__width-inherit elementor-widget elementor-widget-image\" data-id=\"3942c17\" data-element_type=\"widget\" data-e-type=\"widget\" data-widget_type=\"image.default\">\n\t\t\t\t\t\t\t\t\t\t\t\t\t\t\t<img loading=\"lazy\" decoding=\"async\" width=\"800\" height=\"520\" src=\"https:\/\/dr-anna-brandenburg.de\/wp-content\/uploads\/2025\/10\/Dr.-Eva-Schramm.webp\" class=\"attachment-large size-large wp-image-1283\" alt=\"Team der Haut\u00e4rztinnen Dr. Anna Brandenburg in Hamburg \u2013 Dermatologische Privatpraxis f\u00fcr Hautgesundheit und \u00c4sthetik.\" srcset=\"https:\/\/dr-anna-brandenburg.de\/wp-content\/uploads\/2025\/10\/Dr.-Eva-Schramm.webp 1001w, https:\/\/dr-anna-brandenburg.de\/wp-content\/uploads\/2025\/10\/Dr.-Eva-Schramm-300x195.webp 300w, https:\/\/dr-anna-brandenburg.de\/wp-content\/uploads\/2025\/10\/Dr.-Eva-Schramm-768x499.webp 768w\" sizes=\"(max-width: 800px) 100vw, 800px\" \/>\t\t\t\t\t\t\t\t\t\t\t\t\t\t\t<\/div>\n\t\t<div class=\"elementor-element elementor-element-8996e62 e-con-full e-flex e-con e-child\" data-id=\"8996e62\" data-element_type=\"container\" data-e-type=\"container\" data-settings=\"{&quot;background_background&quot;:&quot;classic&quot;,&quot;jet_parallax_layout_list&quot;:[]}\">\n\t\t<div class=\"elementor-element elementor-element-7d9cd24 e-con-full e-flex e-con e-child\" data-id=\"7d9cd24\" data-element_type=\"container\" data-e-type=\"container\" data-settings=\"{&quot;jet_parallax_layout_list&quot;:[]}\">\n\t\t\t\t<div class=\"elementor-element elementor-element-7322e6f elementor-widget elementor-widget-jet-listing-dynamic-field\" data-id=\"7322e6f\" data-element_type=\"widget\" data-e-type=\"widget\" data-widget_type=\"jet-listing-dynamic-field.default\">\n\t\t\t\t\t<div class=\"jet-listing jet-listing-dynamic-field display-inline\"><div class=\"jet-listing-dynamic-field__inline-wrap\"><div class=\"jet-listing-dynamic-field__content\" >Dr. med. Eva Schramm<\/div><\/div><\/div>\t\t\t\t<\/div>\n\t\t\t\t<div class=\"elementor-element elementor-element-03c276a elementor-widget elementor-widget-jet-listing-dynamic-field\" data-id=\"03c276a\" data-element_type=\"widget\" data-e-type=\"widget\" data-widget_type=\"jet-listing-dynamic-field.default\">\n\t\t\t\t\t<div class=\"jet-listing jet-listing-dynamic-field display-inline\"><div class=\"jet-listing-dynamic-field__inline-wrap\"><div class=\"jet-listing-dynamic-field__content\" >Fach\u00e4rztin f\u00fcr Dermatologie<\/div><\/div><\/div>\t\t\t\t<\/div>\n\t\t\t\t<div class=\"elementor-element elementor-element-33c74e8 elementor-widget elementor-widget-jet-listing-dynamic-field\" data-id=\"33c74e8\" data-element_type=\"widget\" data-e-type=\"widget\" data-widget_type=\"jet-listing-dynamic-field.default\">\n\t\t\t\t\t<div class=\"jet-listing jet-listing-dynamic-field display-inline\"><div class=\"jet-listing-dynamic-field__inline-wrap\"><div class=\"jet-listing-dynamic-field__content\" >Schwerpunkte: Phlebologie, Operative Dermatologie, Lasermedizin<\/div><\/div><\/div>\t\t\t\t<\/div>\n\t\t\t\t<\/div>\n\t\t\t\t<div class=\"elementor-element elementor-element-b52a4b3 elementor-align-justify elementor-widget__width-inherit elementor-widget elementor-widget-button\" data-id=\"b52a4b3\" data-element_type=\"widget\" data-e-type=\"widget\" data-widget_type=\"button.default\">\n\t\t\t\t\t\t\t\t\t\t<a class=\"elementor-button elementor-size-sm elementor-animation-grow\" role=\"button\">\n\t\t\t\t\t\t<span class=\"elementor-button-content-wrapper\">\n\t\t\t\t\t\t\t\t\t<span class=\"elementor-button-text\">Zur Vita<\/span>\n\t\t\t\t\t<\/span>\n\t\t\t\t\t<\/a>\n\t\t\t\t\t\t\t\t<\/div>\n\t\t\t\t<\/div>\n\t\t\t\t\t<\/div>\n\t\t\t\t<\/div>\n\t\t\t\t<\/div>\n\t\t<a href=\"https:\/\/dr-anna-brandenburg.de\/de\/aerzte\/dr-med-eva-schramm\/\" class=\"jet-engine-listing-overlay-link\"><\/a><\/div><\/div><div class=\"jet-listing-grid__item jet-listing-dynamic-post-278 jet-equal-columns\" data-post-id=\"278\"  ><div class=\"jet-engine-listing-overlay-wrap\" data-url=\"https:\/\/dr-anna-brandenburg.de\/de\/aerzte\/dr-carina-borkowski\/\">\t\t<div data-elementor-type=\"jet-listing-items\" data-elementor-id=\"279\" class=\"elementor elementor-279\" data-elementor-post-type=\"jet-engine\">\n\t\t\t\t<div class=\"elementor-element elementor-element-10b32c5 e-flex e-con-boxed e-con e-parent\" data-id=\"10b32c5\" data-element_type=\"container\" data-e-type=\"container\" data-settings=\"{&quot;background_background&quot;:&quot;classic&quot;,&quot;jet_parallax_layout_list&quot;:[]}\">\n\t\t\t\t\t<div class=\"e-con-inner\">\n\t\t\t\t<div class=\"elementor-element elementor-element-3942c17 elementor-widget__width-inherit elementor-widget elementor-widget-image\" data-id=\"3942c17\" data-element_type=\"widget\" data-e-type=\"widget\" data-widget_type=\"image.default\">\n\t\t\t\t\t\t\t\t\t\t\t\t\t\t\t<img loading=\"lazy\" decoding=\"async\" width=\"800\" height=\"520\" src=\"https:\/\/dr-anna-brandenburg.de\/wp-content\/uploads\/2025\/10\/Dr.-Carina-Borkowski.webp\" class=\"attachment-large size-large wp-image-1282\" alt=\"Team der Haut\u00e4rztinnen Dr. Anna Brandenburg in Hamburg \u2013 Dermatologische Privatpraxis f\u00fcr Hautgesundheit und \u00c4sthetik.\" srcset=\"https:\/\/dr-anna-brandenburg.de\/wp-content\/uploads\/2025\/10\/Dr.-Carina-Borkowski.webp 1001w, https:\/\/dr-anna-brandenburg.de\/wp-content\/uploads\/2025\/10\/Dr.-Carina-Borkowski-300x195.webp 300w, https:\/\/dr-anna-brandenburg.de\/wp-content\/uploads\/2025\/10\/Dr.-Carina-Borkowski-768x499.webp 768w\" sizes=\"(max-width: 800px) 100vw, 800px\" \/>\t\t\t\t\t\t\t\t\t\t\t\t\t\t\t<\/div>\n\t\t<div class=\"elementor-element elementor-element-8996e62 e-con-full e-flex e-con e-child\" data-id=\"8996e62\" data-element_type=\"container\" data-e-type=\"container\" data-settings=\"{&quot;background_background&quot;:&quot;classic&quot;,&quot;jet_parallax_layout_list&quot;:[]}\">\n\t\t<div class=\"elementor-element elementor-element-7d9cd24 e-con-full e-flex e-con e-child\" data-id=\"7d9cd24\" data-element_type=\"container\" data-e-type=\"container\" data-settings=\"{&quot;jet_parallax_layout_list&quot;:[]}\">\n\t\t\t\t<div class=\"elementor-element elementor-element-7322e6f elementor-widget elementor-widget-jet-listing-dynamic-field\" data-id=\"7322e6f\" data-element_type=\"widget\" data-e-type=\"widget\" data-widget_type=\"jet-listing-dynamic-field.default\">\n\t\t\t\t\t<div class=\"jet-listing jet-listing-dynamic-field display-inline\"><div class=\"jet-listing-dynamic-field__inline-wrap\"><div class=\"jet-listing-dynamic-field__content\" >Dr. med. Carina Borkowski<\/div><\/div><\/div>\t\t\t\t<\/div>\n\t\t\t\t<div class=\"elementor-element elementor-element-03c276a elementor-widget elementor-widget-jet-listing-dynamic-field\" data-id=\"03c276a\" data-element_type=\"widget\" data-e-type=\"widget\" data-widget_type=\"jet-listing-dynamic-field.default\">\n\t\t\t\t\t<div class=\"jet-listing jet-listing-dynamic-field display-inline\"><div class=\"jet-listing-dynamic-field__inline-wrap\"><div class=\"jet-listing-dynamic-field__content\" >Fach\u00e4rztin f\u00fcr Dermatologie<\/div><\/div><\/div>\t\t\t\t<\/div>\n\t\t\t\t<div class=\"elementor-element elementor-element-33c74e8 elementor-widget elementor-widget-jet-listing-dynamic-field\" data-id=\"33c74e8\" data-element_type=\"widget\" data-e-type=\"widget\" data-widget_type=\"jet-listing-dynamic-field.default\">\n\t\t\t\t\t<div class=\"jet-listing jet-listing-dynamic-field display-inline\"><div class=\"jet-listing-dynamic-field__inline-wrap\"><div class=\"jet-listing-dynamic-field__content\" >Schwerpunkte: Phlebologie, Operative Dermatologie, Lasermedizin<\/div><\/div><\/div>\t\t\t\t<\/div>\n\t\t\t\t<\/div>\n\t\t\t\t<div class=\"elementor-element elementor-element-b52a4b3 elementor-align-justify elementor-widget__width-inherit elementor-widget elementor-widget-button\" data-id=\"b52a4b3\" data-element_type=\"widget\" data-e-type=\"widget\" data-widget_type=\"button.default\">\n\t\t\t\t\t\t\t\t\t\t<a class=\"elementor-button elementor-size-sm elementor-animation-grow\" role=\"button\">\n\t\t\t\t\t\t<span class=\"elementor-button-content-wrapper\">\n\t\t\t\t\t\t\t\t\t<span class=\"elementor-button-text\">Zur Vita<\/span>\n\t\t\t\t\t<\/span>\n\t\t\t\t\t<\/a>\n\t\t\t\t\t\t\t\t<\/div>\n\t\t\t\t<\/div>\n\t\t\t\t\t<\/div>\n\t\t\t\t<\/div>\n\t\t\t\t<\/div>\n\t\t<a href=\"https:\/\/dr-anna-brandenburg.de\/de\/aerzte\/dr-carina-borkowski\/\" class=\"jet-engine-listing-overlay-link\"><\/a><\/div><\/div><div class=\"jet-listing-grid__item jet-listing-dynamic-post-277 jet-equal-columns\" data-post-id=\"277\"  ><div class=\"jet-engine-listing-overlay-wrap\" data-url=\"https:\/\/dr-anna-brandenburg.de\/de\/aerzte\/dr-med-annika-opitz\/\">\t\t<div data-elementor-type=\"jet-listing-items\" data-elementor-id=\"279\" class=\"elementor elementor-279\" data-elementor-post-type=\"jet-engine\">\n\t\t\t\t<div class=\"elementor-element elementor-element-10b32c5 e-flex e-con-boxed e-con e-parent\" data-id=\"10b32c5\" data-element_type=\"container\" data-e-type=\"container\" data-settings=\"{&quot;background_background&quot;:&quot;classic&quot;,&quot;jet_parallax_layout_list&quot;:[]}\">\n\t\t\t\t\t<div class=\"e-con-inner\">\n\t\t\t\t<div class=\"elementor-element elementor-element-3942c17 elementor-widget__width-inherit elementor-widget elementor-widget-image\" data-id=\"3942c17\" data-element_type=\"widget\" data-e-type=\"widget\" data-widget_type=\"image.default\">\n\t\t\t\t\t\t\t\t\t\t\t\t\t\t\t<img loading=\"lazy\" decoding=\"async\" width=\"800\" height=\"520\" src=\"https:\/\/dr-anna-brandenburg.de\/wp-content\/uploads\/2025\/10\/Dr.-Annika-Opitz.webp\" class=\"attachment-large size-large wp-image-1280\" alt=\"Team der Haut\u00e4rztinnen Dr. Anna Brandenburg in Hamburg \u2013 Dermatologische Privatpraxis f\u00fcr Hautgesundheit und \u00c4sthetik.\" srcset=\"https:\/\/dr-anna-brandenburg.de\/wp-content\/uploads\/2025\/10\/Dr.-Annika-Opitz.webp 1001w, https:\/\/dr-anna-brandenburg.de\/wp-content\/uploads\/2025\/10\/Dr.-Annika-Opitz-300x195.webp 300w, https:\/\/dr-anna-brandenburg.de\/wp-content\/uploads\/2025\/10\/Dr.-Annika-Opitz-768x499.webp 768w\" sizes=\"(max-width: 800px) 100vw, 800px\" \/>\t\t\t\t\t\t\t\t\t\t\t\t\t\t\t<\/div>\n\t\t<div class=\"elementor-element elementor-element-8996e62 e-con-full e-flex e-con e-child\" data-id=\"8996e62\" data-element_type=\"container\" data-e-type=\"container\" data-settings=\"{&quot;background_background&quot;:&quot;classic&quot;,&quot;jet_parallax_layout_list&quot;:[]}\">\n\t\t<div class=\"elementor-element elementor-element-7d9cd24 e-con-full e-flex e-con e-child\" data-id=\"7d9cd24\" data-element_type=\"container\" data-e-type=\"container\" data-settings=\"{&quot;jet_parallax_layout_list&quot;:[]}\">\n\t\t\t\t<div class=\"elementor-element elementor-element-7322e6f elementor-widget elementor-widget-jet-listing-dynamic-field\" data-id=\"7322e6f\" data-element_type=\"widget\" data-e-type=\"widget\" data-widget_type=\"jet-listing-dynamic-field.default\">\n\t\t\t\t\t<div class=\"jet-listing jet-listing-dynamic-field display-inline\"><div class=\"jet-listing-dynamic-field__inline-wrap\"><div class=\"jet-listing-dynamic-field__content\" >Dr. med. Annika Opitz<\/div><\/div><\/div>\t\t\t\t<\/div>\n\t\t\t\t<div class=\"elementor-element elementor-element-03c276a elementor-widget elementor-widget-jet-listing-dynamic-field\" data-id=\"03c276a\" data-element_type=\"widget\" data-e-type=\"widget\" data-widget_type=\"jet-listing-dynamic-field.default\">\n\t\t\t\t\t<div class=\"jet-listing jet-listing-dynamic-field display-inline\"><div class=\"jet-listing-dynamic-field__inline-wrap\"><div class=\"jet-listing-dynamic-field__content\" >Fach\u00e4rztin f\u00fcr Dermatologie, Allergologie<\/div><\/div><\/div>\t\t\t\t<\/div>\n\t\t\t\t<div class=\"elementor-element elementor-element-33c74e8 elementor-widget elementor-widget-jet-listing-dynamic-field\" data-id=\"33c74e8\" data-element_type=\"widget\" data-e-type=\"widget\" data-widget_type=\"jet-listing-dynamic-field.default\">\n\t\t\t\t\t<div class=\"jet-listing jet-listing-dynamic-field display-inline\"><div class=\"jet-listing-dynamic-field__inline-wrap\"><div class=\"jet-listing-dynamic-field__content\" >Schwerpunkte: Operative Dermatologie, Lasermedizin<\/div><\/div><\/div>\t\t\t\t<\/div>\n\t\t\t\t<\/div>\n\t\t\t\t<div class=\"elementor-element elementor-element-b52a4b3 elementor-align-justify elementor-widget__width-inherit elementor-widget elementor-widget-button\" data-id=\"b52a4b3\" data-element_type=\"widget\" data-e-type=\"widget\" data-widget_type=\"button.default\">\n\t\t\t\t\t\t\t\t\t\t<a class=\"elementor-button elementor-size-sm elementor-animation-grow\" role=\"button\">\n\t\t\t\t\t\t<span class=\"elementor-button-content-wrapper\">\n\t\t\t\t\t\t\t\t\t<span class=\"elementor-button-text\">Zur Vita<\/span>\n\t\t\t\t\t<\/span>\n\t\t\t\t\t<\/a>\n\t\t\t\t\t\t\t\t<\/div>\n\t\t\t\t<\/div>\n\t\t\t\t\t<\/div>\n\t\t\t\t<\/div>\n\t\t\t\t<\/div>\n\t\t<a href=\"https:\/\/dr-anna-brandenburg.de\/de\/aerzte\/dr-med-annika-opitz\/\" class=\"jet-engine-listing-overlay-link\"><\/a><\/div><\/div><div class=\"jet-listing-grid__item jet-listing-dynamic-post-276 jet-equal-columns\" data-post-id=\"276\"  ><div class=\"jet-engine-listing-overlay-wrap\" data-url=\"https:\/\/dr-anna-brandenburg.de\/de\/aerzte\/dr-med-anna-brandenburg\/\">\t\t<div data-elementor-type=\"jet-listing-items\" data-elementor-id=\"279\" class=\"elementor elementor-279\" data-elementor-post-type=\"jet-engine\">\n\t\t\t\t<div class=\"elementor-element elementor-element-10b32c5 e-flex e-con-boxed e-con e-parent\" data-id=\"10b32c5\" data-element_type=\"container\" data-e-type=\"container\" data-settings=\"{&quot;background_background&quot;:&quot;classic&quot;,&quot;jet_parallax_layout_list&quot;:[]}\">\n\t\t\t\t\t<div class=\"e-con-inner\">\n\t\t\t\t<div class=\"elementor-element elementor-element-3942c17 elementor-widget__width-inherit elementor-widget elementor-widget-image\" data-id=\"3942c17\" data-element_type=\"widget\" data-e-type=\"widget\" data-widget_type=\"image.default\">\n\t\t\t\t\t\t\t\t\t\t\t\t\t\t\t<img loading=\"lazy\" decoding=\"async\" width=\"800\" height=\"520\" src=\"https:\/\/dr-anna-brandenburg.de\/wp-content\/uploads\/2025\/10\/Dr.-Anna-Brandenburg.webp\" class=\"attachment-large size-large wp-image-1279\" alt=\"Team der Haut\u00e4rztinnen Dr. Anna Brandenburg in Hamburg \u2013 Dermatologische Privatpraxis f\u00fcr Hautgesundheit und \u00c4sthetik.\" srcset=\"https:\/\/dr-anna-brandenburg.de\/wp-content\/uploads\/2025\/10\/Dr.-Anna-Brandenburg.webp 1001w, https:\/\/dr-anna-brandenburg.de\/wp-content\/uploads\/2025\/10\/Dr.-Anna-Brandenburg-300x195.webp 300w, https:\/\/dr-anna-brandenburg.de\/wp-content\/uploads\/2025\/10\/Dr.-Anna-Brandenburg-768x499.webp 768w\" sizes=\"(max-width: 800px) 100vw, 800px\" \/>\t\t\t\t\t\t\t\t\t\t\t\t\t\t\t<\/div>\n\t\t<div class=\"elementor-element elementor-element-8996e62 e-con-full e-flex e-con e-child\" data-id=\"8996e62\" data-element_type=\"container\" data-e-type=\"container\" data-settings=\"{&quot;background_background&quot;:&quot;classic&quot;,&quot;jet_parallax_layout_list&quot;:[]}\">\n\t\t<div class=\"elementor-element elementor-element-7d9cd24 e-con-full e-flex e-con e-child\" data-id=\"7d9cd24\" data-element_type=\"container\" data-e-type=\"container\" data-settings=\"{&quot;jet_parallax_layout_list&quot;:[]}\">\n\t\t\t\t<div class=\"elementor-element elementor-element-7322e6f elementor-widget elementor-widget-jet-listing-dynamic-field\" data-id=\"7322e6f\" data-element_type=\"widget\" data-e-type=\"widget\" data-widget_type=\"jet-listing-dynamic-field.default\">\n\t\t\t\t\t<div class=\"jet-listing jet-listing-dynamic-field display-inline\"><div class=\"jet-listing-dynamic-field__inline-wrap\"><div class=\"jet-listing-dynamic-field__content\" >Dr. med. Anna Brandenburg<\/div><\/div><\/div>\t\t\t\t<\/div>\n\t\t\t\t<div class=\"elementor-element elementor-element-03c276a elementor-widget elementor-widget-jet-listing-dynamic-field\" data-id=\"03c276a\" data-element_type=\"widget\" data-e-type=\"widget\" data-widget_type=\"jet-listing-dynamic-field.default\">\n\t\t\t\t\t<div class=\"jet-listing jet-listing-dynamic-field display-inline\"><div class=\"jet-listing-dynamic-field__inline-wrap\"><div class=\"jet-listing-dynamic-field__content\" >Fach\u00e4rztin f\u00fcr Dermatologie <\/div><\/div><\/div>\t\t\t\t<\/div>\n\t\t\t\t<div class=\"elementor-element elementor-element-33c74e8 elementor-widget elementor-widget-jet-listing-dynamic-field\" data-id=\"33c74e8\" data-element_type=\"widget\" data-e-type=\"widget\" data-widget_type=\"jet-listing-dynamic-field.default\">\n\t\t\t\t\t<div class=\"jet-listing jet-listing-dynamic-field display-inline\"><div class=\"jet-listing-dynamic-field__inline-wrap\"><div class=\"jet-listing-dynamic-field__content\" >Schwerpunkte: Operative Dermatologie, Lasermedizin und  \u00c4sthetische Dermatologie<\/div><\/div><\/div>\t\t\t\t<\/div>\n\t\t\t\t<\/div>\n\t\t\t\t<div class=\"elementor-element elementor-element-b52a4b3 elementor-align-justify elementor-widget__width-inherit elementor-widget elementor-widget-button\" data-id=\"b52a4b3\" data-element_type=\"widget\" data-e-type=\"widget\" data-widget_type=\"button.default\">\n\t\t\t\t\t\t\t\t\t\t<a class=\"elementor-button elementor-size-sm elementor-animation-grow\" role=\"button\">\n\t\t\t\t\t\t<span class=\"elementor-button-content-wrapper\">\n\t\t\t\t\t\t\t\t\t<span class=\"elementor-button-text\">Zur Vita<\/span>\n\t\t\t\t\t<\/span>\n\t\t\t\t\t<\/a>\n\t\t\t\t\t\t\t\t<\/div>\n\t\t\t\t<\/div>\n\t\t\t\t\t<\/div>\n\t\t\t\t<\/div>\n\t\t\t\t<\/div>\n\t\t<a href=\"https:\/\/dr-anna-brandenburg.de\/de\/aerzte\/dr-med-anna-brandenburg\/\" class=\"jet-engine-listing-overlay-link\"><\/a><\/div><\/div><\/div><\/div>\t\t\t\t<\/div>\n\t\t\t\t<\/div>\n\t\t\t\t<\/div>\n\t\t<\/div>\n\t\t\t\t\t\t<\/div>\n\t\t<div class=\"elementor-element elementor-element-6ea0741 e-con-full e-flex e-con e-child\" data-id=\"6ea0741\" data-element_type=\"container\" data-e-type=\"container\" data-settings=\"{&quot;jet_parallax_layout_list&quot;:[]}\">\n\t\t<div class=\"elementor-element elementor-element-f0b1a8c e-con-full e-flex e-con e-child\" data-id=\"f0b1a8c\" data-element_type=\"container\" data-e-type=\"container\" data-settings=\"{&quot;jet_parallax_layout_list&quot;:[]}\">\n\t\t\t\t<div class=\"elementor-element elementor-element-f872eac elementor-widget elementor-widget-heading\" data-id=\"f872eac\" data-element_type=\"widget\" data-e-type=\"widget\" data-widget_type=\"heading.default\">\n\t\t\t\t\t<h2 class=\"elementor-heading-title elementor-size-default\">Wei\u00dfer und schwarzer Hautkrebs<\/h2>\t\t\t\t<\/div>\n\t\t\t\t<div class=\"elementor-element elementor-element-05115c1 elementor-widget elementor-widget-text-editor\" data-id=\"05115c1\" data-element_type=\"widget\" data-e-type=\"widget\" data-widget_type=\"text-editor.default\">\n\t\t\t\t\t\t\t\t\t<p>Hautkrebs ist die h\u00e4ufigste Krebserkrankung in Deutschland. Jedes Jahr gibt es ca. 191.000 Neuerkrankungen, Tendenz steigend. H\u00e4ufiger ist der wei\u00dfe Hautkrebs (Plattenepithelkarzinom) mit j\u00e4hrlich 170.000 Neuerkrankungen, beim schwarzen Hautkrebs werden ca. 21.200 Neuerkrankungen j\u00e4hrlich erfasst. Gemeinsam mit Ihnen trage ich daf\u00fcr Sorge, dass schnellstm\u00f6glich eine effektive Therapie eingeleitet wird. Bei einer entsprechenden Erkrankung kann ich zuverl\u00e4ssige Nachsorgeuntersuchungen durchf\u00fchren.<\/p><p>\u00a0<\/p><p>Einen entscheidenden Einfluss beim Auftreten von Hautkrebserkrankungen hat neben Hauttyp und individueller genetischer Belastung die Sonneneinstrahlung. Auch Entartungen der wei\u00dfen Blutk\u00f6rperchen (Lymphozyten) k\u00f6nnen sich an der Haut manifestieren. Der h\u00e4ufigste Vertreter dieser kutanen Lymphome ist die sogenannte Mycosis fungoides. Zu den selteneren Hauttumoren geh\u00f6ren Entartungen der Blutgef\u00e4\u00dfe, Bindegewebszellen, Merkelzellen und Hautanhangsorgane. Dr.Anna Brandenburg hat an der Berliner Charit\u00e9 die Zusatzqualifikation \u201eMedikament\u00f6se Tumortherapie\u201c erworben und kann Sie zu den Erkrankungen mit wei\u00dfem und schwarzem Hautkrebs kompetent und einf\u00fchlsam beraten.<\/p>\t\t\t\t\t\t\t\t<\/div>\n\t\t\t\t<div class=\"elementor-element elementor-element-403e997 elementor-align-left elementor-widget__width-inherit elementor-widget elementor-widget-button\" data-id=\"403e997\" data-element_type=\"widget\" data-e-type=\"widget\" data-widget_type=\"button.default\">\n\t\t\t\t\t\t\t\t\t\t<a class=\"elementor-button elementor-button-link elementor-size-sm elementor-animation-grow\" href=\"https:\/\/www.doctolib.de\/privatpraxis\/hamburg\/dermatologische-privatpraxis-dr-anna-brandenburg\/booking\/specialities?profile_skipped=true&#038;bookingFunnelSource=external_referral\" target=\"_blank\" rel=\"noopener\">\n\t\t\t\t\t\t<span class=\"elementor-button-content-wrapper\">\n\t\t\t\t\t\t\t\t\t<span class=\"elementor-button-text\">TERMINBUCHUNG<\/span>\n\t\t\t\t\t<\/span>\n\t\t\t\t\t<\/a>\n\t\t\t\t\t\t\t\t<\/div>\n\t\t\t\t<\/div>\n\t\t<div class=\"elementor-element elementor-element-5357062 e-con-full e-flex e-con e-child\" data-id=\"5357062\" data-element_type=\"container\" data-e-type=\"container\" data-settings=\"{&quot;jet_parallax_layout_list&quot;:[],&quot;background_background&quot;:&quot;classic&quot;}\">\n\t\t\t\t<div class=\"elementor-element elementor-element-ab82bb7 elementor-widget elementor-widget-image\" data-id=\"ab82bb7\" data-element_type=\"widget\" data-e-type=\"widget\" data-widget_type=\"image.default\">\n\t\t\t\t\t\t\t\t\t\t\t\t\t\t\t<img loading=\"lazy\" decoding=\"async\" width=\"800\" height=\"800\" src=\"https:\/\/dr-anna-brandenburg.de\/wp-content\/uploads\/2025\/11\/Weisser-und-schwarzer-Hautkrebs.webp\" class=\"attachment-large size-large wp-image-3117\" alt=\"Wei\u00dfer und schwarzer Hautkrebs\" srcset=\"https:\/\/dr-anna-brandenburg.de\/wp-content\/uploads\/2025\/11\/Weisser-und-schwarzer-Hautkrebs.webp 801w, https:\/\/dr-anna-brandenburg.de\/wp-content\/uploads\/2025\/11\/Weisser-und-schwarzer-Hautkrebs-300x300.webp 300w, https:\/\/dr-anna-brandenburg.de\/wp-content\/uploads\/2025\/11\/Weisser-und-schwarzer-Hautkrebs-150x150.webp 150w, https:\/\/dr-anna-brandenburg.de\/wp-content\/uploads\/2025\/11\/Weisser-und-schwarzer-Hautkrebs-768x768.webp 768w\" sizes=\"(max-width: 800px) 100vw, 800px\" \/>\t\t\t\t\t\t\t\t\t\t\t\t\t\t\t<\/div>\n\t\t\t\t<\/div>\n\t\t\t\t<\/div>\n\t\t\t\t<div class=\"elementor-element elementor-element-43641d7 elementor-widget elementor-widget-heading\" data-id=\"43641d7\" data-element_type=\"widget\" data-e-type=\"widget\" data-widget_type=\"heading.default\">\n\t\t\t\t\t<h3 class=\"elementor-heading-title elementor-size-default\">Ihre Fragen,\nunsere Antworten<\/h3>\t\t\t\t<\/div>\n\t\t\t\t<div class=\"elementor-element elementor-element-5b4b396 elementor-widget elementor-widget-n-accordion\" data-id=\"5b4b396\" data-element_type=\"widget\" data-e-type=\"widget\" data-settings=\"{&quot;default_state&quot;:&quot;expanded&quot;,&quot;max_items_expended&quot;:&quot;one&quot;,&quot;n_accordion_animation_duration&quot;:{&quot;unit&quot;:&quot;ms&quot;,&quot;size&quot;:400,&quot;sizes&quot;:[]}}\" data-widget_type=\"nested-accordion.default\">\n\t\t\t\t\t\t\t<div class=\"e-n-accordion\" aria-label=\"Accordion. Open links with Enter or Space, close with Escape, and navigate with Arrow Keys\">\n\t\t\t\t\t\t<details id=\"e-n-accordion-item-9570\" class=\"e-n-accordion-item\" open>\n\t\t\t\t<summary class=\"e-n-accordion-item-title\" data-accordion-index=\"1\" tabindex=\"0\" aria-expanded=\"true\" aria-controls=\"e-n-accordion-item-9570\" >\n\t\t\t\t\t<span class='e-n-accordion-item-title-header'><h4 class=\"e-n-accordion-item-title-text\"> Was unterscheidet schwarzen von wei\u00dfem Hautkrebs?   <\/h4><\/span>\n\t\t\t\t\t\t\t<span class='e-n-accordion-item-title-icon'>\n\t\t\t<span class='e-opened' ><i aria-hidden=\"true\" class=\"fas fa-angle-up\"><\/i><\/span>\n\t\t\t<span class='e-closed'><i aria-hidden=\"true\" class=\"fas fa-angle-down\"><\/i><\/span>\n\t\t<\/span>\n\n\t\t\t\t\t\t<\/summary>\n\t\t\t\t<div role=\"region\" aria-labelledby=\"e-n-accordion-item-9570\" class=\"elementor-element elementor-element-1d3dfc0 e-con-full e-flex e-con e-child\" data-id=\"1d3dfc0\" data-element_type=\"container\" data-e-type=\"container\" data-settings=\"{&quot;jet_parallax_layout_list&quot;:[]}\">\n\t\t\t\t<div class=\"elementor-element elementor-element-0ab2329 elementor-widget elementor-widget-text-editor\" data-id=\"0ab2329\" data-element_type=\"widget\" data-e-type=\"widget\" data-widget_type=\"text-editor.default\">\n\t\t\t\t\t\t\t\t\tSchwarzer Hautkrebs entsteht aus den pigmentbildenden Zellen (Melanozyten), wei\u00dfer Hautkrebs aus den Hornzellen.\n\n\t\t\t\t\t\t\t\t<\/div>\n\t\t\t\t<\/div>\n\t\t\t\t\t<\/details>\n\t\t\t\t\t\t<details id=\"e-n-accordion-item-9571\" class=\"e-n-accordion-item\" >\n\t\t\t\t<summary class=\"e-n-accordion-item-title\" data-accordion-index=\"2\" tabindex=\"-1\" aria-expanded=\"false\" aria-controls=\"e-n-accordion-item-9571\" >\n\t\t\t\t\t<span class='e-n-accordion-item-title-header'><h4 class=\"e-n-accordion-item-title-text\"> Ist Hautkrebs gef\u00e4hrlich?   <\/h4><\/span>\n\t\t\t\t\t\t\t<span class='e-n-accordion-item-title-icon'>\n\t\t\t<span class='e-opened' ><i aria-hidden=\"true\" class=\"fas fa-angle-up\"><\/i><\/span>\n\t\t\t<span class='e-closed'><i aria-hidden=\"true\" class=\"fas fa-angle-down\"><\/i><\/span>\n\t\t<\/span>\n\n\t\t\t\t\t\t<\/summary>\n\t\t\t\t<div role=\"region\" aria-labelledby=\"e-n-accordion-item-9571\" class=\"elementor-element elementor-element-20ead66 e-con-full e-flex e-con e-child\" data-id=\"20ead66\" data-element_type=\"container\" data-e-type=\"container\" data-settings=\"{&quot;jet_parallax_layout_list&quot;:[]}\">\n\t\t\t\t<div class=\"elementor-element elementor-element-3d7f182 elementor-widget elementor-widget-text-editor\" data-id=\"3d7f182\" data-element_type=\"widget\" data-e-type=\"widget\" data-widget_type=\"text-editor.default\">\n\t\t\t\t\t\t\t\t\tSchwarzer Hautkrebs ist gef\u00e4hrlicher, da er \u2013 wenn er nicht rechtzeitig entdeckt wird \u2013 h\u00e4ufiger streut als wei\u00dfer Hautkrebs. Deshalb sind Hautkrebsvorsorgen sehr wichtig: Je fr\u00fcher wir eine Erkrankung feststellen, desto niedriger ist das gesundheitliche Risiko. Bei regelm\u00e4\u00dfigen Vorsorgeuntersuchungen k\u00f6nnen wir sehr fr\u00fche Stadien erkennen, die bei richtiger Behandlung meist nicht gef\u00e4hrlich sind.\n\n\t\t\t\t\t\t\t\t<\/div>\n\t\t\t\t<\/div>\n\t\t\t\t\t<\/details>\n\t\t\t\t\t\t<details id=\"e-n-accordion-item-9572\" class=\"e-n-accordion-item\" >\n\t\t\t\t<summary class=\"e-n-accordion-item-title\" data-accordion-index=\"3\" tabindex=\"-1\" aria-expanded=\"false\" aria-controls=\"e-n-accordion-item-9572\" >\n\t\t\t\t\t<span class='e-n-accordion-item-title-header'><h4 class=\"e-n-accordion-item-title-text\"> Was sind aktinische Keratosen und wie werden sie behandelt?   <\/h4><\/span>\n\t\t\t\t\t\t\t<span class='e-n-accordion-item-title-icon'>\n\t\t\t<span class='e-opened' ><i aria-hidden=\"true\" class=\"fas fa-angle-up\"><\/i><\/span>\n\t\t\t<span class='e-closed'><i aria-hidden=\"true\" class=\"fas fa-angle-down\"><\/i><\/span>\n\t\t<\/span>\n\n\t\t\t\t\t\t<\/summary>\n\t\t\t\t<div role=\"region\" aria-labelledby=\"e-n-accordion-item-9572\" class=\"elementor-element elementor-element-1811380 e-con-full e-flex e-con e-child\" data-id=\"1811380\" data-element_type=\"container\" data-e-type=\"container\" data-settings=\"{&quot;jet_parallax_layout_list&quot;:[]}\">\n\t\t\t\t<div class=\"elementor-element elementor-element-dd2921f elementor-widget elementor-widget-text-editor\" data-id=\"dd2921f\" data-element_type=\"widget\" data-e-type=\"widget\" data-widget_type=\"text-editor.default\">\n\t\t\t\t\t\t\t\t\tUnter aktinischen Keratosen fasst man UV-bedingte Sch\u00e4digungen der Hautzellen zusammen, die unbehandelt in 10-15 % aller F\u00e4lle zu Plattenepithelkarzinomen f\u00fchren (wei\u00dfer Hautkrebs).\nRisikofaktoren sind ein heller Hauttyp, h\u00e4ufige Sonnenbr\u00e4nde und h\u00e4ufige Solariumbesuche. Aktinische Keratosen als potentielle Vorstufen von wei\u00dfem Hautkrebs k\u00f6nnen wir h\u00e4ufig mit Cremes behandeln. Eine effektive Behandlungsoption ist die sogenannte photodynamische Therapie (PDT). Auch abtragende Verfahren mit Laser oder K\u00fcrette sind eine M\u00f6glichkeit. Basaliome und Spinaliome behandeln wir meistens operativ.\t\t\t\t\t\t\t\t<\/div>\n\t\t\t\t<\/div>\n\t\t\t\t\t<\/details>\n\t\t\t\t\t\t<details id=\"e-n-accordion-item-9573\" class=\"e-n-accordion-item\" >\n\t\t\t\t<summary class=\"e-n-accordion-item-title\" data-accordion-index=\"4\" tabindex=\"-1\" aria-expanded=\"false\" aria-controls=\"e-n-accordion-item-9573\" >\n\t\t\t\t\t<span class='e-n-accordion-item-title-header'><h4 class=\"e-n-accordion-item-title-text\"> Wie funktioniert eine photodynamische Therapie (PDT)?  <\/h4><\/span>\n\t\t\t\t\t\t\t<span class='e-n-accordion-item-title-icon'>\n\t\t\t<span class='e-opened' ><i aria-hidden=\"true\" class=\"fas fa-angle-up\"><\/i><\/span>\n\t\t\t<span class='e-closed'><i aria-hidden=\"true\" class=\"fas fa-angle-down\"><\/i><\/span>\n\t\t<\/span>\n\n\t\t\t\t\t\t<\/summary>\n\t\t\t\t<div role=\"region\" aria-labelledby=\"e-n-accordion-item-9573\" class=\"elementor-element elementor-element-993d20b e-con-full e-flex e-con e-child\" data-id=\"993d20b\" data-element_type=\"container\" data-e-type=\"container\" data-settings=\"{&quot;jet_parallax_layout_list&quot;:[]}\">\n\t\t\t\t<div class=\"elementor-element elementor-element-20a316c elementor-widget elementor-widget-text-editor\" data-id=\"20a316c\" data-element_type=\"widget\" data-e-type=\"widget\" data-widget_type=\"text-editor.default\">\n\t\t\t\t\t\t\t\t\tAuf das zu behandelnde Areal geben wir eine Creme mit Aminol\u00e4vulins\u00e4ure. Diese Substanz nehmen vor allem die lichtgesch\u00e4digten Zellen auf. Sie verwandeln sie in den photosensibilisierenden Wirkstoff Protoporphyrin. Als Reaktion mit UV-Licht \u2013 entweder mit Tageslicht (Daylight-PDT) oder mithilfe einer UV-Lampe \u2013 entstehen freie Sauerstoffradikale. Ein bewusst ausgel\u00f6ster \u201eEntz\u00fcndungsprozess\u201c zerst\u00f6rt die gesch\u00e4digten Zellen.\nDie PDT ist hervorragend zur Behandlung der sogenannten field cancerization geeignet, da auch subklinische, noch nicht sichtbare L\u00e4sionen miterfasst werden. Setzen wir vorher den fraktionierten Erbium-Laser ein, kann die Haut die Wirkstoffe noch besser aufnehmen.\t\t\t\t\t\t\t\t<\/div>\n\t\t\t\t<\/div>\n\t\t\t\t\t<\/details>\n\t\t\t\t\t\t<details id=\"e-n-accordion-item-9574\" class=\"e-n-accordion-item\" >\n\t\t\t\t<summary class=\"e-n-accordion-item-title\" data-accordion-index=\"5\" tabindex=\"-1\" aria-expanded=\"false\" aria-controls=\"e-n-accordion-item-9574\" >\n\t\t\t\t\t<span class='e-n-accordion-item-title-header'><h4 class=\"e-n-accordion-item-title-text\">  Wie wird schwarzer Hautkrebs therapiert?   <\/h4><\/span>\n\t\t\t\t\t\t\t<span class='e-n-accordion-item-title-icon'>\n\t\t\t<span class='e-opened' ><i aria-hidden=\"true\" class=\"fas fa-angle-up\"><\/i><\/span>\n\t\t\t<span class='e-closed'><i aria-hidden=\"true\" class=\"fas fa-angle-down\"><\/i><\/span>\n\t\t<\/span>\n\n\t\t\t\t\t\t<\/summary>\n\t\t\t\t<div role=\"region\" aria-labelledby=\"e-n-accordion-item-9574\" class=\"elementor-element elementor-element-63bb0bb e-con-full e-flex e-con e-child\" data-id=\"63bb0bb\" data-element_type=\"container\" data-e-type=\"container\" data-settings=\"{&quot;jet_parallax_layout_list&quot;:[]}\">\n\t\t\t\t<div class=\"elementor-element elementor-element-e1f6b34 elementor-widget elementor-widget-text-editor\" data-id=\"e1f6b34\" data-element_type=\"widget\" data-e-type=\"widget\" data-widget_type=\"text-editor.default\">\n\t\t\t\t\t\t\t\t\tMelanome und ihre Vorstufen sollten in jedem Fall operativ entfernt werden, ggf. m\u00fcssen wir mit einem Sicherheitsabstand ein zweites Mal nachschneiden. Bei fortgeschrittenem Stadium sind zus\u00e4tzliche Untersuchungen (Ultraschall, R\u00f6ntgen) und Therapien n\u00f6tig.\t\t\t\t\t\t\t\t<\/div>\n\t\t\t\t<\/div>\n\t\t\t\t\t<\/details>\n\t\t\t\t\t\t<details id=\"e-n-accordion-item-9575\" class=\"e-n-accordion-item\" >\n\t\t\t\t<summary class=\"e-n-accordion-item-title\" data-accordion-index=\"6\" tabindex=\"-1\" aria-expanded=\"false\" aria-controls=\"e-n-accordion-item-9575\" >\n\t\t\t\t\t<span class='e-n-accordion-item-title-header'><h4 class=\"e-n-accordion-item-title-text\"> Was muss man zur Nachsorge wissen? <\/h4><\/span>\n\t\t\t\t\t\t\t<span class='e-n-accordion-item-title-icon'>\n\t\t\t<span class='e-opened' ><i aria-hidden=\"true\" class=\"fas fa-angle-up\"><\/i><\/span>\n\t\t\t<span class='e-closed'><i aria-hidden=\"true\" class=\"fas fa-angle-down\"><\/i><\/span>\n\t\t<\/span>\n\n\t\t\t\t\t\t<\/summary>\n\t\t\t\t<div role=\"region\" aria-labelledby=\"e-n-accordion-item-9575\" class=\"elementor-element elementor-element-f456fae e-con-full e-flex e-con e-child\" data-id=\"f456fae\" data-element_type=\"container\" data-e-type=\"container\" data-settings=\"{&quot;jet_parallax_layout_list&quot;:[]}\">\n\t\t\t\t<div class=\"elementor-element elementor-element-d578c18 elementor-widget elementor-widget-text-editor\" data-id=\"d578c18\" data-element_type=\"widget\" data-e-type=\"widget\" data-widget_type=\"text-editor.default\">\n\t\t\t\t\t\t\t\t\tWir empfehlen Patienten mit schwarzem oder wei\u00dfem Hautkrebs dringend, alle sechs Monate zur Vorsorgeuntersuchung zu kommen.\t\t\t\t\t\t\t\t<\/div>\n\t\t\t\t<\/div>\n\t\t\t\t\t<\/details>\n\t\t\t\t\t<\/div>\n\t\t\t\t\t<script type=\"application\/ld+json\">{\"@context\":\"https:\\\/\\\/schema.org\",\"@type\":\"FAQPage\",\"mainEntity\":[{\"@type\":\"Question\",\"name\":\"Was unterscheidet schwarzen von wei\\u00dfem Hautkrebs?\",\"acceptedAnswer\":{\"@type\":\"Answer\",\"text\":\"Schwarzer Hautkrebs entsteht aus den pigmentbildenden Zellen (Melanozyten), wei\\u00dfer Hautkrebs aus den Hornzellen.\"}},{\"@type\":\"Question\",\"name\":\"Ist Hautkrebs gef\\u00e4hrlich?\",\"acceptedAnswer\":{\"@type\":\"Answer\",\"text\":\"Schwarzer Hautkrebs ist gef\\u00e4hrlicher, da er \\u2013 wenn er nicht rechtzeitig entdeckt wird \\u2013 h\\u00e4ufiger streut als wei\\u00dfer Hautkrebs. Deshalb sind Hautkrebsvorsorgen sehr wichtig: Je fr\\u00fcher wir eine Erkrankung feststellen, desto niedriger ist das gesundheitliche Risiko. Bei regelm\\u00e4\\u00dfigen Vorsorgeuntersuchungen k\\u00f6nnen wir sehr fr\\u00fche Stadien erkennen, die bei richtiger Behandlung meist nicht gef\\u00e4hrlich sind.\"}},{\"@type\":\"Question\",\"name\":\"Was sind aktinische Keratosen und wie werden sie behandelt?\",\"acceptedAnswer\":{\"@type\":\"Answer\",\"text\":\"Unter aktinischen Keratosen fasst man UV-bedingte Sch\\u00e4digungen der Hautzellen zusammen, die unbehandelt in 10-15 % aller F\\u00e4lle zu Plattenepithelkarzinomen f\\u00fchren (wei\\u00dfer Hautkrebs).\\nRisikofaktoren sind ein heller Hauttyp, h\\u00e4ufige Sonnenbr\\u00e4nde und h\\u00e4ufige Solariumbesuche. Aktinische Keratosen als potentielle Vorstufen von wei\\u00dfem Hautkrebs k\\u00f6nnen wir h\\u00e4ufig mit Cremes behandeln. Eine effektive Behandlungsoption ist die sogenannte photodynamische Therapie (PDT). Auch abtragende Verfahren mit Laser oder K\\u00fcrette sind eine M\\u00f6glichkeit. Basaliome und Spinaliome behandeln wir meistens operativ.\"}},{\"@type\":\"Question\",\"name\":\"Wie funktioniert eine photodynamische Therapie (PDT)?\",\"acceptedAnswer\":{\"@type\":\"Answer\",\"text\":\"Auf das zu behandelnde Areal geben wir eine Creme mit Aminol\\u00e4vulins\\u00e4ure. Diese Substanz nehmen vor allem die lichtgesch\\u00e4digten Zellen auf. Sie verwandeln sie in den photosensibilisierenden Wirkstoff Protoporphyrin. Als Reaktion mit UV-Licht \\u2013 entweder mit Tageslicht (Daylight-PDT) oder mithilfe einer UV-Lampe \\u2013 entstehen freie Sauerstoffradikale. Ein bewusst ausgel\\u00f6ster \\u201eEntz\\u00fcndungsprozess\\u201c zerst\\u00f6rt die gesch\\u00e4digten Zellen.\\nDie PDT ist hervorragend zur Behandlung der sogenannten field cancerization geeignet, da auch subklinische, noch nicht sichtbare L\\u00e4sionen miterfasst werden. Setzen wir vorher den fraktionierten Erbium-Laser ein, kann die Haut die Wirkstoffe noch besser aufnehmen.\"}},{\"@type\":\"Question\",\"name\":\"Wie wird schwarzer Hautkrebs therapiert?\",\"acceptedAnswer\":{\"@type\":\"Answer\",\"text\":\"Melanome und ihre Vorstufen sollten in jedem Fall operativ entfernt werden, ggf. m\\u00fcssen wir mit einem Sicherheitsabstand ein zweites Mal nachschneiden. Bei fortgeschrittenem Stadium sind zus\\u00e4tzliche Untersuchungen (Ultraschall, R\\u00f6ntgen) und Therapien n\\u00f6tig.\"}},{\"@type\":\"Question\",\"name\":\"Was muss man zur Nachsorge wissen?\",\"acceptedAnswer\":{\"@type\":\"Answer\",\"text\":\"Wir empfehlen Patienten mit schwarzem oder wei\\u00dfem Hautkrebs dringend, alle sechs Monate zur Vorsorgeuntersuchung zu kommen.\"}}]}<\/script>\n\t\t\t\t\t\t\t<\/div>\n\t\t\t\t<\/div>\n\t\t<div class=\"elementor-element elementor-element-376e374 e-con-full e-flex e-con e-child\" data-id=\"376e374\" data-element_type=\"container\" data-e-type=\"container\" data-settings=\"{&quot;jet_parallax_layout_list&quot;:[]}\">\n\t\t\t\t<div class=\"elementor-element elementor-element-a184a39 elementor-widget-tablet__width-inherit elementor-widget elementor-widget-shortcode\" data-id=\"a184a39\" data-element_type=\"widget\" data-e-type=\"widget\" data-settings=\"{&quot;sticky&quot;:&quot;top&quot;,&quot;sticky_on&quot;:[&quot;widescreen&quot;,&quot;desktop&quot;],&quot;sticky_offset&quot;:150,&quot;sticky_parent&quot;:&quot;yes&quot;,&quot;sticky_effects_offset&quot;:0,&quot;sticky_anchor_link_offset&quot;:0}\" data-widget_type=\"shortcode.default\">\n\t\t\t\t\t\t\t<div class=\"elementor-shortcode\">\t\t<div data-elementor-type=\"container\" data-elementor-id=\"708\" class=\"elementor elementor-708\" data-elementor-post-type=\"elementor_library\">\n\t\t\t\t<div class=\"elementor-element elementor-element-61120c70 e-con-full e-flex e-con e-child\" data-id=\"61120c70\" data-element_type=\"container\" data-e-type=\"container\" data-settings=\"{&quot;jet_parallax_layout_list&quot;:[]}\">\n\t\t\t\t<div class=\"elementor-element elementor-element-134b1b13 elementor-toc--minimized-on-mobile elementor-widget-tablet__width-inherit elementor-widget-mobile__width-inherit inhalt elementor-widget elementor-widget-table-of-contents\" data-id=\"134b1b13\" data-element_type=\"widget\" data-e-type=\"widget\" data-settings=\"{&quot;headings_by_tags&quot;:[&quot;h2&quot;,&quot;h3&quot;],&quot;exclude_headings_by_selector&quot;:[],&quot;marker_view&quot;:&quot;bullets&quot;,&quot;no_headings_message&quot;:&quot;Es wurden keine \\u00dcberschriften auf dieser Seite gefunden.&quot;,&quot;minimized_on&quot;:&quot;mobile&quot;,&quot;icon&quot;:{&quot;value&quot;:&quot;fas fa-circle&quot;,&quot;library&quot;:&quot;fa-solid&quot;},&quot;minimize_box&quot;:&quot;yes&quot;,&quot;hierarchical_view&quot;:&quot;yes&quot;,&quot;min_height&quot;:{&quot;unit&quot;:&quot;px&quot;,&quot;size&quot;:&quot;&quot;,&quot;sizes&quot;:[]},&quot;min_height_widescreen&quot;:{&quot;unit&quot;:&quot;px&quot;,&quot;size&quot;:&quot;&quot;,&quot;sizes&quot;:[]},&quot;min_height_tablet&quot;:{&quot;unit&quot;:&quot;px&quot;,&quot;size&quot;:&quot;&quot;,&quot;sizes&quot;:[]},&quot;min_height_mobile&quot;:{&quot;unit&quot;:&quot;px&quot;,&quot;size&quot;:&quot;&quot;,&quot;sizes&quot;:[]}}\" data-widget_type=\"table-of-contents.default\">\n\t\t\t\t\t\t\t\t\t<div class=\"elementor-toc__header\">\n\t\t\t\t\t\t<div class=\"elementor-toc__header-title\">\n\t\t\t\tInhaltsverzeichnis\t\t\t<\/div>\n\t\t\t\t\t\t\t\t\t\t<div class=\"elementor-toc__toggle-button elementor-toc__toggle-button--expand\" role=\"button\" tabindex=\"0\" aria-controls=\"elementor-toc__134b1b13\" aria-expanded=\"true\" aria-label=\"Inhaltsverzeichnis \u00f6ffnen\"><i aria-hidden=\"true\" class=\"fas fa-chevron-down\"><\/i><\/div>\n\t\t\t\t<div class=\"elementor-toc__toggle-button elementor-toc__toggle-button--collapse\" role=\"button\" tabindex=\"0\" aria-controls=\"elementor-toc__134b1b13\" aria-expanded=\"true\" aria-label=\"Inhaltsverzeichnis schlie\u00dfen\"><i aria-hidden=\"true\" class=\"fas fa-chevron-up\"><\/i><\/div>\n\t\t\t\t\t<\/div>\n\t\t\t\t<div id=\"elementor-toc__134b1b13\" class=\"elementor-toc__body\">\n\t\t\t<div class=\"elementor-toc__spinner-container\">\n\t\t\t\t<i class=\"elementor-toc__spinner eicon-animation-spin eicon-loading\" aria-hidden=\"true\"><\/i>\t\t\t<\/div>\n\t\t<\/div>\n\t\t\t\t\t\t<\/div>\n\t\t<div class=\"elementor-element elementor-element-20d1648 e-con-full e-flex e-con e-child\" data-id=\"20d1648\" data-element_type=\"container\" data-e-type=\"container\" data-settings=\"{&quot;background_background&quot;:&quot;classic&quot;,&quot;jet_parallax_layout_list&quot;:[]}\">\n\t\t<div class=\"elementor-element elementor-element-3f80dfd e-con-full e-flex e-con e-child\" data-id=\"3f80dfd\" data-element_type=\"container\" data-e-type=\"container\" data-settings=\"{&quot;jet_parallax_layout_list&quot;:[]}\">\n\t\t\t\t<div class=\"elementor-element elementor-element-e57d6ff elementor-widget elementor-widget-heading\" data-id=\"e57d6ff\" data-element_type=\"widget\" data-e-type=\"widget\" data-widget_type=\"heading.default\">\n\t\t\t\t\t<div class=\"elementor-heading-title elementor-size-default\">Kontakt<\/div>\t\t\t\t<\/div>\n\t\t\t\t<div class=\"elementor-element elementor-element-9dd78e8 elementor-align-start elementor-tablet-align-start contact-sidebar elementor-icon-list--layout-traditional elementor-list-item-link-full_width elementor-widget elementor-widget-icon-list\" data-id=\"9dd78e8\" data-element_type=\"widget\" data-e-type=\"widget\" id=\"contact-sidebar\" data-widget_type=\"icon-list.default\">\n\t\t\t\t\t\t\t<ul class=\"elementor-icon-list-items\">\n\t\t\t\t\t\t\t<li class=\"elementor-icon-list-item\">\n\t\t\t\t\t\t\t\t\t\t\t<a href=\"tel:04046774627\">\n\n\t\t\t\t\t\t\t\t\t\t\t\t<span class=\"elementor-icon-list-icon\">\n\t\t\t\t\t\t\t<svg xmlns=\"http:\/\/www.w3.org\/2000\/svg\" id=\"Ebene_1\" data-name=\"Ebene 1\" viewBox=\"0 0 47.72 50.48\"><path d=\"M46.44,44.42l-6.63,3.25c-.69.36-1.52.32-2.17-.1l-6.06-3.97c-.64-.42-1.01-1.14-.97-1.91v-6.47c.04-.76,1.96-2.89,2.63-3.25l5.27-2.89c.69-.36,1.52-.32,2.17.1l6.06,3.97c.64.42,1.01,1.14.97,1.91v6.74c-.03.77-.59,2.26-1.27,2.62Z\" style=\"fill: #2d2d2d;\"><\/path><path d=\"M8.67.73c1.43-.29,2.68.11,3.62,1.18.72.82,4.94,9.39,5.23,10.42,1.39,4.82-5.35,4.9-5,8.68.2,2.15,5.49,8.5,7.21,10.15,1.31,1.26,5.15,4.48,6.7,5.09,5.34,2.1,4.63-7.76,11.5-3.94,1.47.82,9,4.78,9.37,5.98.5,1.6.46,4-.21,5.4-.38.79-1.97,2.31-2.67,3.04-10.97,11.55-30.19-6.4-36.79-15.5C3.01,24.81-3.43,13.21,2.18,5.82,3.22,4.45,7.05,1.07,8.67.73Z\" style=\"fill: #2d2d2d;\"><\/path><path d=\"M0,12.99v-6.98c0-.76.4-1.45,1.05-1.83L7.83.27c.63-.36,1.4-.36,2.02,0l6.79,3.91c.65.37,1.05,1.07,1.05,1.83v7.74c0,.76-.4,1.45-1.05,1.83\" style=\"fill: #2d2d2d;\"><\/path><\/svg>\t\t\t\t\t\t<\/span>\n\t\t\t\t\t\t\t\t\t\t<span class=\"elementor-icon-list-text\">040 46 77 46 27<\/span>\n\t\t\t\t\t\t\t\t\t\t\t<\/a>\n\t\t\t\t\t\t\t\t\t<\/li>\n\t\t\t\t\t\t\t\t<li class=\"elementor-icon-list-item\">\n\t\t\t\t\t\t\t\t\t\t\t<a href=\"mailto:info@dr-anna-brandenburg.de\">\n\n\t\t\t\t\t\t\t\t\t\t\t\t<span class=\"elementor-icon-list-icon\">\n\t\t\t\t\t\t\t<svg xmlns=\"http:\/\/www.w3.org\/2000\/svg\" id=\"Ebene_1\" data-name=\"Ebene 1\" viewBox=\"0 0 61.03 43.67\"><path d=\"M61.01.06l-13.79,24.37c-.59,1.04-1.67,1.69-2.83,1.69h-27.73c-1.16,0-2.24-.64-2.83-1.69L.03.06s-.02-.04-.03-.06v42.1c0,.87.7,1.57,1.57,1.57h57.89c.87,0,1.57-.7,1.57-1.57V0s-.02.04-.03.06Z\" style=\"fill: #2d2d2d;\"><\/path><path d=\"M57.72.14H2.98l12.4,20.89c.53.89,1.49,1.44,2.53,1.44h24.87c1.04,0,2.01-.55,2.54-1.44L57.72.14Z\" style=\"fill: #2d2d2d;\"><\/path><\/svg>\t\t\t\t\t\t<\/span>\n\t\t\t\t\t\t\t\t\t\t<span class=\"elementor-icon-list-text\">info@dr-anna-brandenburg.de<\/span>\n\t\t\t\t\t\t\t\t\t\t\t<\/a>\n\t\t\t\t\t\t\t\t\t<\/li>\n\t\t\t\t\t\t\t\t<li class=\"elementor-icon-list-item\">\n\t\t\t\t\t\t\t\t\t\t\t<span class=\"elementor-icon-list-icon\">\n\t\t\t\t\t\t\t<svg xmlns=\"http:\/\/www.w3.org\/2000\/svg\" id=\"Ebene_1\" data-name=\"Ebene 1\" viewBox=\"0 0 54.56 56.62\"><path d=\"M35.16,47.2c11.44.46,18.4,2.11,18.4,4.13,0,2.37-11.77,4.3-26.28,4.3s-26.28-1.92-26.28-4.3c0-2.01,6.95-3.67,18.38-4.13\" style=\"fill: none; stroke: #2d2d2d; stroke-miterlimit: 10; stroke-width: 2px;\"><\/path><polygon points=\"18.63 48.22 19.33 46.19 20.98 48.15 18.63 48.22\" style=\"fill: #2d2d2d;\"><\/polygon><polygon points=\"35.91 48.24 35.21 46.21 33.56 48.17 35.91 48.24\" style=\"fill: #2d2d2d;\"><\/polygon><path d=\"M42.17,7.42C38.32,2.28,31.92-.5,25.51.07c-5.71.51-11.35,4.09-14.26,9-6.91,11.68,1.31,25.67,8.87,34.76.78.93,6.73,7.58,7.25,7.49,10.49-10.05,25.68-29.36,14.8-43.9ZM37.78,18.6l-5.25,9.14h0s-10.49.01-10.49.01h0s-5.25-9.15-5.25-9.15h0s5.25-9.16,5.25-9.16h10.49l5.25,9.15h0Z\" style=\"fill: #2d2d2d;\"><\/path><\/svg>\t\t\t\t\t\t<\/span>\n\t\t\t\t\t\t\t\t\t\t<span class=\"elementor-icon-list-text\">Heilwigstra\u00dfe 33, 20249 Hamburg<\/span>\n\t\t\t\t\t\t\t\t\t<\/li>\n\t\t\t\t\t\t<\/ul>\n\t\t\t\t\t\t<\/div>\n\t\t\t\t<\/div>\n\t\t\t\t<div class=\"elementor-element elementor-element-6709a63 elementor-align-justify elementor-widget__width-inherit elementor-widget elementor-widget-button\" data-id=\"6709a63\" data-element_type=\"widget\" data-e-type=\"widget\" data-widget_type=\"button.default\">\n\t\t\t\t\t\t\t\t\t\t<a class=\"elementor-button elementor-button-link elementor-size-sm elementor-animation-grow\" href=\"https:\/\/www.doctolib.de\/privatpraxis\/hamburg\/dermatologische-privatpraxis-dr-anna-brandenburg\/booking\/specialities?profile_skipped=true&#038;bookingFunnelSource=external_referral\" target=\"_blank\" rel=\"noopener\">\n\t\t\t\t\t\t<span class=\"elementor-button-content-wrapper\">\n\t\t\t\t\t\t\t\t\t<span class=\"elementor-button-text\">TERMINBUCHUNG<\/span>\n\t\t\t\t\t<\/span>\n\t\t\t\t\t<\/a>\n\t\t\t\t\t\t\t\t<\/div>\n\t\t\t\t<\/div>\n\t\t\t\t<\/div>\n\t\t\t\t<\/div>\n\t\t<\/div>\n\t\t\t\t\t\t<\/div>\n\t\t\t\t<\/div>\n\t\t\t\t\t<\/div>\n\t\t\t\t<\/div>\n\t\t<div class=\"elementor-element elementor-element-ad8daa4 e-con-full e-flex e-con e-parent\" data-id=\"ad8daa4\" data-element_type=\"container\" data-e-type=\"container\" data-settings=\"{&quot;jet_parallax_layout_list&quot;:[]}\">\n\t\t\t\t<div class=\"elementor-element elementor-element-9c4de03 elementor-widget elementor-widget-shortcode\" data-id=\"9c4de03\" data-element_type=\"widget\" data-e-type=\"widget\" data-widget_type=\"shortcode.default\">\n\t\t\t\t\t\t\t<div class=\"elementor-shortcode\">\t\t<div data-elementor-type=\"container\" data-elementor-id=\"781\" class=\"elementor elementor-781\" data-elementor-post-type=\"elementor_library\">\n\t\t\t\t<div class=\"elementor-element elementor-element-26245c4c e-flex e-con-boxed e-con e-parent\" data-id=\"26245c4c\" data-element_type=\"container\" data-e-type=\"container\" data-settings=\"{&quot;jet_parallax_layout_list&quot;:[]}\">\n\t\t\t\t\t<div class=\"e-con-inner\">\n\t\t\t\t<div class=\"elementor-element elementor-element-4069195f elementor-widget__width-initial elementor-widget elementor-widget-heading\" data-id=\"4069195f\" data-element_type=\"widget\" data-e-type=\"widget\" data-widget_type=\"heading.default\">\n\t\t\t\t\t<div class=\"elementor-heading-title elementor-size-default\">Weitere Leistungen<\/div>\t\t\t\t<\/div>\n\t\t\t\t<div class=\"elementor-element elementor-element-8ea27be elementor-widget elementor-widget-jet-listing-grid\" data-id=\"8ea27be\" data-element_type=\"widget\" data-e-type=\"widget\" data-settings=\"{&quot;columns&quot;:&quot;4&quot;,&quot;columns_tablet&quot;:&quot;2&quot;,&quot;columns_mobile&quot;:&quot;1&quot;}\" data-widget_type=\"jet-listing-grid.default\">\n\t\t\t\t\t<div class=\"jet-listing-grid jet-listing\"><div class=\"jet-listing-grid__slider slick-lib\" data-slider_options=\"{&quot;autoplaySpeed&quot;:5000,&quot;autoplay&quot;:false,&quot;pauseOnHover&quot;:true,&quot;infinite&quot;:true,&quot;centerMode&quot;:true,&quot;speed&quot;:500,&quot;arrows&quot;:true,&quot;dots&quot;:false,&quot;slidesToScroll&quot;:1,&quot;prevArrow&quot;:&quot;\\u003Cdiv class=\\u0027jet-listing-grid__slider-icon prev-arrow \\u0027 role=\\u0027button\\u0027 aria-label=\\u0027Previous\\u0027\\u003E\\u003Csvg width=\\u0027180\\u0027 height=\\u0027180\\u0027 viewBox=\\u00270 0 180 180\\u0027 fill=\\u0027none\\u0027 xmlns=\\u0027http:\\\/\\\/www.w3.org\\\/2000\\\/svg\\u0027\\u003E\\u003Cpath d=\\u0027M119 47.3166C119 48.185 118.668 48.9532 118.003 49.6212L78.8385 89L118.003 128.379C118.668 129.047 119 129.815 119 130.683C119 131.552 118.668 132.32 118.003 132.988L113.021 137.998C112.356 138.666 111.592 139 110.729 139C109.865 139 109.101 138.666 108.436 137.998L61.9966 91.3046C61.3322 90.6366 61 89.8684 61 89C61 88.1316 61.3322 87.3634 61.9966 86.6954L108.436 40.002C109.101 39.334 109.865 39 110.729 39C111.592 39 112.356 39.334 113.021 40.002L118.003 45.012C118.668 45.68 119 46.4482 119 47.3166Z\\u0027 fill=\\u0027black\\u0027\\\/\\u003E\\u003C\\\/svg\\u003E\\u003C\\\/div\\u003E&quot;,&quot;nextArrow&quot;:&quot;\\u003Cdiv class=\\u0027jet-listing-grid__slider-icon next-arrow \\u0027 role=\\u0027button\\u0027 aria-label=\\u0027Next\\u0027\\u003E\\u003Csvg width=\\u0027180\\u0027 height=\\u0027180\\u0027 viewBox=\\u00270 0 180 180\\u0027 fill=\\u0027none\\u0027 xmlns=\\u0027http:\\\/\\\/www.w3.org\\\/2000\\\/svg\\u0027\\u003E\\u003Cpath d=\\u0027M119 47.3166C119 48.185 118.668 48.9532 118.003 49.6212L78.8385 89L118.003 128.379C118.668 129.047 119 129.815 119 130.683C119 131.552 118.668 132.32 118.003 132.988L113.021 137.998C112.356 138.666 111.592 139 110.729 139C109.865 139 109.101 138.666 108.436 137.998L61.9966 91.3046C61.3322 90.6366 61 89.8684 61 89C61 88.1316 61.3322 87.3634 61.9966 86.6954L108.436 40.002C109.101 39.334 109.865 39 110.729 39C111.592 39 112.356 39.334 113.021 40.002L118.003 45.012C118.668 45.68 119 46.4482 119 47.3166Z\\u0027 fill=\\u0027black\\u0027\\\/\\u003E\\u003C\\\/svg\\u003E\\u003C\\\/div\\u003E&quot;,&quot;rtl&quot;:false,&quot;itemsCount&quot;:4,&quot;fade&quot;:false,&quot;slidesToShow&quot;:{&quot;desktop&quot;:4,&quot;tablet&quot;:2,&quot;mobile&quot;:1}}\" dir=\"ltr\"><div class=\"jet-listing-grid__items grid-col-desk-4 grid-col-tablet-2 grid-col-mobile-1 jet-listing-grid--741 jet-equal-columns__wrapper\" data-queried-id=\"2797|WP_Post\" data-nav=\"{&quot;enabled&quot;:false,&quot;type&quot;:null,&quot;more_el&quot;:null,&quot;query&quot;:[],&quot;widget_settings&quot;:{&quot;lisitng_id&quot;:741,&quot;posts_num&quot;:6,&quot;columns&quot;:4,&quot;columns_tablet&quot;:2,&quot;columns_mobile&quot;:1,&quot;column_min_width&quot;:240,&quot;column_min_width_tablet&quot;:240,&quot;column_min_width_mobile&quot;:240,&quot;inline_columns_css&quot;:false,&quot;is_archive_template&quot;:&quot;yes&quot;,&quot;post_status&quot;:[&quot;publish&quot;],&quot;use_random_posts_num&quot;:&quot;&quot;,&quot;max_posts_num&quot;:9,&quot;not_found_message&quot;:&quot;No data was found&quot;,&quot;is_masonry&quot;:false,&quot;equal_columns_height&quot;:&quot;yes&quot;,&quot;use_load_more&quot;:&quot;&quot;,&quot;load_more_id&quot;:&quot;&quot;,&quot;load_more_type&quot;:&quot;click&quot;,&quot;load_more_offset&quot;:null,&quot;use_custom_post_types&quot;:&quot;&quot;,&quot;custom_post_types&quot;:[],&quot;hide_widget_if&quot;:&quot;&quot;,&quot;carousel_enabled&quot;:&quot;yes&quot;,&quot;slides_to_scroll&quot;:&quot;1&quot;,&quot;arrows&quot;:&quot;true&quot;,&quot;arrow_icon&quot;:&quot;fa fa-angle-left&quot;,&quot;dots&quot;:&quot;&quot;,&quot;autoplay&quot;:&quot;true&quot;,&quot;pause_on_hover&quot;:&quot;true&quot;,&quot;autoplay_speed&quot;:5000,&quot;infinite&quot;:&quot;true&quot;,&quot;center_mode&quot;:&quot;true&quot;,&quot;effect&quot;:&quot;slide&quot;,&quot;speed&quot;:500,&quot;inject_alternative_items&quot;:&quot;&quot;,&quot;injection_items&quot;:[],&quot;scroll_slider_enabled&quot;:&quot;&quot;,&quot;scroll_slider_on&quot;:[&quot;desktop&quot;,&quot;tablet&quot;,&quot;mobile&quot;],&quot;custom_query&quot;:&quot;yes&quot;,&quot;custom_query_id&quot;:&quot;4&quot;,&quot;_element_id&quot;:&quot;&quot;,&quot;collapse_first_last_gap&quot;:false,&quot;list_tag_selection&quot;:&quot;&quot;,&quot;list_items_wrapper_tag&quot;:&quot;div&quot;,&quot;list_item_tag&quot;:&quot;div&quot;,&quot;empty_items_wrapper_tag&quot;:&quot;div&quot;}}\" data-page=\"1\" data-pages=\"0\" data-listing-source=\"query\" data-listing-id=\"741\" data-query-id=\"4\"><div class=\"jet-listing-grid__item jet-listing-dynamic-post-2773 jet-equal-columns\" data-post-id=\"2773\"  >\t\t<div data-elementor-type=\"jet-listing-items\" data-elementor-id=\"741\" class=\"elementor elementor-741\" data-elementor-post-type=\"jet-engine\">\n\t\t\t\t<div class=\"elementor-element elementor-element-8bfc0a5 e-con-full e-flex e-con e-child\" data-id=\"8bfc0a5\" data-element_type=\"container\" data-e-type=\"container\" data-settings=\"{&quot;background_background&quot;:&quot;classic&quot;,&quot;jet_parallax_layout_list&quot;:[]}\">\n\t\t\t\t<div class=\"elementor-element elementor-element-3c6487c elementor-widget elementor-widget-image\" data-id=\"3c6487c\" data-element_type=\"widget\" data-e-type=\"widget\" data-widget_type=\"image.default\">\n\t\t\t\t\t\t\t\t\t\t\t\t\t\t\t<img loading=\"lazy\" decoding=\"async\" width=\"250\" height=\"350\" src=\"https:\/\/dr-anna-brandenburg.de\/wp-content\/uploads\/2025\/11\/Allergien-Phone@0.5x.webp\" class=\"attachment-large size-large wp-image-3159\" alt=\"Allergien\" srcset=\"https:\/\/dr-anna-brandenburg.de\/wp-content\/uploads\/2025\/11\/Allergien-Phone@0.5x.webp 250w, https:\/\/dr-anna-brandenburg.de\/wp-content\/uploads\/2025\/11\/Allergien-Phone@0.5x-214x300.webp 214w\" sizes=\"(max-width: 250px) 100vw, 250px\" \/>\t\t\t\t\t\t\t\t\t\t\t\t\t\t\t<\/div>\n\t\t<div class=\"elementor-element elementor-element-9919f85 e-con-full e-flex e-con e-child\" data-id=\"9919f85\" data-element_type=\"container\" data-e-type=\"container\" data-settings=\"{&quot;background_background&quot;:&quot;classic&quot;,&quot;jet_parallax_layout_list&quot;:[]}\">\n\t\t\t\t<div class=\"elementor-element elementor-element-ecb748c elementor-align-justify elementor-widget__width-inherit elementor-widget elementor-widget-button\" data-id=\"ecb748c\" data-element_type=\"widget\" data-e-type=\"widget\" data-widget_type=\"button.default\">\n\t\t\t\t\t\t\t\t\t\t<a class=\"elementor-button elementor-button-link elementor-size-sm elementor-animation-grow\" href=\"https:\/\/dr-anna-brandenburg.de\/de\/allergien\/\">\n\t\t\t\t\t\t<span class=\"elementor-button-content-wrapper\">\n\t\t\t\t\t\t\t\t\t<span class=\"elementor-button-text\">Weiter zu Allergien<\/span>\n\t\t\t\t\t<\/span>\n\t\t\t\t\t<\/a>\n\t\t\t\t\t\t\t\t<\/div>\n\t\t\t\t<\/div>\n\t\t\t\t<\/div>\n\t\t\t\t<\/div>\n\t\t<\/div><div class=\"jet-listing-grid__item jet-listing-dynamic-post-2777 jet-equal-columns\" data-post-id=\"2777\"  >\t\t<div data-elementor-type=\"jet-listing-items\" data-elementor-id=\"741\" class=\"elementor elementor-741\" data-elementor-post-type=\"jet-engine\">\n\t\t\t\t<div class=\"elementor-element elementor-element-8bfc0a5 e-con-full e-flex e-con e-child\" data-id=\"8bfc0a5\" data-element_type=\"container\" data-e-type=\"container\" data-settings=\"{&quot;background_background&quot;:&quot;classic&quot;,&quot;jet_parallax_layout_list&quot;:[]}\">\n\t\t\t\t<div class=\"elementor-element elementor-element-3c6487c elementor-widget elementor-widget-image\" data-id=\"3c6487c\" data-element_type=\"widget\" data-e-type=\"widget\" data-widget_type=\"image.default\">\n\t\t\t\t\t\t\t\t\t\t\t\t\t\t\t<img loading=\"lazy\" decoding=\"async\" width=\"250\" height=\"350\" src=\"https:\/\/dr-anna-brandenburg.de\/wp-content\/uploads\/2025\/11\/Geschlechtskrankheiten-Phone@0.5x.webp\" class=\"attachment-large size-large wp-image-3155\" alt=\"Geschlechtskrankheiten\" srcset=\"https:\/\/dr-anna-brandenburg.de\/wp-content\/uploads\/2025\/11\/Geschlechtskrankheiten-Phone@0.5x.webp 250w, https:\/\/dr-anna-brandenburg.de\/wp-content\/uploads\/2025\/11\/Geschlechtskrankheiten-Phone@0.5x-214x300.webp 214w\" sizes=\"(max-width: 250px) 100vw, 250px\" \/>\t\t\t\t\t\t\t\t\t\t\t\t\t\t\t<\/div>\n\t\t<div class=\"elementor-element elementor-element-9919f85 e-con-full e-flex e-con e-child\" data-id=\"9919f85\" data-element_type=\"container\" data-e-type=\"container\" data-settings=\"{&quot;background_background&quot;:&quot;classic&quot;,&quot;jet_parallax_layout_list&quot;:[]}\">\n\t\t\t\t<div class=\"elementor-element elementor-element-ecb748c elementor-align-justify elementor-widget__width-inherit elementor-widget elementor-widget-button\" data-id=\"ecb748c\" data-element_type=\"widget\" data-e-type=\"widget\" data-widget_type=\"button.default\">\n\t\t\t\t\t\t\t\t\t\t<a class=\"elementor-button elementor-button-link elementor-size-sm elementor-animation-grow\" href=\"https:\/\/dr-anna-brandenburg.de\/de\/geschlechtskrankheiten\/\">\n\t\t\t\t\t\t<span class=\"elementor-button-content-wrapper\">\n\t\t\t\t\t\t\t\t\t<span class=\"elementor-button-text\">Weiter zu Geschlechtskrankheiten<\/span>\n\t\t\t\t\t<\/span>\n\t\t\t\t\t<\/a>\n\t\t\t\t\t\t\t\t<\/div>\n\t\t\t\t<\/div>\n\t\t\t\t<\/div>\n\t\t\t\t<\/div>\n\t\t<\/div><div class=\"jet-listing-grid__item jet-listing-dynamic-post-2779 jet-equal-columns\" data-post-id=\"2779\"  >\t\t<div data-elementor-type=\"jet-listing-items\" data-elementor-id=\"741\" class=\"elementor elementor-741\" data-elementor-post-type=\"jet-engine\">\n\t\t\t\t<div class=\"elementor-element elementor-element-8bfc0a5 e-con-full e-flex e-con e-child\" data-id=\"8bfc0a5\" data-element_type=\"container\" data-e-type=\"container\" data-settings=\"{&quot;background_background&quot;:&quot;classic&quot;,&quot;jet_parallax_layout_list&quot;:[]}\">\n\t\t\t\t<div class=\"elementor-element elementor-element-3c6487c elementor-widget elementor-widget-image\" data-id=\"3c6487c\" data-element_type=\"widget\" data-e-type=\"widget\" data-widget_type=\"image.default\">\n\t\t\t\t\t\t\t\t\t\t\t\t\t\t\t<img loading=\"lazy\" decoding=\"async\" width=\"250\" height=\"350\" src=\"https:\/\/dr-anna-brandenburg.de\/wp-content\/uploads\/2025\/11\/Haarausfall-und-Kopfhauterkrankungen-Phone@0.5x.webp\" class=\"attachment-large size-large wp-image-3153\" alt=\"Haarausfall- und Kopfhauterkrankungen\" srcset=\"https:\/\/dr-anna-brandenburg.de\/wp-content\/uploads\/2025\/11\/Haarausfall-und-Kopfhauterkrankungen-Phone@0.5x.webp 250w, https:\/\/dr-anna-brandenburg.de\/wp-content\/uploads\/2025\/11\/Haarausfall-und-Kopfhauterkrankungen-Phone@0.5x-214x300.webp 214w\" sizes=\"(max-width: 250px) 100vw, 250px\" \/>\t\t\t\t\t\t\t\t\t\t\t\t\t\t\t<\/div>\n\t\t<div class=\"elementor-element elementor-element-9919f85 e-con-full e-flex e-con e-child\" data-id=\"9919f85\" data-element_type=\"container\" data-e-type=\"container\" data-settings=\"{&quot;background_background&quot;:&quot;classic&quot;,&quot;jet_parallax_layout_list&quot;:[]}\">\n\t\t\t\t<div class=\"elementor-element elementor-element-ecb748c elementor-align-justify elementor-widget__width-inherit elementor-widget elementor-widget-button\" data-id=\"ecb748c\" data-element_type=\"widget\" data-e-type=\"widget\" data-widget_type=\"button.default\">\n\t\t\t\t\t\t\t\t\t\t<a class=\"elementor-button elementor-button-link elementor-size-sm elementor-animation-grow\" href=\"https:\/\/dr-anna-brandenburg.de\/de\/haarsprechstunde-hamburg\/\">\n\t\t\t\t\t\t<span class=\"elementor-button-content-wrapper\">\n\t\t\t\t\t\t\t\t\t<span class=\"elementor-button-text\">Weiter zu Haarsprechstunde<\/span>\n\t\t\t\t\t<\/span>\n\t\t\t\t\t<\/a>\n\t\t\t\t\t\t\t\t<\/div>\n\t\t\t\t<\/div>\n\t\t\t\t<\/div>\n\t\t\t\t<\/div>\n\t\t<\/div><div class=\"jet-listing-grid__item jet-listing-dynamic-post-2787 jet-equal-columns\" data-post-id=\"2787\"  >\t\t<div data-elementor-type=\"jet-listing-items\" data-elementor-id=\"741\" class=\"elementor elementor-741\" data-elementor-post-type=\"jet-engine\">\n\t\t\t\t<div class=\"elementor-element elementor-element-8bfc0a5 e-con-full e-flex e-con e-child\" data-id=\"8bfc0a5\" data-element_type=\"container\" data-e-type=\"container\" data-settings=\"{&quot;background_background&quot;:&quot;classic&quot;,&quot;jet_parallax_layout_list&quot;:[]}\">\n\t\t\t\t<div class=\"elementor-element elementor-element-3c6487c elementor-widget elementor-widget-image\" data-id=\"3c6487c\" data-element_type=\"widget\" data-e-type=\"widget\" data-widget_type=\"image.default\">\n\t\t\t\t\t\t\t\t\t\t\t\t\t\t\t<img loading=\"lazy\" decoding=\"async\" width=\"250\" height=\"350\" src=\"https:\/\/dr-anna-brandenburg.de\/wp-content\/uploads\/2025\/11\/Neurodermitis-Ekzemen-und-Juckreiz-Phone@0.5x.webp\" class=\"attachment-large size-large wp-image-3142\" alt=\"Neurodermitis, Ekzemen und Juckreiz\" srcset=\"https:\/\/dr-anna-brandenburg.de\/wp-content\/uploads\/2025\/11\/Neurodermitis-Ekzemen-und-Juckreiz-Phone@0.5x.webp 250w, https:\/\/dr-anna-brandenburg.de\/wp-content\/uploads\/2025\/11\/Neurodermitis-Ekzemen-und-Juckreiz-Phone@0.5x-214x300.webp 214w\" sizes=\"(max-width: 250px) 100vw, 250px\" \/>\t\t\t\t\t\t\t\t\t\t\t\t\t\t\t<\/div>\n\t\t<div class=\"elementor-element elementor-element-9919f85 e-con-full e-flex e-con e-child\" data-id=\"9919f85\" data-element_type=\"container\" data-e-type=\"container\" data-settings=\"{&quot;background_background&quot;:&quot;classic&quot;,&quot;jet_parallax_layout_list&quot;:[]}\">\n\t\t\t\t<div class=\"elementor-element elementor-element-ecb748c elementor-align-justify elementor-widget__width-inherit elementor-widget elementor-widget-button\" data-id=\"ecb748c\" data-element_type=\"widget\" data-e-type=\"widget\" data-widget_type=\"button.default\">\n\t\t\t\t\t\t\t\t\t\t<a class=\"elementor-button elementor-button-link elementor-size-sm elementor-animation-grow\" href=\"https:\/\/dr-anna-brandenburg.de\/de\/neurodermitis-ekzeme-juckreiz\/\">\n\t\t\t\t\t\t<span class=\"elementor-button-content-wrapper\">\n\t\t\t\t\t\t\t\t\t<span class=\"elementor-button-text\">Weiter zu Neurodermitis Ekzeme Juckreiz<\/span>\n\t\t\t\t\t<\/span>\n\t\t\t\t\t<\/a>\n\t\t\t\t\t\t\t\t<\/div>\n\t\t\t\t<\/div>\n\t\t\t\t<\/div>\n\t\t\t\t<\/div>\n\t\t<\/div><\/div><\/div><\/div>\t\t\t\t<\/div>\n\t\t\t\t\t<\/div>\n\t\t\t\t<\/div>\n\t\t\t\t<\/div>\n\t\t<\/div>\n\t\t\t\t\t\t<\/div>\n\t\t\t\t<\/div>\n\t\t<div class=\"elementor-element elementor-element-9491eaf e-con-full e-flex e-con e-parent\" data-id=\"9491eaf\" data-element_type=\"container\" data-e-type=\"container\" data-settings=\"{&quot;jet_parallax_layout_list&quot;:[]}\">\n\t\t\t\t<div class=\"elementor-element elementor-element-ccf0225 elementor-widget elementor-widget-shortcode\" data-id=\"ccf0225\" data-element_type=\"widget\" data-e-type=\"widget\" data-widget_type=\"shortcode.default\">\n\t\t\t\t\t\t\t<div class=\"elementor-shortcode\">\t\t<div data-elementor-type=\"container\" data-elementor-id=\"705\" class=\"elementor elementor-705\" data-elementor-post-type=\"elementor_library\">\n\t\t\t\t<div class=\"elementor-element elementor-element-5a67f95b e-flex e-con-boxed e-con e-parent\" data-id=\"5a67f95b\" data-element_type=\"container\" data-e-type=\"container\" data-settings=\"{&quot;jet_parallax_layout_list&quot;:[]}\">\n\t\t\t\t\t<div class=\"e-con-inner\">\n\t\t<div class=\"elementor-element elementor-element-1452f380 e-con-full e-flex e-con e-child\" data-id=\"1452f380\" data-element_type=\"container\" data-e-type=\"container\" data-settings=\"{&quot;background_background&quot;:&quot;classic&quot;,&quot;jet_parallax_layout_list&quot;:[]}\">\n\t\t\t\t<div class=\"elementor-element elementor-element-659f6330 elementor-position-inline-start elementor-tablet-position-block-start elementor-mobile-position-inline-start elementor-view-default elementor-widget elementor-widget-icon-box\" data-id=\"659f6330\" data-element_type=\"widget\" data-e-type=\"widget\" data-widget_type=\"icon-box.default\">\n\t\t\t\t\t\t\t<div class=\"elementor-icon-box-wrapper\">\n\n\t\t\t\t\t\t<div class=\"elementor-icon-box-icon\">\n\t\t\t\t<span  class=\"elementor-icon\">\n\t\t\t\t<svg xmlns=\"http:\/\/www.w3.org\/2000\/svg\" id=\"Ebene_1\" data-name=\"Ebene 1\" viewBox=\"0 0 110.77 121.47\"><g><path d=\"M30.96,85.36c.37-3.52.78-7.31,1.77-10.71.53-1.84.91-2.81,2.63-3.84,2.61-1.56,6.02-2.47,8.65-4.11l-.77,3.99c-1.14.45-2.27.93-2.85,2.1-.36.74-1.75,5.64-1.74,6.35.03,1.76,1.53,2.94,3.27,2.8.71-.06,1.27-.46.77-1.17-.31-.44-2.72.29-2.54-1.93.06-.78,1.1-4.22,1.43-5.06.81-2.06,4.09-2.21,4.99-.3.33.7,1.54,4.83,1.55,5.51.05,2.29-2.99,1.08-2.65,2.43.21.84,1.91.51,2.5.27,1.01-.4,1.72-1.64,1.67-2.7-.04-.87-1.54-5.87-2.02-6.57-.38-.55-1.06-1.09-1.66-1.39-.55-.28-1.05.06-1.1-.81-.07-1.21.9-4.07,1.94-4.75.43-.28,2.14-1.16,2.46-.59l6.27,8.96c.35.41,1,.41,1.35,0l6.37-9.07c.39-.3,2.29.59,2.53.83.12.12.8,1.58.9,1.86.6,1.61.87,3.49.87,5.21-3.29.48-4.59,4.97-1.56,6.71,3.73,2.14,7.61-2.72,4.12-5.84-.32-.28-.84-.31-1.01-.71-.32-.75-.14-1.95-.28-2.76-.2-1.15-.51-2.28-.9-3.38l9.36,4.26c1.39.88,1.89,2.04,2.35,3.55,1.04,3.43,1.37,7.3,1.81,10.85H30.96Z\" style=\"fill: #efc6c3;\"><\/path><path d=\"M56.23,70.82l-5.9-8.21,1.22-2.53c2.73,1.62,6.2,1.66,8.93.04l1.52,2.23-5.77,8.47Z\" style=\"fill: #efc6c3;\"><\/path><circle cx=\"67.82\" cy=\"76.37\" r=\"2.09\" style=\"fill: #efc6c3;\"><\/circle><path d=\"M67.73,45.66c0,7.06-5.33,13.56-11.75,13.56s-11.5-6.5-11.5-13.56,5.21-12.79,11.63-12.79,11.63,5.73,11.63,12.79Z\" style=\"fill: #efc6c3;\"><\/path><\/g><g><path d=\"M2.8,73.6c.25-2.41.54-5,1.21-7.33.36-1.26.62-1.93,1.8-2.63,1.79-1.07,4.12-1.69,5.92-2.82l-.53,2.74c-.78.31-1.56.63-1.95,1.44-.25.5-1.2,3.86-1.19,4.35.02,1.21,1.05,2.01,2.24,1.92.49-.04.87-.32.53-.8-.21-.3-1.86.2-1.74-1.32.04-.53.75-2.89.98-3.47.55-1.41,2.8-1.52,3.41-.21.23.48,1.05,3.31,1.06,3.77.04,1.57-2.05.74-1.82,1.66.14.58,1.3.35,1.71.19.69-.27,1.18-1.12,1.15-1.85-.02-.6-1.06-4.02-1.38-4.5-.26-.38-.73-.74-1.14-.95-.38-.19-.72.04-.76-.56-.05-.83.61-2.79,1.33-3.25.3-.19,1.47-.79,1.69-.4l4.3,6.14c.24.28.68.28.92,0l4.36-6.21c.26-.21,1.57.41,1.73.57.08.08.55,1.08.62,1.27.41,1.1.59,2.39.6,3.57-2.25.33-3.15,3.4-1.07,4.6,2.55,1.47,5.21-1.87,2.82-4-.22-.19-.57-.21-.69-.48-.22-.51-.1-1.34-.19-1.89-.14-.79-.35-1.56-.62-2.32l6.41,2.91c.95.6,1.3,1.4,1.61,2.43.71,2.35.94,5,1.24,7.43H2.8Z\" style=\"fill: #efc6c3;\"><\/path><path d=\"M20.14,64.6l-4.12-5.73.86-1.77c1.91,1.13,4.33,1.16,6.23.03l1.06,1.56-4.03,5.92Z\" style=\"fill: #efc6c3;\"><\/path><circle cx=\"28.07\" cy=\"67.43\" r=\"1.46\" style=\"fill: #efc6c3;\"><\/circle><path d=\"M28.26,48.56c0,4.93-3.72,9.47-8.21,9.47s-8.04-4.54-8.04-9.47,3.64-8.93,8.12-8.93,8.12,4,8.12,8.93Z\" style=\"fill: #efc6c3;\"><\/path><\/g><g><path d=\"M72.95,73.16c.25-2.41.54-5,1.21-7.33.36-1.26.62-1.93,1.8-2.63,1.79-1.07,4.12-1.69,5.92-2.82l-.53,2.74c-.78.31-1.56.63-1.95,1.44-.25.5-1.2,3.86-1.19,4.35.02,1.21,1.05,2.01,2.24,1.92.49-.04.87-.32.53-.8-.21-.3-1.86.2-1.74-1.32.04-.53.75-2.89.98-3.47.55-1.41,2.8-1.52,3.41-.21.23.48,1.05,3.31,1.06,3.77.04,1.57-2.05.74-1.82,1.66.14.58,1.3.35,1.71.19.69-.27,1.18-1.12,1.15-1.85-.02-.6-1.06-4.02-1.38-4.5-.26-.38-.73-.74-1.14-.95-.38-.19-.72.04-.76-.56-.05-.83.61-2.79,1.33-3.25.3-.19,1.47-.79,1.69-.4l4.3,6.14c.24.28.68.28.92,0l4.36-6.21c.26-.21,1.57.41,1.73.57.08.08.55,1.08.62,1.27.41,1.1.59,2.39.6,3.57-2.25.33-3.15,3.4-1.07,4.6,2.55,1.47,5.21-1.87,2.82-4-.22-.19-.57-.21-.69-.48-.22-.51-.1-1.34-.19-1.89-.14-.79-.35-1.56-.62-2.32l6.41,2.91c.95.6,1.3,1.4,1.61,2.43.71,2.35.94,5,1.24,7.43h-34.56Z\" style=\"fill: #efc6c3;\"><\/path><path d=\"M90.29,64.16l-4.12-5.73.86-1.77c1.91,1.13,4.33,1.16,6.23.03l1.06,1.56-4.03,5.92Z\" style=\"fill: #efc6c3;\"><\/path><circle cx=\"98.22\" cy=\"66.99\" r=\"1.46\" style=\"fill: #efc6c3;\"><\/circle><path d=\"M98.42,48.12c0,4.93-3.72,9.47-8.21,9.47s-8.04-4.54-8.04-9.47,3.64-8.93,8.12-8.93,8.12,4,8.12,8.93Z\" style=\"fill: #efc6c3;\"><\/path><\/g><\/svg>\t\t\t\t<\/span>\n\t\t\t<\/div>\n\t\t\t\n\t\t\t\t\t\t<div class=\"elementor-icon-box-content\">\n\n\t\t\t\t\t\t\t\t\t<div class=\"elementor-icon-box-title\">\n\t\t\t\t\t\t<span  >\n\t\t\t\t\t\t\tIhre Haut in besten H\u00e4nden\t\t\t\t\t\t<\/span>\n\t\t\t\t\t<\/div>\n\t\t\t\t\n\t\t\t\t\t\t\t\t\t<p class=\"elementor-icon-box-description\">\n\t\t\t\t\t\t\u00c4rztinnen mit Herz und Erfahrung\t\t\t\t\t<\/p>\n\t\t\t\t\n\t\t\t<\/div>\n\t\t\t\n\t\t<\/div>\n\t\t\t\t\t\t<\/div>\n\t\t\t\t<div class=\"elementor-element elementor-element-587b876f elementor-align-justify elementor-widget__width-inherit elementor-widget elementor-widget-button\" data-id=\"587b876f\" data-element_type=\"widget\" data-e-type=\"widget\" data-widget_type=\"button.default\">\n\t\t\t\t\t\t\t\t\t\t<a class=\"elementor-button elementor-button-link elementor-size-sm elementor-animation-grow\" href=\"https:\/\/dr-anna-brandenburg.de\/de\/praxis\/#team\">\n\t\t\t\t\t\t<span class=\"elementor-button-content-wrapper\">\n\t\t\t\t\t\t\t\t\t<span class=\"elementor-button-text\">Zum Team<\/span>\n\t\t\t\t\t<\/span>\n\t\t\t\t\t<\/a>\n\t\t\t\t\t\t\t\t<\/div>\n\t\t\t\t<\/div>\n\t\t<div class=\"elementor-element elementor-element-4efb4f0d e-con-full e-flex e-con e-child\" data-id=\"4efb4f0d\" data-element_type=\"container\" data-e-type=\"container\" data-settings=\"{&quot;background_background&quot;:&quot;classic&quot;,&quot;jet_parallax_layout_list&quot;:[]}\">\n\t\t\t\t<div class=\"elementor-element elementor-element-6f5ce7f4 elementor-align-justify elementor-widget__width-inherit elementor-widget elementor-widget-button\" data-id=\"6f5ce7f4\" data-element_type=\"widget\" data-e-type=\"widget\" data-widget_type=\"button.default\">\n\t\t\t\t\t\t\t\t\t\t<a class=\"elementor-button elementor-button-link elementor-size-sm elementor-animation-grow\" href=\"https:\/\/dr-anna-brandenburg.de\/de\/#alle-behandlungen\">\n\t\t\t\t\t\t<span class=\"elementor-button-content-wrapper\">\n\t\t\t\t\t\t\t\t\t<span class=\"elementor-button-text\">Zu allen Behandlungen<\/span>\n\t\t\t\t\t<\/span>\n\t\t\t\t\t<\/a>\n\t\t\t\t\t\t\t\t<\/div>\n\t\t\t\t<div class=\"elementor-element elementor-element-41560486 elementor-position-inline-start elementor-tablet-position-block-start elementor-mobile-position-inline-start elementor-view-default elementor-widget elementor-widget-icon-box\" data-id=\"41560486\" data-element_type=\"widget\" data-e-type=\"widget\" data-widget_type=\"icon-box.default\">\n\t\t\t\t\t\t\t<div class=\"elementor-icon-box-wrapper\">\n\n\t\t\t\t\t\t<div class=\"elementor-icon-box-icon\">\n\t\t\t\t<span  class=\"elementor-icon\">\n\t\t\t\t<svg xmlns=\"http:\/\/www.w3.org\/2000\/svg\" id=\"Ebene_1\" data-name=\"Ebene 1\" viewBox=\"0 0 110.77 121.47\"><polygon points=\"59.94 26.96 50.36 26.96 45.57 35.26 50.36 43.56 59.94 43.56 64.74 35.26 59.94 26.96\" style=\"fill: #efc6c3;\"><\/polygon><polygon points=\"76.11 36.26 66.53 36.26 61.74 44.56 66.53 52.86 76.11 52.86 80.9 44.56 76.11 36.26\" style=\"fill: #efc6c3;\"><\/polygon><polygon points=\"60.03 45.42 50.44 45.42 45.65 53.72 50.44 62.02 60.03 62.02 64.82 53.72 60.03 45.42\" style=\"fill: #efc6c3;\"><\/polygon><polygon points=\"43.89 36.19 34.31 36.19 29.51 44.49 34.31 52.79 43.89 52.79 48.68 44.49 43.89 36.19\" style=\"fill: #efc6c3;\"><\/polygon><line x1=\"16.16\" y1=\"70.08\" x2=\"94.58\" y2=\"70.08\" style=\"fill: none; stroke: #efc6c3; stroke-miterlimit: 10; stroke-width: 2px;\"><\/line><g><line x1=\"16.18\" y1=\"92.47\" x2=\"20.18\" y2=\"92.46\" style=\"fill: none; stroke: #efc6c3; stroke-miterlimit: 10; stroke-width: 2px;\"><\/line><line x1=\"28\" y1=\"92.45\" x2=\"86.63\" y2=\"92.33\" style=\"fill: none; stroke: #efc6c3; stroke-dasharray: 7.82 7.82; stroke-miterlimit: 10; stroke-width: 2px;\"><\/line><line x1=\"90.53\" y1=\"92.32\" x2=\"94.53\" y2=\"92.31\" style=\"fill: none; stroke: #efc6c3; stroke-miterlimit: 10; stroke-width: 2px;\"><\/line><\/g><line x1=\"26.77\" y1=\"101.6\" x2=\"88.43\" y2=\"101.84\" style=\"fill: none; stroke: #efc6c3; stroke-dasharray: 8; stroke-miterlimit: 10; stroke-width: 2px;\"><\/line><path d=\"M16.02,78.38c3.3,0,7.78,5.95,10.83,5.78,2.59-.14,6.12-5.76,8.71-5.83,2.73-.07,6.88,5.69,9.61,5.66s6.88-5.63,9.69-5.7,7.06,5.78,9.73,5.74,6.69-5.69,9.41-5.66c2.87.03,6.71,5.81,9.57,5.7,2.73-.1,7.49-5.66,10.38-5.7\" style=\"fill: none; stroke: #efc6c3; stroke-miterlimit: 10; stroke-width: 2px;\"><\/path><\/svg>\t\t\t\t<\/span>\n\t\t\t<\/div>\n\t\t\t\n\t\t\t\t\t\t<div class=\"elementor-icon-box-content\">\n\n\t\t\t\t\t\t\t\t\t<div class=\"elementor-icon-box-title\">\n\t\t\t\t\t\t<span  >\n\t\t\t\t\t\t\tGanzheitliche Hautmedizin\t\t\t\t\t\t<\/span>\n\t\t\t\t\t<\/div>\n\t\t\t\t\n\t\t\t\t\t\t\t\t\t<p class=\"elementor-icon-box-description\">\n\t\t\t\t\t\tModerne Dermatologie &amp; \u00c4sthetik\t\t\t\t\t<\/p>\n\t\t\t\t\n\t\t\t<\/div>\n\t\t\t\n\t\t<\/div>\n\t\t\t\t\t\t<\/div>\n\t\t\t\t<\/div>\n\t\t<div class=\"elementor-element elementor-element-7535948c e-con-full e-flex e-con e-child\" data-id=\"7535948c\" data-element_type=\"container\" data-e-type=\"container\" data-settings=\"{&quot;background_background&quot;:&quot;classic&quot;,&quot;jet_parallax_layout_list&quot;:[]}\">\n\t\t\t\t<div class=\"elementor-element elementor-element-5215ba1f elementor-align-justify elementor-widget__width-inherit elementor-widget elementor-widget-button\" data-id=\"5215ba1f\" data-element_type=\"widget\" data-e-type=\"widget\" data-widget_type=\"button.default\">\n\t\t\t\t\t\t\t\t\t\t<a class=\"elementor-button elementor-button-link elementor-size-sm elementor-animation-grow\" href=\"https:\/\/www.doctolib.de\/privatpraxis\/hamburg\/dermatologische-privatpraxis-dr-anna-brandenburg\/booking\/specialities?profile_skipped=true&#038;bookingFunnelSource=external_referral\" target=\"_blank\" rel=\"noopener\">\n\t\t\t\t\t\t<span class=\"elementor-button-content-wrapper\">\n\t\t\t\t\t\t\t\t\t<span class=\"elementor-button-text\">TERMINBUCHUNG<\/span>\n\t\t\t\t\t<\/span>\n\t\t\t\t\t<\/a>\n\t\t\t\t\t\t\t\t<\/div>\n\t\t\t\t<div class=\"elementor-element elementor-element-7a642e8e elementor-position-inline-start elementor-mobile-position-inline-start elementor-view-default elementor-widget elementor-widget-icon-box\" data-id=\"7a642e8e\" data-element_type=\"widget\" data-e-type=\"widget\" data-widget_type=\"icon-box.default\">\n\t\t\t\t\t\t\t<div class=\"elementor-icon-box-wrapper\">\n\n\t\t\t\t\t\t<div class=\"elementor-icon-box-icon\">\n\t\t\t\t<span  class=\"elementor-icon\">\n\t\t\t\t<svg xmlns=\"http:\/\/www.w3.org\/2000\/svg\" id=\"Ebene_1\" data-name=\"Ebene 1\" viewBox=\"0 0 55.71 53.61\"><path d=\"M0,6.04v47.57h55.71V6.04H0ZM42.43,21.7l2.54-4.39h0s5.08-.01,5.08-.01h0s2.54,4.4,2.54,4.4h0s-2.54,4.4-2.54,4.4h0s-5.08.01-5.08.01h0s-2.54-4.4-2.54-4.4h0ZM14.33,45.54l-2.53,4.4h-5.09l-2.54-4.4h0s2.54-4.4,2.54-4.4c0,0,0,0,0-.01h5.07s.01.01.01.01l2.53,4.39h0ZM11.8,38.02h-5.09l-2.54-4.4,2.54-4.4h5.09l2.53,4.4-2.53,4.4ZM26.83,45.54l-2.54,4.4h-5.08l-2.54-4.4h0s2.54-4.4,2.54-4.4h0s5.08-.01,5.08-.01h0s2.54,4.4,2.54,4.4h0ZM24.3,38.02h-5.09l-2.53-4.4,2.53-4.4h5.09l2.54,4.4-2.54,4.4ZM26.84,21.71l-2.54,4.39s-.01.01-.01.01h-5.07s0,0,0-.01l-2.53-4.39h0s2.53-4.4,2.53-4.4c0-.01,0-.01,0-.01h5.07s.01,0,.01.01l2.54,4.39h0ZM39.71,45.54l-2.53,4.4h-5.09l-2.54-4.4h0s2.54-4.4,2.54-4.4h.01s5.07-.01,5.07-.01t.01.01l2.53,4.39h0ZM37.18,38.02h-5.09l-2.54-4.4,2.54-4.4h5.09l2.53,4.4-2.53,4.4ZM39.71,21.71l-2.53,4.39h-.01s-5.07.01-5.07.01t-.01-.01l-2.54-4.39h0s2.54-4.4,2.54-4.4t.01-.01h5.08s2.53,4.4,2.53,4.4h0ZM44.97,29.22h5.08l2.54,4.4-2.54,4.4h-5.08l-2.54-4.4,2.54-4.4ZM52.6,45.54l-2.54,4.4h-5.09l-2.53-4.4h0s2.53-4.4,2.53-4.4c0,0,.01,0,.01-.01h5.07s.01.01.01.01l2.54,4.39h0Z\" style=\"fill: #efc6c3;\"><\/path><rect x=\"7.16\" width=\"4.19\" height=\"10.16\" rx=\".61\" ry=\".61\" style=\"fill: #efc6c3;\"><\/rect><rect x=\"25.74\" width=\"4.19\" height=\"10.16\" rx=\".61\" ry=\".61\" style=\"fill: #efc6c3;\"><\/rect><rect x=\"44.32\" width=\"4.19\" height=\"10.16\" rx=\".61\" ry=\".61\" style=\"fill: #efc6c3;\"><\/rect><path d=\"M26.84,21.7h0s-2.54,4.4-2.54,4.4c0,.01-.01.01-.01.01h-5.07s0,0,0-.01l-2.53-4.39h0s2.53-4.4,2.53-4.4c0-.01,0-.01,0-.01h5.07s.01,0,.01.01l2.54,4.39Z\" style=\"fill: none;\"><\/path><path d=\"M39.71,21.7h0s-2.53,4.4-2.53,4.4h-.01s-5.07.01-5.07.01t-.01-.01l-2.54-4.39h0s2.54-4.4,2.54-4.4t.01-.01h5.08s2.53,4.4,2.53,4.4Z\" style=\"fill: none;\"><\/path><path d=\"M52.59,21.7h0s-2.54,4.4-2.54,4.4h0s-5.08.01-5.08.01h0s-2.54-4.4-2.54-4.4h0s2.54-4.4,2.54-4.4h0s5.08-.01,5.08-.01h0s2.54,4.4,2.54,4.4Z\" style=\"fill: none;\"><\/path><polygon points=\"52.59 33.62 50.05 38.02 44.97 38.02 42.43 33.62 44.97 29.22 50.05 29.22 52.59 33.62\" style=\"fill: none;\"><\/polygon><path d=\"M39.71,33.62l-2.53,4.4h-5.09l-2.54-4.4,2.54-4.4h5.09l2.53,4.4Z\" style=\"fill: none;\"><\/path><polygon points=\"26.84 33.62 24.3 38.02 19.21 38.02 16.68 33.62 19.21 29.22 24.3 29.22 26.84 33.62\" style=\"fill: none;\"><\/polygon><polygon points=\"14.33 33.62 11.8 38.02 6.71 38.02 4.17 33.62 6.71 29.22 11.8 29.22 14.33 33.62\" style=\"fill: none;\"><\/polygon><path d=\"M14.33,45.53h0s-2.53,4.41-2.53,4.41h-5.09l-2.54-4.4h0s2.54-4.4,2.54-4.4c0,0,0,0,0-.01h5.07s.01.01.01.01l2.53,4.39Z\" style=\"fill: none;\"><\/path><path d=\"M26.83,45.53h0s-2.54,4.41-2.54,4.41h-5.08l-2.54-4.4h0s2.54-4.4,2.54-4.4h0s5.08-.01,5.08-.01h0s2.54,4.4,2.54,4.4Z\" style=\"fill: none;\"><\/path><path d=\"M39.71,45.53h0s-2.53,4.41-2.53,4.41h-5.09l-2.54-4.4h0s2.54-4.4,2.54-4.4h.01s5.07-.01,5.07-.01t.01.01l2.53,4.39Z\" style=\"fill: none;\"><\/path><path d=\"M52.6,45.53h0s-2.54,4.41-2.54,4.41h-5.09l-2.53-4.4h0s2.53-4.4,2.53-4.4c0,0,.01,0,.01-.01h5.07s.01.01.01.01l2.54,4.39Z\" style=\"fill: none;\"><\/path><\/svg>\t\t\t\t<\/span>\n\t\t\t<\/div>\n\t\t\t\n\t\t\t\t\t\t<div class=\"elementor-icon-box-content\">\n\n\t\t\t\t\t\t\t\t\t<div class=\"elementor-icon-box-title\">\n\t\t\t\t\t\t<span  >\n\t\t\t\t\t\t\tWir sind f\u00fcr Sie da\t\t\t\t\t\t<\/span>\n\t\t\t\t\t<\/div>\n\t\t\t\t\n\t\t\t\t\t\t\t\t\t<p class=\"elementor-icon-box-description\">\n\t\t\t\t\t\tHeilwigstra\u00dfe 33, 20249 Hamburg\n\t\t\t\t\t<\/p>\n\t\t\t\t\n\t\t\t<\/div>\n\t\t\t\n\t\t<\/div>\n\t\t\t\t\t\t<\/div>\n\t\t\t\t<\/div>\n\t\t\t\t\t<\/div>\n\t\t\t\t<\/div>\n\t\t\t\t<\/div>\n\t\t<\/div>\n\t\t\t\t\t\t<\/div>\n\t\t\t\t<\/div>\n\t\t\t\t<\/div>\n\t\t","protected":false},"excerpt":{"rendered":"<p>Wei\u00dfer und schwarzer Hautkrebs \u2013 effektive Therapien durch Zusatzqualifikation \u201eMedikament\u00f6se Tumortherapie\u201c Wir stehen Ihnen f\u00fcr jede Hauterkrankung kompetent zur Seite TERMINBUCHUNG Fr\u00fcherkennung &amp; Pr\u00e4vention Onkologische Expertise Individuelle Therapieplanung Kompetente Nachsorge Fr\u00fcherkennung &amp; Pr\u00e4vention Onkologische Expertise Individuelle Therapieplanung Kompetente Nachsorge Wei\u00dfer und schwarzer Hautkrebs Hautkrebs ist die h\u00e4ufigste Krebserkrankung in Deutschland. Jedes Jahr gibt es ca. [&hellip;]<\/p>\n","protected":false},"author":1,"featured_media":3133,"parent":0,"menu_order":0,"comment_status":"closed","ping_status":"closed","template":"elementor_header_footer","meta":{"footnotes":""},"class_list":["post-2797","page","type-page","status-publish","has-post-thumbnail","hentry"],"_links":{"self":[{"href":"https:\/\/dr-anna-brandenburg.de\/de\/wp-json\/wp\/v2\/pages\/2797","targetHints":{"allow":["GET"]}}],"collection":[{"href":"https:\/\/dr-anna-brandenburg.de\/de\/wp-json\/wp\/v2\/pages"}],"about":[{"href":"https:\/\/dr-anna-brandenburg.de\/de\/wp-json\/wp\/v2\/types\/page"}],"author":[{"embeddable":true,"href":"https:\/\/dr-anna-brandenburg.de\/de\/wp-json\/wp\/v2\/users\/1"}],"replies":[{"embeddable":true,"href":"https:\/\/dr-anna-brandenburg.de\/de\/wp-json\/wp\/v2\/comments?post=2797"}],"version-history":[{"count":1,"href":"https:\/\/dr-anna-brandenburg.de\/de\/wp-json\/wp\/v2\/pages\/2797\/revisions"}],"predecessor-version":[{"id":7251,"href":"https:\/\/dr-anna-brandenburg.de\/de\/wp-json\/wp\/v2\/pages\/2797\/revisions\/7251"}],"wp:featuredmedia":[{"embeddable":true,"href":"https:\/\/dr-anna-brandenburg.de\/de\/wp-json\/wp\/v2\/media\/3133"}],"wp:attachment":[{"href":"https:\/\/dr-anna-brandenburg.de\/de\/wp-json\/wp\/v2\/media?parent=2797"}],"curies":[{"name":"wp","href":"https:\/\/api.w.org\/{rel}","templated":true}]}}