{"id":6161,"date":"2026-01-05T10:41:03","date_gmt":"2026-01-05T10:41:03","guid":{"rendered":"https:\/\/dr-anna-brandenburg.de\/?page_id=6161"},"modified":"2026-04-23T14:27:20","modified_gmt":"2026-04-23T14:27:20","slug":"hair-filler","status":"publish","type":"page","link":"https:\/\/dr-anna-brandenburg.de\/de\/hair-filler\/","title":{"rendered":"Hair Filler\u00a0"},"content":{"rendered":"\t\t<div data-elementor-type=\"wp-page\" data-elementor-id=\"6161\" class=\"elementor elementor-6161\" data-elementor-post-type=\"page\">\n\t\t\t\t<div class=\"elementor-element elementor-element-38c1fee e-flex e-con-boxed e-con e-parent\" data-id=\"38c1fee\" data-element_type=\"container\" data-e-type=\"container\" data-settings=\"{&quot;background_background&quot;:&quot;classic&quot;,&quot;jet_parallax_layout_list&quot;:[]}\">\n\t\t\t\t\t<div class=\"e-con-inner\">\n\t\t<div class=\"elementor-element elementor-element-5e0292d e-con-full e-flex e-con e-child\" data-id=\"5e0292d\" data-element_type=\"container\" data-e-type=\"container\" data-settings=\"{&quot;background_background&quot;:&quot;classic&quot;,&quot;jet_parallax_layout_list&quot;:[]}\">\n\t\t\t\t<div class=\"elementor-element elementor-element-e4f1970 elementor-widget elementor-widget-heading\" data-id=\"e4f1970\" data-element_type=\"widget\" data-e-type=\"widget\" data-widget_type=\"heading.default\">\n\t\t\t\t\t<h1 class=\"elementor-heading-title elementor-size-default\">DR. CYJ Hair Filler Hamburg \u2013 Peptidbasierte Kopfhautbehandlung gegen Haarausfall <\/h1>\t\t\t\t<\/div>\n\t\t\t\t<div class=\"elementor-element elementor-element-e348bab elementor-widget elementor-widget-text-editor\" data-id=\"e348bab\" data-element_type=\"widget\" data-e-type=\"widget\" data-widget_type=\"text-editor.default\">\n\t\t\t\t\t\t\t\t\tDurch die Kombination von wachstumsf\u00f6rdernden Peptiden mit regenerativer  Hyalurons\u00e4ure ist DR. CYJ Hair Filler wirksam gegen Haarausfall und zur Anregung neuen Haarwachstums.\t\t\t\t\t\t\t\t<\/div>\n\t\t\t\t<div class=\"elementor-element elementor-element-dec4c7b elementor-align-left elementor-widget__width-inherit elementor-widget elementor-widget-button\" data-id=\"dec4c7b\" data-element_type=\"widget\" data-e-type=\"widget\" data-widget_type=\"button.default\">\n\t\t\t\t\t\t\t\t\t\t<a class=\"elementor-button elementor-button-link elementor-size-sm elementor-animation-grow\" href=\"https:\/\/www.doctolib.de\/privatpraxis\/hamburg\/dermatologische-privatpraxis-dr-anna-brandenburg\/booking\/specialities?profile_skipped=true&#038;bookingFunnelSource=external_referral\" target=\"_blank\" rel=\"noopener\">\n\t\t\t\t\t\t<span class=\"elementor-button-content-wrapper\">\n\t\t\t\t\t\t\t\t\t<span class=\"elementor-button-text\">TERMINBUCHUNG<\/span>\n\t\t\t\t\t<\/span>\n\t\t\t\t\t<\/a>\n\t\t\t\t\t\t\t\t<\/div>\n\t\t\t\t<\/div>\n\t\t\t\t\t<\/div>\n\t\t\t\t<\/div>\n\t\t<div class=\"elementor-element elementor-element-84f3640 e-con-full e-flex e-con e-parent\" data-id=\"84f3640\" data-element_type=\"container\" data-e-type=\"container\" data-settings=\"{&quot;background_background&quot;:&quot;classic&quot;,&quot;jet_parallax_layout_list&quot;:[]}\">\n\t\t\t\t<div class=\"elementor-element elementor-element-9f13b48 elementor-icon-list--layout-inline elementor-align-center elementor-mobile-align-start elementor-widget__width-inherit elementor-hidden-mobile elementor-list-item-link-full_width elementor-widget elementor-widget-icon-list\" data-id=\"9f13b48\" data-element_type=\"widget\" data-e-type=\"widget\" data-widget_type=\"icon-list.default\">\n\t\t\t\t\t\t\t<ul class=\"elementor-icon-list-items elementor-inline-items\">\n\t\t\t\t\t\t\t<li class=\"elementor-icon-list-item elementor-inline-item\">\n\t\t\t\t\t\t\t\t\t\t\t<span class=\"elementor-icon-list-icon\">\n\t\t\t\t\t\t\t<i aria-hidden=\"true\" class=\"fas fa-check\"><\/i>\t\t\t\t\t\t<\/span>\n\t\t\t\t\t\t\t\t\t\t<span class=\"elementor-icon-list-text\">Minimal-invasiv <\/span>\n\t\t\t\t\t\t\t\t\t<\/li>\n\t\t\t\t\t\t\t\t<li class=\"elementor-icon-list-item elementor-inline-item\">\n\t\t\t\t\t\t\t\t\t\t\t<span class=\"elementor-icon-list-icon\">\n\t\t\t\t\t\t\t<i aria-hidden=\"true\" class=\"fas fa-check\"><\/i>\t\t\t\t\t\t<\/span>\n\t\t\t\t\t\t\t\t\t\t<span class=\"elementor-icon-list-text\">Keine Ausfallzeit <\/span>\n\t\t\t\t\t\t\t\t\t<\/li>\n\t\t\t\t\t\t\t\t<li class=\"elementor-icon-list-item elementor-inline-item\">\n\t\t\t\t\t\t\t\t\t\t\t<span class=\"elementor-icon-list-icon\">\n\t\t\t\t\t\t\t<i aria-hidden=\"true\" class=\"fas fa-check\"><\/i>\t\t\t\t\t\t<\/span>\n\t\t\t\t\t\t\t\t\t\t<span class=\"elementor-icon-list-text\">Evidenzbasiert <\/span>\n\t\t\t\t\t\t\t\t\t<\/li>\n\t\t\t\t\t\t\t\t<li class=\"elementor-icon-list-item elementor-inline-item\">\n\t\t\t\t\t\t\t\t\t\t\t<span class=\"elementor-icon-list-icon\">\n\t\t\t\t\t\t\t<i aria-hidden=\"true\" class=\"fas fa-check\"><\/i>\t\t\t\t\t\t<\/span>\n\t\t\t\t\t\t\t\t\t\t<span class=\"elementor-icon-list-text\">Kurze Behandlung <\/span>\n\t\t\t\t\t\t\t\t\t<\/li>\n\t\t\t\t\t\t<\/ul>\n\t\t\t\t\t\t<\/div>\n\t\t\t\t<div class=\"elementor-element elementor-element-7223e0d elementor-align-center elementor-mobile-align-start elementor-widget__width-inherit elementor-hidden-widescreen elementor-hidden-desktop elementor-hidden-tablet elementor-icon-list--layout-traditional elementor-list-item-link-full_width elementor-widget elementor-widget-icon-list\" data-id=\"7223e0d\" data-element_type=\"widget\" data-e-type=\"widget\" data-widget_type=\"icon-list.default\">\n\t\t\t\t\t\t\t<ul class=\"elementor-icon-list-items\">\n\t\t\t\t\t\t\t<li class=\"elementor-icon-list-item\">\n\t\t\t\t\t\t\t\t\t\t\t<span class=\"elementor-icon-list-icon\">\n\t\t\t\t\t\t\t<i aria-hidden=\"true\" class=\"fas fa-check\"><\/i>\t\t\t\t\t\t<\/span>\n\t\t\t\t\t\t\t\t\t\t<span class=\"elementor-icon-list-text\">Minimal-invasiv <\/span>\n\t\t\t\t\t\t\t\t\t<\/li>\n\t\t\t\t\t\t\t\t<li class=\"elementor-icon-list-item\">\n\t\t\t\t\t\t\t\t\t\t\t<span class=\"elementor-icon-list-icon\">\n\t\t\t\t\t\t\t<i aria-hidden=\"true\" class=\"fas fa-check\"><\/i>\t\t\t\t\t\t<\/span>\n\t\t\t\t\t\t\t\t\t\t<span class=\"elementor-icon-list-text\">Keine Ausfallzeit <\/span>\n\t\t\t\t\t\t\t\t\t<\/li>\n\t\t\t\t\t\t\t\t<li class=\"elementor-icon-list-item\">\n\t\t\t\t\t\t\t\t\t\t\t<span class=\"elementor-icon-list-icon\">\n\t\t\t\t\t\t\t<i aria-hidden=\"true\" class=\"fas fa-check\"><\/i>\t\t\t\t\t\t<\/span>\n\t\t\t\t\t\t\t\t\t\t<span class=\"elementor-icon-list-text\">Evidenzbasiert <\/span>\n\t\t\t\t\t\t\t\t\t<\/li>\n\t\t\t\t\t\t\t\t<li class=\"elementor-icon-list-item\">\n\t\t\t\t\t\t\t\t\t\t\t<span class=\"elementor-icon-list-icon\">\n\t\t\t\t\t\t\t<i aria-hidden=\"true\" class=\"fas fa-check\"><\/i>\t\t\t\t\t\t<\/span>\n\t\t\t\t\t\t\t\t\t\t<span class=\"elementor-icon-list-text\">Kurze Behandlung <\/span>\n\t\t\t\t\t\t\t\t\t<\/li>\n\t\t\t\t\t\t<\/ul>\n\t\t\t\t\t\t<\/div>\n\t\t\t\t<\/div>\n\t\t<div class=\"elementor-element elementor-element-32356fd e-flex e-con-boxed e-con e-parent\" data-id=\"32356fd\" data-element_type=\"container\" data-e-type=\"container\" data-settings=\"{&quot;jet_parallax_layout_list&quot;:[]}\">\n\t\t\t\t\t<div class=\"e-con-inner\">\n\t\t<div class=\"elementor-element elementor-element-7e5b450 e-con-full e-flex e-con e-child\" data-id=\"7e5b450\" data-element_type=\"container\" data-e-type=\"container\" data-settings=\"{&quot;jet_parallax_layout_list&quot;:[]}\">\n\t\t\t\t<div class=\"elementor-element elementor-element-639b465 elementor-widget elementor-widget-heading\" data-id=\"639b465\" data-element_type=\"widget\" data-e-type=\"widget\" data-widget_type=\"heading.default\">\n\t\t\t\t\t<h2 class=\"elementor-heading-title elementor-size-default\">Die Details Ihrer DR. CYJ Hair Filler Behandlung in Hamburg <\/h2>\t\t\t\t<\/div>\n\t\t<div class=\"elementor-element elementor-element-2e27b98 e-con-full e-flex e-con e-child\" data-id=\"2e27b98\" data-element_type=\"container\" data-e-type=\"container\" data-settings=\"{&quot;jet_parallax_layout_list&quot;:[]}\">\n\t\t\t\t<div class=\"elementor-element elementor-element-1ffc38d elementor-widget__width-inherit elementor-widget elementor-widget-jet-table\" data-id=\"1ffc38d\" data-element_type=\"widget\" data-e-type=\"widget\" data-widget_type=\"jet-table.default\">\n\t\t\t\t<div class=\"elementor-widget-container\">\n\t\t\t\t\t<div class=\"elementor-jet-table jet-elements\">\n\t\t<div class=\"jet-table-wrapper\">\n\t\t\t<table class=\"jet-table jet-table--fa5-compat\">\n\t\t\t\t<thead class=\"jet-table__head\"><tr class=\"jet-table__head-row\"><th class=\"jet-table__cell elementor-repeater-item-6655ff1 jet-table__head-cell\" scope=\"col\"><div class=\"jet-table__cell-inner\"><div class=\"jet-table__cell-content\"><\/div><\/div><\/th><\/tr><\/thead>\n\t\t\t\t\t\t\t\t<tbody class=\"jet-table__body\"><th class=\"jet-table__cell elementor-repeater-item-fc8a85e jet-table__head-cell\" scope=\"row\"><div class=\"jet-table__cell-inner\"><div class=\"jet-table__cell-content\"><span class=\"jet-elements-icon jet-table__cell-icon jet-table__cell-icon--before\"><i aria-hidden=\"true\" class=\"fas fa-clock\"><\/i><\/span><div class=\"jet-table__cell-text\">Behandlungsdauer<\/div><\/div><\/div><\/th><td class=\"jet-table__cell elementor-repeater-item-26e727d jet-table__body-cell\"><div class=\"jet-table__cell-inner\"><div class=\"jet-table__cell-content\"><div class=\"jet-table__cell-text\">15-25 Minuten pro Sitzung <\/div><\/div><\/div><\/td><tr class=\"jet-table__body-row elementor-repeater-item-07c0ab1\"><th class=\"jet-table__cell elementor-repeater-item-9939cd6 jet-table__head-cell\" scope=\"row\"><div class=\"jet-table__cell-inner\"><div class=\"jet-table__cell-content\"><span class=\"jet-elements-icon jet-table__cell-icon jet-table__cell-icon--before\"><i aria-hidden=\"true\" class=\"fas fa-users\"><\/i><\/span><div class=\"jet-table__cell-text\">Gesellschaftsf\u00e4hig\n<\/div><\/div><\/div><\/th><td class=\"jet-table__cell elementor-repeater-item-6887101 jet-table__body-cell\"><div class=\"jet-table__cell-inner\"><div class=\"jet-table__cell-content\"><div class=\"jet-table__cell-text\">sofort <\/div><\/div><\/div><\/td><\/tr><tr class=\"jet-table__body-row elementor-repeater-item-3b7a996\"><th class=\"jet-table__cell elementor-repeater-item-a00154f jet-table__head-cell\" scope=\"row\"><div class=\"jet-table__cell-inner\"><div class=\"jet-table__cell-content\"><span class=\"jet-elements-icon jet-table__cell-icon jet-table__cell-icon--before\"><i aria-hidden=\"true\" class=\"fas fa-hourglass-half\"><\/i><\/span><div class=\"jet-table__cell-text\">Haltbarkeit<\/div><\/div><\/div><\/th><td class=\"jet-table__cell elementor-repeater-item-418e87b jet-table__body-cell\"><div class=\"jet-table__cell-inner\"><div class=\"jet-table__cell-content\"><div class=\"jet-table__cell-text\">Auffrischung nach 6-12 Monaten <\/div><\/div><\/div><\/td><\/tr><tr class=\"jet-table__body-row elementor-repeater-item-183f52a\"><th class=\"jet-table__cell elementor-repeater-item-198fe4b jet-table__head-cell\" scope=\"row\"><div class=\"jet-table__cell-inner\"><div class=\"jet-table__cell-content\"><span class=\"jet-elements-icon jet-table__cell-icon jet-table__cell-icon--before\"><i aria-hidden=\"true\" class=\"fas fa-bolt\"><\/i><\/span><div class=\"jet-table__cell-text\">Schmerzen<\/div><\/div><\/div><\/th><td class=\"jet-table__cell elementor-repeater-item-93ede72 jet-table__body-cell\"><div class=\"jet-table__cell-inner\"><div class=\"jet-table__cell-content\"><div class=\"jet-table__cell-text\">gering <\/div><\/div><\/div><\/td><\/tr><tr class=\"jet-table__body-row elementor-repeater-item-e30cb2d\"><th class=\"jet-table__cell elementor-repeater-item-9b03b1d jet-table__head-cell\" scope=\"row\"><div class=\"jet-table__cell-inner\"><div class=\"jet-table__cell-content\"><span class=\"jet-elements-icon jet-table__cell-icon jet-table__cell-icon--before\"><i aria-hidden=\"true\" class=\"fas fa-redo\"><\/i><\/span><div class=\"jet-table__cell-text\">Intervall <\/div><\/div><\/div><\/th><td class=\"jet-table__cell elementor-repeater-item-6695e83 jet-table__body-cell\"><div class=\"jet-table__cell-inner\"><div class=\"jet-table__cell-content\"><div class=\"jet-table__cell-text\">4 Sitzungen im Abstand von 2 Wochen <\/div><\/div><\/div><\/td><\/tr><\/tbody>\n\t\t\t<\/table>\n\t\t<\/div>\n\n\t\t<\/div>\t\t\t\t<\/div>\n\t\t\t\t<\/div>\n\t\t\t\t<div class=\"elementor-element elementor-element-6a68b54 elementor-widget__width-inherit elementor-widget elementor-widget-jet-table\" data-id=\"6a68b54\" data-element_type=\"widget\" data-e-type=\"widget\" data-widget_type=\"jet-table.default\">\n\t\t\t\t<div class=\"elementor-widget-container\">\n\t\t\t\t\t<div class=\"elementor-jet-table jet-elements\">\n\t\t<div class=\"jet-table-wrapper\">\n\t\t\t<table class=\"jet-table jet-table--fa5-compat\">\n\t\t\t\t<thead class=\"jet-table__head\"><tr class=\"jet-table__head-row\"><th class=\"jet-table__cell elementor-repeater-item-6655ff1 jet-table__head-cell\" scope=\"col\"><div class=\"jet-table__cell-inner\"><div class=\"jet-table__cell-content\"><\/div><\/div><\/th><\/tr><\/thead>\n\t\t\t\t\t\t\t\t<tbody class=\"jet-table__body\"><th class=\"jet-table__cell elementor-repeater-item-fc8a85e jet-table__head-cell\" scope=\"row\"><div class=\"jet-table__cell-inner\"><div class=\"jet-table__cell-content\"><span class=\"jet-elements-icon jet-table__cell-icon jet-table__cell-icon--before\"><i aria-hidden=\"true\" class=\"fas fa-hand-holding-medical\"><\/i><\/span><div class=\"jet-table__cell-text\">Bet\u00e4ubung<\/div><\/div><\/div><\/th><td class=\"jet-table__cell elementor-repeater-item-26e727d jet-table__body-cell\"><div class=\"jet-table__cell-inner\"><div class=\"jet-table__cell-content\"><div class=\"jet-table__cell-text\">Auf Wunsch lokale Creme <\/div><\/div><\/div><\/td><tr class=\"jet-table__body-row elementor-repeater-item-07c0ab1\"><th class=\"jet-table__cell elementor-repeater-item-9939cd6 jet-table__head-cell\" scope=\"row\"><div class=\"jet-table__cell-inner\"><div class=\"jet-table__cell-content\"><span class=\"jet-elements-icon jet-table__cell-icon jet-table__cell-icon--before\"><i aria-hidden=\"true\" class=\"fas fa-user-clock\"><\/i><\/span><div class=\"jet-table__cell-text\">Ergebnisse<\/div><\/div><\/div><\/th><td class=\"jet-table__cell elementor-repeater-item-6887101 jet-table__body-cell\"><div class=\"jet-table__cell-inner\"><div class=\"jet-table__cell-content\"><div class=\"jet-table__cell-text\">nach ca. 6-12 Wochen, 3-6 Monate f\u00fcr langfristige Resultate <\/div><\/div><\/div><\/td><\/tr><tr class=\"jet-table__body-row elementor-repeater-item-3b7a996\"><th class=\"jet-table__cell elementor-repeater-item-a00154f jet-table__head-cell\" scope=\"row\"><div class=\"jet-table__cell-inner\"><div class=\"jet-table__cell-content\"><span class=\"jet-elements-icon jet-table__cell-icon jet-table__cell-icon--before\"><i aria-hidden=\"true\" class=\"fas fa-hand-holding-heart\"><\/i><\/span><div class=\"jet-table__cell-text\">Indikation<\/div><\/div><\/div><\/th><td class=\"jet-table__cell elementor-repeater-item-418e87b jet-table__body-cell\"><div class=\"jet-table__cell-inner\"><div class=\"jet-table__cell-content\"><div class=\"jet-table__cell-text\">diffuser, androgenetischer &#038; stressbedingter Haarausfall  <\/div><\/div><\/div><\/td><\/tr><tr class=\"jet-table__body-row elementor-repeater-item-183f52a\"><th class=\"jet-table__cell elementor-repeater-item-198fe4b jet-table__head-cell\" scope=\"row\"><div class=\"jet-table__cell-inner\"><div class=\"jet-table__cell-content\"><span class=\"jet-elements-icon jet-table__cell-icon jet-table__cell-icon--before\"><i aria-hidden=\"true\" class=\"fas fa-plus\"><\/i><\/span><div class=\"jet-table__cell-text\">Kombinierbar<\/div><\/div><\/div><\/th><td class=\"jet-table__cell elementor-repeater-item-93ede72 jet-table__body-cell\"><div class=\"jet-table__cell-inner\"><div class=\"jet-table__cell-content\"><div class=\"jet-table__cell-text\">PRP, Microneedling, LED-Therapie oder Medikation <\/div><\/div><\/div><\/td><\/tr><\/tbody>\n\t\t\t<\/table>\n\t\t<\/div>\n\n\t\t<\/div>\t\t\t\t<\/div>\n\t\t\t\t<\/div>\n\t\t\t\t<\/div>\n\t\t\t\t<div class=\"elementor-element elementor-element-0606781 elementor-widget elementor-widget-shortcode\" data-id=\"0606781\" data-element_type=\"widget\" data-e-type=\"widget\" data-widget_type=\"shortcode.default\">\n\t\t\t\t\t\t\t<div class=\"elementor-shortcode\">\t\t<div data-elementor-type=\"container\" data-elementor-id=\"806\" class=\"elementor elementor-806\" data-elementor-post-type=\"elementor_library\">\n\t\t\t\t<div class=\"elementor-element elementor-element-536c14ae e-con-full e-flex e-con e-child\" data-id=\"536c14ae\" data-element_type=\"container\" data-e-type=\"container\" data-settings=\"{&quot;jet_parallax_layout_list&quot;:[]}\">\n\t\t\t\t<div class=\"elementor-element elementor-element-307136ce elementor-widget elementor-widget-heading\" data-id=\"307136ce\" data-element_type=\"widget\" data-e-type=\"widget\" data-widget_type=\"heading.default\">\n\t\t\t\t\t<h2 class=\"elementor-heading-title elementor-size-default\">Behandelnde \u00c4rztinnen<\/h2>\t\t\t\t<\/div>\n\t\t\t\t<div class=\"elementor-element elementor-element-25256db9 elementor-widget elementor-widget-jet-listing-grid\" data-id=\"25256db9\" data-element_type=\"widget\" data-e-type=\"widget\" data-settings=\"{&quot;columns&quot;:&quot;3&quot;,&quot;columns_tablet&quot;:&quot;2&quot;,&quot;columns_mobile&quot;:&quot;1&quot;}\" data-widget_type=\"jet-listing-grid.default\">\n\t\t\t\t\t<div class=\"jet-listing-grid jet-listing\"><div class=\"jet-listing-grid__items grid-col-desk-3 grid-col-tablet-2 grid-col-mobile-1 jet-listing-grid--279 jet-equal-columns__wrapper\" data-queried-id=\"6161|WP_Post\" data-nav=\"{&quot;enabled&quot;:false,&quot;type&quot;:null,&quot;more_el&quot;:null,&quot;query&quot;:[],&quot;widget_settings&quot;:{&quot;lisitng_id&quot;:279,&quot;posts_num&quot;:6,&quot;columns&quot;:3,&quot;columns_tablet&quot;:2,&quot;columns_mobile&quot;:1,&quot;column_min_width&quot;:240,&quot;column_min_width_tablet&quot;:240,&quot;column_min_width_mobile&quot;:240,&quot;inline_columns_css&quot;:false,&quot;is_archive_template&quot;:&quot;yes&quot;,&quot;post_status&quot;:[&quot;publish&quot;],&quot;use_random_posts_num&quot;:&quot;&quot;,&quot;max_posts_num&quot;:9,&quot;not_found_message&quot;:&quot;Wir konnten keine \\u00c4rzte finden.&quot;,&quot;is_masonry&quot;:false,&quot;equal_columns_height&quot;:&quot;yes&quot;,&quot;use_load_more&quot;:&quot;&quot;,&quot;load_more_id&quot;:&quot;&quot;,&quot;load_more_type&quot;:&quot;click&quot;,&quot;load_more_offset&quot;:null,&quot;use_custom_post_types&quot;:&quot;yes&quot;,&quot;custom_post_types&quot;:[&quot;aerzte&quot;],&quot;hide_widget_if&quot;:&quot;&quot;,&quot;carousel_enabled&quot;:&quot;&quot;,&quot;slides_to_scroll&quot;:&quot;1&quot;,&quot;arrows&quot;:&quot;true&quot;,&quot;arrow_icon&quot;:&quot;fa fa-angle-left&quot;,&quot;dots&quot;:&quot;&quot;,&quot;autoplay&quot;:&quot;true&quot;,&quot;pause_on_hover&quot;:&quot;true&quot;,&quot;autoplay_speed&quot;:5000,&quot;infinite&quot;:&quot;true&quot;,&quot;center_mode&quot;:&quot;&quot;,&quot;effect&quot;:&quot;slide&quot;,&quot;speed&quot;:500,&quot;inject_alternative_items&quot;:&quot;&quot;,&quot;injection_items&quot;:[],&quot;scroll_slider_enabled&quot;:&quot;&quot;,&quot;scroll_slider_on&quot;:[&quot;desktop&quot;,&quot;tablet&quot;,&quot;mobile&quot;],&quot;custom_query&quot;:&quot;yes&quot;,&quot;custom_query_id&quot;:&quot;3&quot;,&quot;_element_id&quot;:&quot;&quot;,&quot;collapse_first_last_gap&quot;:false,&quot;list_tag_selection&quot;:&quot;&quot;,&quot;list_items_wrapper_tag&quot;:&quot;div&quot;,&quot;list_item_tag&quot;:&quot;div&quot;,&quot;empty_items_wrapper_tag&quot;:&quot;div&quot;}}\" data-page=\"1\" data-pages=\"0\" data-listing-source=\"query\" data-listing-id=\"279\" data-query-id=\"3\"><div class=\"jet-listing-grid__item jet-listing-dynamic-post-6409 jet-equal-columns\" data-post-id=\"6409\"  ><div class=\"jet-engine-listing-overlay-wrap\" data-url=\"https:\/\/dr-anna-brandenburg.de\/de\/aerzte\/daria-marashi\/\">\t\t<div data-elementor-type=\"jet-listing-items\" data-elementor-id=\"279\" class=\"elementor elementor-279\" data-elementor-post-type=\"jet-engine\">\n\t\t\t\t<div class=\"elementor-element elementor-element-10b32c5 e-flex e-con-boxed e-con e-parent\" data-id=\"10b32c5\" data-element_type=\"container\" data-e-type=\"container\" data-settings=\"{&quot;background_background&quot;:&quot;classic&quot;,&quot;jet_parallax_layout_list&quot;:[]}\">\n\t\t\t\t\t<div class=\"e-con-inner\">\n\t\t\t\t<div class=\"elementor-element elementor-element-3942c17 elementor-widget__width-inherit elementor-widget elementor-widget-image\" data-id=\"3942c17\" data-element_type=\"widget\" data-e-type=\"widget\" data-widget_type=\"image.default\">\n\t\t\t\t\t\t\t\t\t\t\t\t\t\t\t<img fetchpriority=\"high\" decoding=\"async\" width=\"800\" height=\"518\" src=\"https:\/\/dr-anna-brandenburg.de\/wp-content\/uploads\/2026\/01\/Marashi-Daria.webp\" class=\"attachment-large size-large wp-image-6434\" alt=\"Team der Haut\u00e4rztinnen Dr. Anna Brandenburg in Hamburg \u2013 Dermatologische Privatpraxis f\u00fcr Hautgesundheit und \u00c4sthetik.\" srcset=\"https:\/\/dr-anna-brandenburg.de\/wp-content\/uploads\/2026\/01\/Marashi-Daria.webp 1000w, https:\/\/dr-anna-brandenburg.de\/wp-content\/uploads\/2026\/01\/Marashi-Daria-300x194.webp 300w, https:\/\/dr-anna-brandenburg.de\/wp-content\/uploads\/2026\/01\/Marashi-Daria-768x498.webp 768w\" sizes=\"(max-width: 800px) 100vw, 800px\" \/>\t\t\t\t\t\t\t\t\t\t\t\t\t\t\t<\/div>\n\t\t<div class=\"elementor-element elementor-element-8996e62 e-con-full e-flex e-con e-child\" data-id=\"8996e62\" data-element_type=\"container\" data-e-type=\"container\" data-settings=\"{&quot;background_background&quot;:&quot;classic&quot;,&quot;jet_parallax_layout_list&quot;:[]}\">\n\t\t<div class=\"elementor-element elementor-element-7d9cd24 e-con-full e-flex e-con e-child\" data-id=\"7d9cd24\" data-element_type=\"container\" data-e-type=\"container\" data-settings=\"{&quot;jet_parallax_layout_list&quot;:[]}\">\n\t\t\t\t<div class=\"elementor-element elementor-element-7322e6f elementor-widget elementor-widget-jet-listing-dynamic-field\" data-id=\"7322e6f\" data-element_type=\"widget\" data-e-type=\"widget\" data-widget_type=\"jet-listing-dynamic-field.default\">\n\t\t\t\t\t<div class=\"jet-listing jet-listing-dynamic-field display-inline\"><div class=\"jet-listing-dynamic-field__inline-wrap\"><div class=\"jet-listing-dynamic-field__content\" >Daria Marashi<\/div><\/div><\/div>\t\t\t\t<\/div>\n\t\t\t\t<div class=\"elementor-element elementor-element-03c276a elementor-widget elementor-widget-jet-listing-dynamic-field\" data-id=\"03c276a\" data-element_type=\"widget\" data-e-type=\"widget\" data-widget_type=\"jet-listing-dynamic-field.default\">\n\t\t\t\t\t<div class=\"jet-listing jet-listing-dynamic-field display-inline\"><div class=\"jet-listing-dynamic-field__inline-wrap\"><div class=\"jet-listing-dynamic-field__content\" >\u00c4rztin in Weiterbildung<\/div><\/div><\/div>\t\t\t\t<\/div>\n\t\t\t\t<div class=\"elementor-element elementor-element-33c74e8 elementor-widget elementor-widget-jet-listing-dynamic-field\" data-id=\"33c74e8\" data-element_type=\"widget\" data-e-type=\"widget\" data-widget_type=\"jet-listing-dynamic-field.default\">\n\t\t\t\t\t<div class=\"jet-listing jet-listing-dynamic-field display-inline\"><div class=\"jet-listing-dynamic-field__inline-wrap\"><div class=\"jet-listing-dynamic-field__content\" >Schwerpunkte: Lasermedizin und \u00c4sthetische Dermatologie<\/div><\/div><\/div>\t\t\t\t<\/div>\n\t\t\t\t<\/div>\n\t\t\t\t<div class=\"elementor-element elementor-element-b52a4b3 elementor-align-justify elementor-widget__width-inherit elementor-widget elementor-widget-button\" data-id=\"b52a4b3\" data-element_type=\"widget\" data-e-type=\"widget\" data-widget_type=\"button.default\">\n\t\t\t\t\t\t\t\t\t\t<a class=\"elementor-button elementor-size-sm elementor-animation-grow\" role=\"button\">\n\t\t\t\t\t\t<span class=\"elementor-button-content-wrapper\">\n\t\t\t\t\t\t\t\t\t<span class=\"elementor-button-text\">Zur Vita<\/span>\n\t\t\t\t\t<\/span>\n\t\t\t\t\t<\/a>\n\t\t\t\t\t\t\t\t<\/div>\n\t\t\t\t<\/div>\n\t\t\t\t\t<\/div>\n\t\t\t\t<\/div>\n\t\t\t\t<\/div>\n\t\t<a href=\"https:\/\/dr-anna-brandenburg.de\/de\/aerzte\/daria-marashi\/\" class=\"jet-engine-listing-overlay-link\"><\/a><\/div><\/div><div class=\"jet-listing-grid__item jet-listing-dynamic-post-5174 jet-equal-columns\" data-post-id=\"5174\"  ><div class=\"jet-engine-listing-overlay-wrap\" data-url=\"https:\/\/dr-anna-brandenburg.de\/de\/aerzte\/dr-tina-fadai\/\">\t\t<div data-elementor-type=\"jet-listing-items\" data-elementor-id=\"279\" class=\"elementor elementor-279\" data-elementor-post-type=\"jet-engine\">\n\t\t\t\t<div class=\"elementor-element elementor-element-10b32c5 e-flex e-con-boxed e-con e-parent\" data-id=\"10b32c5\" data-element_type=\"container\" data-e-type=\"container\" data-settings=\"{&quot;background_background&quot;:&quot;classic&quot;,&quot;jet_parallax_layout_list&quot;:[]}\">\n\t\t\t\t\t<div class=\"e-con-inner\">\n\t\t\t\t<div class=\"elementor-element elementor-element-3942c17 elementor-widget__width-inherit elementor-widget elementor-widget-image\" data-id=\"3942c17\" data-element_type=\"widget\" data-e-type=\"widget\" data-widget_type=\"image.default\">\n\t\t\t\t\t\t\t\t\t\t\t\t\t\t\t<img decoding=\"async\" width=\"800\" height=\"520\" src=\"https:\/\/dr-anna-brandenburg.de\/wp-content\/uploads\/2025\/11\/Dr.-Tina-Fadai-1.webp\" class=\"attachment-large size-large wp-image-5175\" alt=\"Team der Haut\u00e4rztinnen Dr. Anna Brandenburg in Hamburg \u2013 Dermatologische Privatpraxis f\u00fcr Hautgesundheit und \u00c4sthetik.\" srcset=\"https:\/\/dr-anna-brandenburg.de\/wp-content\/uploads\/2025\/11\/Dr.-Tina-Fadai-1.webp 1001w, https:\/\/dr-anna-brandenburg.de\/wp-content\/uploads\/2025\/11\/Dr.-Tina-Fadai-1-300x195.webp 300w, https:\/\/dr-anna-brandenburg.de\/wp-content\/uploads\/2025\/11\/Dr.-Tina-Fadai-1-768x499.webp 768w\" sizes=\"(max-width: 800px) 100vw, 800px\" \/>\t\t\t\t\t\t\t\t\t\t\t\t\t\t\t<\/div>\n\t\t<div class=\"elementor-element elementor-element-8996e62 e-con-full e-flex e-con e-child\" data-id=\"8996e62\" data-element_type=\"container\" data-e-type=\"container\" data-settings=\"{&quot;background_background&quot;:&quot;classic&quot;,&quot;jet_parallax_layout_list&quot;:[]}\">\n\t\t<div class=\"elementor-element elementor-element-7d9cd24 e-con-full e-flex e-con e-child\" data-id=\"7d9cd24\" data-element_type=\"container\" data-e-type=\"container\" data-settings=\"{&quot;jet_parallax_layout_list&quot;:[]}\">\n\t\t\t\t<div class=\"elementor-element elementor-element-7322e6f elementor-widget elementor-widget-jet-listing-dynamic-field\" data-id=\"7322e6f\" data-element_type=\"widget\" data-e-type=\"widget\" data-widget_type=\"jet-listing-dynamic-field.default\">\n\t\t\t\t\t<div class=\"jet-listing jet-listing-dynamic-field display-inline\"><div class=\"jet-listing-dynamic-field__inline-wrap\"><div class=\"jet-listing-dynamic-field__content\" >Dr. med. Tina Fadai<\/div><\/div><\/div>\t\t\t\t<\/div>\n\t\t\t\t<div class=\"elementor-element elementor-element-03c276a elementor-widget elementor-widget-jet-listing-dynamic-field\" data-id=\"03c276a\" data-element_type=\"widget\" data-e-type=\"widget\" data-widget_type=\"jet-listing-dynamic-field.default\">\n\t\t\t\t\t<div class=\"jet-listing jet-listing-dynamic-field display-inline\"><div class=\"jet-listing-dynamic-field__inline-wrap\"><div class=\"jet-listing-dynamic-field__content\" >Fach\u00e4rztin f\u00fcr Dermatologie<\/div><\/div><\/div>\t\t\t\t<\/div>\n\t\t\t\t<div class=\"elementor-element elementor-element-33c74e8 elementor-widget elementor-widget-jet-listing-dynamic-field\" data-id=\"33c74e8\" data-element_type=\"widget\" data-e-type=\"widget\" data-widget_type=\"jet-listing-dynamic-field.default\">\n\t\t\t\t\t<div class=\"jet-listing jet-listing-dynamic-field display-inline\"><div class=\"jet-listing-dynamic-field__inline-wrap\"><div class=\"jet-listing-dynamic-field__content\" >Schwerpunkte: Operative Dermatologie und Lasermedizin<\/div><\/div><\/div>\t\t\t\t<\/div>\n\t\t\t\t<\/div>\n\t\t\t\t<div class=\"elementor-element elementor-element-b52a4b3 elementor-align-justify elementor-widget__width-inherit elementor-widget elementor-widget-button\" data-id=\"b52a4b3\" data-element_type=\"widget\" data-e-type=\"widget\" data-widget_type=\"button.default\">\n\t\t\t\t\t\t\t\t\t\t<a class=\"elementor-button elementor-size-sm elementor-animation-grow\" role=\"button\">\n\t\t\t\t\t\t<span class=\"elementor-button-content-wrapper\">\n\t\t\t\t\t\t\t\t\t<span class=\"elementor-button-text\">Zur Vita<\/span>\n\t\t\t\t\t<\/span>\n\t\t\t\t\t<\/a>\n\t\t\t\t\t\t\t\t<\/div>\n\t\t\t\t<\/div>\n\t\t\t\t\t<\/div>\n\t\t\t\t<\/div>\n\t\t\t\t<\/div>\n\t\t<a href=\"https:\/\/dr-anna-brandenburg.de\/de\/aerzte\/dr-tina-fadai\/\" class=\"jet-engine-listing-overlay-link\"><\/a><\/div><\/div><div class=\"jet-listing-grid__item jet-listing-dynamic-post-5031 jet-equal-columns\" data-post-id=\"5031\"  ><div class=\"jet-engine-listing-overlay-wrap\" data-url=\"https:\/\/dr-anna-brandenburg.de\/de\/aerzte\/juliana-giraldo\/\">\t\t<div data-elementor-type=\"jet-listing-items\" data-elementor-id=\"279\" class=\"elementor elementor-279\" data-elementor-post-type=\"jet-engine\">\n\t\t\t\t<div class=\"elementor-element elementor-element-10b32c5 e-flex e-con-boxed e-con e-parent\" data-id=\"10b32c5\" data-element_type=\"container\" data-e-type=\"container\" data-settings=\"{&quot;background_background&quot;:&quot;classic&quot;,&quot;jet_parallax_layout_list&quot;:[]}\">\n\t\t\t\t\t<div class=\"e-con-inner\">\n\t\t\t\t<div class=\"elementor-element elementor-element-3942c17 elementor-widget__width-inherit elementor-widget elementor-widget-image\" data-id=\"3942c17\" data-element_type=\"widget\" data-e-type=\"widget\" data-widget_type=\"image.default\">\n\t\t\t\t\t\t\t\t\t\t\t\t\t\t\t<img decoding=\"async\" width=\"800\" height=\"520\" src=\"https:\/\/dr-anna-brandenburg.de\/wp-content\/uploads\/2025\/11\/Juliana-Giraldo.webp\" class=\"attachment-large size-large wp-image-5155\" alt=\"Team der Haut\u00e4rztinnen Dr. Anna Brandenburg in Hamburg \u2013 Dermatologische Privatpraxis f\u00fcr Hautgesundheit und \u00c4sthetik.\" srcset=\"https:\/\/dr-anna-brandenburg.de\/wp-content\/uploads\/2025\/11\/Juliana-Giraldo.webp 1001w, https:\/\/dr-anna-brandenburg.de\/wp-content\/uploads\/2025\/11\/Juliana-Giraldo-300x195.webp 300w, https:\/\/dr-anna-brandenburg.de\/wp-content\/uploads\/2025\/11\/Juliana-Giraldo-768x499.webp 768w\" sizes=\"(max-width: 800px) 100vw, 800px\" \/>\t\t\t\t\t\t\t\t\t\t\t\t\t\t\t<\/div>\n\t\t<div class=\"elementor-element elementor-element-8996e62 e-con-full e-flex e-con e-child\" data-id=\"8996e62\" data-element_type=\"container\" data-e-type=\"container\" data-settings=\"{&quot;background_background&quot;:&quot;classic&quot;,&quot;jet_parallax_layout_list&quot;:[]}\">\n\t\t<div class=\"elementor-element elementor-element-7d9cd24 e-con-full e-flex e-con e-child\" data-id=\"7d9cd24\" data-element_type=\"container\" data-e-type=\"container\" data-settings=\"{&quot;jet_parallax_layout_list&quot;:[]}\">\n\t\t\t\t<div class=\"elementor-element elementor-element-7322e6f elementor-widget elementor-widget-jet-listing-dynamic-field\" data-id=\"7322e6f\" data-element_type=\"widget\" data-e-type=\"widget\" data-widget_type=\"jet-listing-dynamic-field.default\">\n\t\t\t\t\t<div class=\"jet-listing jet-listing-dynamic-field display-inline\"><div class=\"jet-listing-dynamic-field__inline-wrap\"><div class=\"jet-listing-dynamic-field__content\" >Juliana Giraldo<\/div><\/div><\/div>\t\t\t\t<\/div>\n\t\t\t\t<div class=\"elementor-element elementor-element-03c276a elementor-widget elementor-widget-jet-listing-dynamic-field\" data-id=\"03c276a\" data-element_type=\"widget\" data-e-type=\"widget\" data-widget_type=\"jet-listing-dynamic-field.default\">\n\t\t\t\t\t<div class=\"jet-listing jet-listing-dynamic-field display-inline\"><div class=\"jet-listing-dynamic-field__inline-wrap\"><div class=\"jet-listing-dynamic-field__content\" >Fach\u00e4rztin f\u00fcr Dermatologie<\/div><\/div><\/div>\t\t\t\t<\/div>\n\t\t\t\t<div class=\"elementor-element elementor-element-33c74e8 elementor-widget elementor-widget-jet-listing-dynamic-field\" data-id=\"33c74e8\" data-element_type=\"widget\" data-e-type=\"widget\" data-widget_type=\"jet-listing-dynamic-field.default\">\n\t\t\t\t\t<div class=\"jet-listing jet-listing-dynamic-field display-inline\"><div class=\"jet-listing-dynamic-field__inline-wrap\"><div class=\"jet-listing-dynamic-field__content\" >Schwerpunkte: Operative Dermatologie und Lasermedizin<\/div><\/div><\/div>\t\t\t\t<\/div>\n\t\t\t\t<\/div>\n\t\t\t\t<div class=\"elementor-element elementor-element-b52a4b3 elementor-align-justify elementor-widget__width-inherit elementor-widget elementor-widget-button\" data-id=\"b52a4b3\" data-element_type=\"widget\" data-e-type=\"widget\" data-widget_type=\"button.default\">\n\t\t\t\t\t\t\t\t\t\t<a class=\"elementor-button elementor-size-sm elementor-animation-grow\" role=\"button\">\n\t\t\t\t\t\t<span class=\"elementor-button-content-wrapper\">\n\t\t\t\t\t\t\t\t\t<span class=\"elementor-button-text\">Zur Vita<\/span>\n\t\t\t\t\t<\/span>\n\t\t\t\t\t<\/a>\n\t\t\t\t\t\t\t\t<\/div>\n\t\t\t\t<\/div>\n\t\t\t\t\t<\/div>\n\t\t\t\t<\/div>\n\t\t\t\t<\/div>\n\t\t<a href=\"https:\/\/dr-anna-brandenburg.de\/de\/aerzte\/juliana-giraldo\/\" class=\"jet-engine-listing-overlay-link\"><\/a><\/div><\/div><div class=\"jet-listing-grid__item jet-listing-dynamic-post-1236 jet-equal-columns\" data-post-id=\"1236\"  ><div class=\"jet-engine-listing-overlay-wrap\" data-url=\"https:\/\/dr-anna-brandenburg.de\/de\/aerzte\/dr-bianca-arsene\/\">\t\t<div data-elementor-type=\"jet-listing-items\" data-elementor-id=\"279\" class=\"elementor elementor-279\" data-elementor-post-type=\"jet-engine\">\n\t\t\t\t<div class=\"elementor-element elementor-element-10b32c5 e-flex e-con-boxed e-con e-parent\" data-id=\"10b32c5\" data-element_type=\"container\" data-e-type=\"container\" data-settings=\"{&quot;background_background&quot;:&quot;classic&quot;,&quot;jet_parallax_layout_list&quot;:[]}\">\n\t\t\t\t\t<div class=\"e-con-inner\">\n\t\t\t\t<div class=\"elementor-element elementor-element-3942c17 elementor-widget__width-inherit elementor-widget elementor-widget-image\" data-id=\"3942c17\" data-element_type=\"widget\" data-e-type=\"widget\" data-widget_type=\"image.default\">\n\t\t\t\t\t\t\t\t\t\t\t\t\t\t\t<img loading=\"lazy\" decoding=\"async\" width=\"800\" height=\"520\" src=\"https:\/\/dr-anna-brandenburg.de\/wp-content\/uploads\/2025\/10\/Dr.-Bianca-Arsene.webp\" class=\"attachment-large size-large wp-image-1281\" alt=\"Team der Haut\u00e4rztinnen Dr. Anna Brandenburg in Hamburg \u2013 Dermatologische Privatpraxis f\u00fcr Hautgesundheit und \u00c4sthetik.\" srcset=\"https:\/\/dr-anna-brandenburg.de\/wp-content\/uploads\/2025\/10\/Dr.-Bianca-Arsene.webp 1001w, https:\/\/dr-anna-brandenburg.de\/wp-content\/uploads\/2025\/10\/Dr.-Bianca-Arsene-300x195.webp 300w, https:\/\/dr-anna-brandenburg.de\/wp-content\/uploads\/2025\/10\/Dr.-Bianca-Arsene-768x499.webp 768w\" sizes=\"(max-width: 800px) 100vw, 800px\" \/>\t\t\t\t\t\t\t\t\t\t\t\t\t\t\t<\/div>\n\t\t<div class=\"elementor-element elementor-element-8996e62 e-con-full e-flex e-con e-child\" data-id=\"8996e62\" data-element_type=\"container\" data-e-type=\"container\" data-settings=\"{&quot;background_background&quot;:&quot;classic&quot;,&quot;jet_parallax_layout_list&quot;:[]}\">\n\t\t<div class=\"elementor-element elementor-element-7d9cd24 e-con-full e-flex e-con e-child\" data-id=\"7d9cd24\" data-element_type=\"container\" data-e-type=\"container\" data-settings=\"{&quot;jet_parallax_layout_list&quot;:[]}\">\n\t\t\t\t<div class=\"elementor-element elementor-element-7322e6f elementor-widget elementor-widget-jet-listing-dynamic-field\" data-id=\"7322e6f\" data-element_type=\"widget\" data-e-type=\"widget\" data-widget_type=\"jet-listing-dynamic-field.default\">\n\t\t\t\t\t<div class=\"jet-listing jet-listing-dynamic-field display-inline\"><div class=\"jet-listing-dynamic-field__inline-wrap\"><div class=\"jet-listing-dynamic-field__content\" >Dr. med. Bianca Arsene<\/div><\/div><\/div>\t\t\t\t<\/div>\n\t\t\t\t<div class=\"elementor-element elementor-element-03c276a elementor-widget elementor-widget-jet-listing-dynamic-field\" data-id=\"03c276a\" data-element_type=\"widget\" data-e-type=\"widget\" data-widget_type=\"jet-listing-dynamic-field.default\">\n\t\t\t\t\t<div class=\"jet-listing jet-listing-dynamic-field display-inline\"><div class=\"jet-listing-dynamic-field__inline-wrap\"><div class=\"jet-listing-dynamic-field__content\" >Fach\u00e4rztin f\u00fcr Dermatologie<\/div><\/div><\/div>\t\t\t\t<\/div>\n\t\t\t\t<div class=\"elementor-element elementor-element-33c74e8 elementor-widget elementor-widget-jet-listing-dynamic-field\" data-id=\"33c74e8\" data-element_type=\"widget\" data-e-type=\"widget\" data-widget_type=\"jet-listing-dynamic-field.default\">\n\t\t\t\t\t<div class=\"jet-listing jet-listing-dynamic-field display-inline\"><div class=\"jet-listing-dynamic-field__inline-wrap\"><div class=\"jet-listing-dynamic-field__content\" >Schwerpunkte: Operative Dermatologie, Lasermedizin und \u00c4sthetische Dermatologie<\/div><\/div><\/div>\t\t\t\t<\/div>\n\t\t\t\t<\/div>\n\t\t\t\t<div class=\"elementor-element elementor-element-b52a4b3 elementor-align-justify elementor-widget__width-inherit elementor-widget elementor-widget-button\" data-id=\"b52a4b3\" data-element_type=\"widget\" data-e-type=\"widget\" data-widget_type=\"button.default\">\n\t\t\t\t\t\t\t\t\t\t<a class=\"elementor-button elementor-size-sm elementor-animation-grow\" role=\"button\">\n\t\t\t\t\t\t<span class=\"elementor-button-content-wrapper\">\n\t\t\t\t\t\t\t\t\t<span class=\"elementor-button-text\">Zur Vita<\/span>\n\t\t\t\t\t<\/span>\n\t\t\t\t\t<\/a>\n\t\t\t\t\t\t\t\t<\/div>\n\t\t\t\t<\/div>\n\t\t\t\t\t<\/div>\n\t\t\t\t<\/div>\n\t\t\t\t<\/div>\n\t\t<a href=\"https:\/\/dr-anna-brandenburg.de\/de\/aerzte\/dr-bianca-arsene\/\" class=\"jet-engine-listing-overlay-link\"><\/a><\/div><\/div><div class=\"jet-listing-grid__item jet-listing-dynamic-post-319 jet-equal-columns\" data-post-id=\"319\"  ><div class=\"jet-engine-listing-overlay-wrap\" data-url=\"https:\/\/dr-anna-brandenburg.de\/de\/aerzte\/dr-med-eva-schramm\/\">\t\t<div data-elementor-type=\"jet-listing-items\" data-elementor-id=\"279\" class=\"elementor elementor-279\" data-elementor-post-type=\"jet-engine\">\n\t\t\t\t<div class=\"elementor-element elementor-element-10b32c5 e-flex e-con-boxed e-con e-parent\" data-id=\"10b32c5\" data-element_type=\"container\" data-e-type=\"container\" data-settings=\"{&quot;background_background&quot;:&quot;classic&quot;,&quot;jet_parallax_layout_list&quot;:[]}\">\n\t\t\t\t\t<div class=\"e-con-inner\">\n\t\t\t\t<div class=\"elementor-element elementor-element-3942c17 elementor-widget__width-inherit elementor-widget elementor-widget-image\" data-id=\"3942c17\" data-element_type=\"widget\" data-e-type=\"widget\" data-widget_type=\"image.default\">\n\t\t\t\t\t\t\t\t\t\t\t\t\t\t\t<img loading=\"lazy\" decoding=\"async\" width=\"800\" height=\"520\" src=\"https:\/\/dr-anna-brandenburg.de\/wp-content\/uploads\/2025\/10\/Dr.-Eva-Schramm.webp\" class=\"attachment-large size-large wp-image-1283\" alt=\"Team der Haut\u00e4rztinnen Dr. Anna Brandenburg in Hamburg \u2013 Dermatologische Privatpraxis f\u00fcr Hautgesundheit und \u00c4sthetik.\" srcset=\"https:\/\/dr-anna-brandenburg.de\/wp-content\/uploads\/2025\/10\/Dr.-Eva-Schramm.webp 1001w, https:\/\/dr-anna-brandenburg.de\/wp-content\/uploads\/2025\/10\/Dr.-Eva-Schramm-300x195.webp 300w, https:\/\/dr-anna-brandenburg.de\/wp-content\/uploads\/2025\/10\/Dr.-Eva-Schramm-768x499.webp 768w\" sizes=\"(max-width: 800px) 100vw, 800px\" \/>\t\t\t\t\t\t\t\t\t\t\t\t\t\t\t<\/div>\n\t\t<div class=\"elementor-element elementor-element-8996e62 e-con-full e-flex e-con e-child\" data-id=\"8996e62\" data-element_type=\"container\" data-e-type=\"container\" data-settings=\"{&quot;background_background&quot;:&quot;classic&quot;,&quot;jet_parallax_layout_list&quot;:[]}\">\n\t\t<div class=\"elementor-element elementor-element-7d9cd24 e-con-full e-flex e-con e-child\" data-id=\"7d9cd24\" data-element_type=\"container\" data-e-type=\"container\" data-settings=\"{&quot;jet_parallax_layout_list&quot;:[]}\">\n\t\t\t\t<div class=\"elementor-element elementor-element-7322e6f elementor-widget elementor-widget-jet-listing-dynamic-field\" data-id=\"7322e6f\" data-element_type=\"widget\" data-e-type=\"widget\" data-widget_type=\"jet-listing-dynamic-field.default\">\n\t\t\t\t\t<div class=\"jet-listing jet-listing-dynamic-field display-inline\"><div class=\"jet-listing-dynamic-field__inline-wrap\"><div class=\"jet-listing-dynamic-field__content\" >Dr. med. Eva Schramm<\/div><\/div><\/div>\t\t\t\t<\/div>\n\t\t\t\t<div class=\"elementor-element elementor-element-03c276a elementor-widget elementor-widget-jet-listing-dynamic-field\" data-id=\"03c276a\" data-element_type=\"widget\" data-e-type=\"widget\" data-widget_type=\"jet-listing-dynamic-field.default\">\n\t\t\t\t\t<div class=\"jet-listing jet-listing-dynamic-field display-inline\"><div class=\"jet-listing-dynamic-field__inline-wrap\"><div class=\"jet-listing-dynamic-field__content\" >Fach\u00e4rztin f\u00fcr Dermatologie<\/div><\/div><\/div>\t\t\t\t<\/div>\n\t\t\t\t<div class=\"elementor-element elementor-element-33c74e8 elementor-widget elementor-widget-jet-listing-dynamic-field\" data-id=\"33c74e8\" data-element_type=\"widget\" data-e-type=\"widget\" data-widget_type=\"jet-listing-dynamic-field.default\">\n\t\t\t\t\t<div class=\"jet-listing jet-listing-dynamic-field display-inline\"><div class=\"jet-listing-dynamic-field__inline-wrap\"><div class=\"jet-listing-dynamic-field__content\" >Schwerpunkte: Phlebologie, Operative Dermatologie, Lasermedizin<\/div><\/div><\/div>\t\t\t\t<\/div>\n\t\t\t\t<\/div>\n\t\t\t\t<div class=\"elementor-element elementor-element-b52a4b3 elementor-align-justify elementor-widget__width-inherit elementor-widget elementor-widget-button\" data-id=\"b52a4b3\" data-element_type=\"widget\" data-e-type=\"widget\" data-widget_type=\"button.default\">\n\t\t\t\t\t\t\t\t\t\t<a class=\"elementor-button elementor-size-sm elementor-animation-grow\" role=\"button\">\n\t\t\t\t\t\t<span class=\"elementor-button-content-wrapper\">\n\t\t\t\t\t\t\t\t\t<span class=\"elementor-button-text\">Zur Vita<\/span>\n\t\t\t\t\t<\/span>\n\t\t\t\t\t<\/a>\n\t\t\t\t\t\t\t\t<\/div>\n\t\t\t\t<\/div>\n\t\t\t\t\t<\/div>\n\t\t\t\t<\/div>\n\t\t\t\t<\/div>\n\t\t<a href=\"https:\/\/dr-anna-brandenburg.de\/de\/aerzte\/dr-med-eva-schramm\/\" class=\"jet-engine-listing-overlay-link\"><\/a><\/div><\/div><div class=\"jet-listing-grid__item jet-listing-dynamic-post-278 jet-equal-columns\" data-post-id=\"278\"  ><div class=\"jet-engine-listing-overlay-wrap\" data-url=\"https:\/\/dr-anna-brandenburg.de\/de\/aerzte\/dr-carina-borkowski\/\">\t\t<div data-elementor-type=\"jet-listing-items\" data-elementor-id=\"279\" class=\"elementor elementor-279\" data-elementor-post-type=\"jet-engine\">\n\t\t\t\t<div class=\"elementor-element elementor-element-10b32c5 e-flex e-con-boxed e-con e-parent\" data-id=\"10b32c5\" data-element_type=\"container\" data-e-type=\"container\" data-settings=\"{&quot;background_background&quot;:&quot;classic&quot;,&quot;jet_parallax_layout_list&quot;:[]}\">\n\t\t\t\t\t<div class=\"e-con-inner\">\n\t\t\t\t<div class=\"elementor-element elementor-element-3942c17 elementor-widget__width-inherit elementor-widget elementor-widget-image\" data-id=\"3942c17\" data-element_type=\"widget\" data-e-type=\"widget\" data-widget_type=\"image.default\">\n\t\t\t\t\t\t\t\t\t\t\t\t\t\t\t<img loading=\"lazy\" decoding=\"async\" width=\"800\" height=\"520\" src=\"https:\/\/dr-anna-brandenburg.de\/wp-content\/uploads\/2025\/10\/Dr.-Carina-Borkowski.webp\" class=\"attachment-large size-large wp-image-1282\" alt=\"Team der Haut\u00e4rztinnen Dr. Anna Brandenburg in Hamburg \u2013 Dermatologische Privatpraxis f\u00fcr Hautgesundheit und \u00c4sthetik.\" srcset=\"https:\/\/dr-anna-brandenburg.de\/wp-content\/uploads\/2025\/10\/Dr.-Carina-Borkowski.webp 1001w, https:\/\/dr-anna-brandenburg.de\/wp-content\/uploads\/2025\/10\/Dr.-Carina-Borkowski-300x195.webp 300w, https:\/\/dr-anna-brandenburg.de\/wp-content\/uploads\/2025\/10\/Dr.-Carina-Borkowski-768x499.webp 768w\" sizes=\"(max-width: 800px) 100vw, 800px\" \/>\t\t\t\t\t\t\t\t\t\t\t\t\t\t\t<\/div>\n\t\t<div class=\"elementor-element elementor-element-8996e62 e-con-full e-flex e-con e-child\" data-id=\"8996e62\" data-element_type=\"container\" data-e-type=\"container\" data-settings=\"{&quot;background_background&quot;:&quot;classic&quot;,&quot;jet_parallax_layout_list&quot;:[]}\">\n\t\t<div class=\"elementor-element elementor-element-7d9cd24 e-con-full e-flex e-con e-child\" data-id=\"7d9cd24\" data-element_type=\"container\" data-e-type=\"container\" data-settings=\"{&quot;jet_parallax_layout_list&quot;:[]}\">\n\t\t\t\t<div class=\"elementor-element elementor-element-7322e6f elementor-widget elementor-widget-jet-listing-dynamic-field\" data-id=\"7322e6f\" data-element_type=\"widget\" data-e-type=\"widget\" data-widget_type=\"jet-listing-dynamic-field.default\">\n\t\t\t\t\t<div class=\"jet-listing jet-listing-dynamic-field display-inline\"><div class=\"jet-listing-dynamic-field__inline-wrap\"><div class=\"jet-listing-dynamic-field__content\" >Dr. med. Carina Borkowski<\/div><\/div><\/div>\t\t\t\t<\/div>\n\t\t\t\t<div class=\"elementor-element elementor-element-03c276a elementor-widget elementor-widget-jet-listing-dynamic-field\" data-id=\"03c276a\" data-element_type=\"widget\" data-e-type=\"widget\" data-widget_type=\"jet-listing-dynamic-field.default\">\n\t\t\t\t\t<div class=\"jet-listing jet-listing-dynamic-field display-inline\"><div class=\"jet-listing-dynamic-field__inline-wrap\"><div class=\"jet-listing-dynamic-field__content\" >Fach\u00e4rztin f\u00fcr Dermatologie<\/div><\/div><\/div>\t\t\t\t<\/div>\n\t\t\t\t<div class=\"elementor-element elementor-element-33c74e8 elementor-widget elementor-widget-jet-listing-dynamic-field\" data-id=\"33c74e8\" data-element_type=\"widget\" data-e-type=\"widget\" data-widget_type=\"jet-listing-dynamic-field.default\">\n\t\t\t\t\t<div class=\"jet-listing jet-listing-dynamic-field display-inline\"><div class=\"jet-listing-dynamic-field__inline-wrap\"><div class=\"jet-listing-dynamic-field__content\" >Schwerpunkte: Phlebologie, Operative Dermatologie, Lasermedizin<\/div><\/div><\/div>\t\t\t\t<\/div>\n\t\t\t\t<\/div>\n\t\t\t\t<div class=\"elementor-element elementor-element-b52a4b3 elementor-align-justify elementor-widget__width-inherit elementor-widget elementor-widget-button\" data-id=\"b52a4b3\" data-element_type=\"widget\" data-e-type=\"widget\" data-widget_type=\"button.default\">\n\t\t\t\t\t\t\t\t\t\t<a class=\"elementor-button elementor-size-sm elementor-animation-grow\" role=\"button\">\n\t\t\t\t\t\t<span class=\"elementor-button-content-wrapper\">\n\t\t\t\t\t\t\t\t\t<span class=\"elementor-button-text\">Zur Vita<\/span>\n\t\t\t\t\t<\/span>\n\t\t\t\t\t<\/a>\n\t\t\t\t\t\t\t\t<\/div>\n\t\t\t\t<\/div>\n\t\t\t\t\t<\/div>\n\t\t\t\t<\/div>\n\t\t\t\t<\/div>\n\t\t<a href=\"https:\/\/dr-anna-brandenburg.de\/de\/aerzte\/dr-carina-borkowski\/\" class=\"jet-engine-listing-overlay-link\"><\/a><\/div><\/div><div class=\"jet-listing-grid__item jet-listing-dynamic-post-277 jet-equal-columns\" data-post-id=\"277\"  ><div class=\"jet-engine-listing-overlay-wrap\" data-url=\"https:\/\/dr-anna-brandenburg.de\/de\/aerzte\/dr-med-annika-opitz\/\">\t\t<div data-elementor-type=\"jet-listing-items\" data-elementor-id=\"279\" class=\"elementor elementor-279\" data-elementor-post-type=\"jet-engine\">\n\t\t\t\t<div class=\"elementor-element elementor-element-10b32c5 e-flex e-con-boxed e-con e-parent\" data-id=\"10b32c5\" data-element_type=\"container\" data-e-type=\"container\" data-settings=\"{&quot;background_background&quot;:&quot;classic&quot;,&quot;jet_parallax_layout_list&quot;:[]}\">\n\t\t\t\t\t<div class=\"e-con-inner\">\n\t\t\t\t<div class=\"elementor-element elementor-element-3942c17 elementor-widget__width-inherit elementor-widget elementor-widget-image\" data-id=\"3942c17\" data-element_type=\"widget\" data-e-type=\"widget\" data-widget_type=\"image.default\">\n\t\t\t\t\t\t\t\t\t\t\t\t\t\t\t<img loading=\"lazy\" decoding=\"async\" width=\"800\" height=\"520\" src=\"https:\/\/dr-anna-brandenburg.de\/wp-content\/uploads\/2025\/10\/Dr.-Annika-Opitz.webp\" class=\"attachment-large size-large wp-image-1280\" alt=\"Team der Haut\u00e4rztinnen Dr. Anna Brandenburg in Hamburg \u2013 Dermatologische Privatpraxis f\u00fcr Hautgesundheit und \u00c4sthetik.\" srcset=\"https:\/\/dr-anna-brandenburg.de\/wp-content\/uploads\/2025\/10\/Dr.-Annika-Opitz.webp 1001w, https:\/\/dr-anna-brandenburg.de\/wp-content\/uploads\/2025\/10\/Dr.-Annika-Opitz-300x195.webp 300w, https:\/\/dr-anna-brandenburg.de\/wp-content\/uploads\/2025\/10\/Dr.-Annika-Opitz-768x499.webp 768w\" sizes=\"(max-width: 800px) 100vw, 800px\" \/>\t\t\t\t\t\t\t\t\t\t\t\t\t\t\t<\/div>\n\t\t<div class=\"elementor-element elementor-element-8996e62 e-con-full e-flex e-con e-child\" data-id=\"8996e62\" data-element_type=\"container\" data-e-type=\"container\" data-settings=\"{&quot;background_background&quot;:&quot;classic&quot;,&quot;jet_parallax_layout_list&quot;:[]}\">\n\t\t<div class=\"elementor-element elementor-element-7d9cd24 e-con-full e-flex e-con e-child\" data-id=\"7d9cd24\" data-element_type=\"container\" data-e-type=\"container\" data-settings=\"{&quot;jet_parallax_layout_list&quot;:[]}\">\n\t\t\t\t<div class=\"elementor-element elementor-element-7322e6f elementor-widget elementor-widget-jet-listing-dynamic-field\" data-id=\"7322e6f\" data-element_type=\"widget\" data-e-type=\"widget\" data-widget_type=\"jet-listing-dynamic-field.default\">\n\t\t\t\t\t<div class=\"jet-listing jet-listing-dynamic-field display-inline\"><div class=\"jet-listing-dynamic-field__inline-wrap\"><div class=\"jet-listing-dynamic-field__content\" >Dr. med. Annika Opitz<\/div><\/div><\/div>\t\t\t\t<\/div>\n\t\t\t\t<div class=\"elementor-element elementor-element-03c276a elementor-widget elementor-widget-jet-listing-dynamic-field\" data-id=\"03c276a\" data-element_type=\"widget\" data-e-type=\"widget\" data-widget_type=\"jet-listing-dynamic-field.default\">\n\t\t\t\t\t<div class=\"jet-listing jet-listing-dynamic-field display-inline\"><div class=\"jet-listing-dynamic-field__inline-wrap\"><div class=\"jet-listing-dynamic-field__content\" >Fach\u00e4rztin f\u00fcr Dermatologie, Allergologie<\/div><\/div><\/div>\t\t\t\t<\/div>\n\t\t\t\t<div class=\"elementor-element elementor-element-33c74e8 elementor-widget elementor-widget-jet-listing-dynamic-field\" data-id=\"33c74e8\" data-element_type=\"widget\" data-e-type=\"widget\" data-widget_type=\"jet-listing-dynamic-field.default\">\n\t\t\t\t\t<div class=\"jet-listing jet-listing-dynamic-field display-inline\"><div class=\"jet-listing-dynamic-field__inline-wrap\"><div class=\"jet-listing-dynamic-field__content\" >Schwerpunkte: Operative Dermatologie, Lasermedizin<\/div><\/div><\/div>\t\t\t\t<\/div>\n\t\t\t\t<\/div>\n\t\t\t\t<div class=\"elementor-element elementor-element-b52a4b3 elementor-align-justify elementor-widget__width-inherit elementor-widget elementor-widget-button\" data-id=\"b52a4b3\" data-element_type=\"widget\" data-e-type=\"widget\" data-widget_type=\"button.default\">\n\t\t\t\t\t\t\t\t\t\t<a class=\"elementor-button elementor-size-sm elementor-animation-grow\" role=\"button\">\n\t\t\t\t\t\t<span class=\"elementor-button-content-wrapper\">\n\t\t\t\t\t\t\t\t\t<span class=\"elementor-button-text\">Zur Vita<\/span>\n\t\t\t\t\t<\/span>\n\t\t\t\t\t<\/a>\n\t\t\t\t\t\t\t\t<\/div>\n\t\t\t\t<\/div>\n\t\t\t\t\t<\/div>\n\t\t\t\t<\/div>\n\t\t\t\t<\/div>\n\t\t<a href=\"https:\/\/dr-anna-brandenburg.de\/de\/aerzte\/dr-med-annika-opitz\/\" class=\"jet-engine-listing-overlay-link\"><\/a><\/div><\/div><div class=\"jet-listing-grid__item jet-listing-dynamic-post-276 jet-equal-columns\" data-post-id=\"276\"  ><div class=\"jet-engine-listing-overlay-wrap\" data-url=\"https:\/\/dr-anna-brandenburg.de\/de\/aerzte\/dr-med-anna-brandenburg\/\">\t\t<div data-elementor-type=\"jet-listing-items\" data-elementor-id=\"279\" class=\"elementor elementor-279\" data-elementor-post-type=\"jet-engine\">\n\t\t\t\t<div class=\"elementor-element elementor-element-10b32c5 e-flex e-con-boxed e-con e-parent\" data-id=\"10b32c5\" data-element_type=\"container\" data-e-type=\"container\" data-settings=\"{&quot;background_background&quot;:&quot;classic&quot;,&quot;jet_parallax_layout_list&quot;:[]}\">\n\t\t\t\t\t<div class=\"e-con-inner\">\n\t\t\t\t<div class=\"elementor-element elementor-element-3942c17 elementor-widget__width-inherit elementor-widget elementor-widget-image\" data-id=\"3942c17\" data-element_type=\"widget\" data-e-type=\"widget\" data-widget_type=\"image.default\">\n\t\t\t\t\t\t\t\t\t\t\t\t\t\t\t<img loading=\"lazy\" decoding=\"async\" width=\"800\" height=\"520\" src=\"https:\/\/dr-anna-brandenburg.de\/wp-content\/uploads\/2025\/10\/Dr.-Anna-Brandenburg.webp\" class=\"attachment-large size-large wp-image-1279\" alt=\"Team der Haut\u00e4rztinnen Dr. Anna Brandenburg in Hamburg \u2013 Dermatologische Privatpraxis f\u00fcr Hautgesundheit und \u00c4sthetik.\" srcset=\"https:\/\/dr-anna-brandenburg.de\/wp-content\/uploads\/2025\/10\/Dr.-Anna-Brandenburg.webp 1001w, https:\/\/dr-anna-brandenburg.de\/wp-content\/uploads\/2025\/10\/Dr.-Anna-Brandenburg-300x195.webp 300w, https:\/\/dr-anna-brandenburg.de\/wp-content\/uploads\/2025\/10\/Dr.-Anna-Brandenburg-768x499.webp 768w\" sizes=\"(max-width: 800px) 100vw, 800px\" \/>\t\t\t\t\t\t\t\t\t\t\t\t\t\t\t<\/div>\n\t\t<div class=\"elementor-element elementor-element-8996e62 e-con-full e-flex e-con e-child\" data-id=\"8996e62\" data-element_type=\"container\" data-e-type=\"container\" data-settings=\"{&quot;background_background&quot;:&quot;classic&quot;,&quot;jet_parallax_layout_list&quot;:[]}\">\n\t\t<div class=\"elementor-element elementor-element-7d9cd24 e-con-full e-flex e-con e-child\" data-id=\"7d9cd24\" data-element_type=\"container\" data-e-type=\"container\" data-settings=\"{&quot;jet_parallax_layout_list&quot;:[]}\">\n\t\t\t\t<div class=\"elementor-element elementor-element-7322e6f elementor-widget elementor-widget-jet-listing-dynamic-field\" data-id=\"7322e6f\" data-element_type=\"widget\" data-e-type=\"widget\" data-widget_type=\"jet-listing-dynamic-field.default\">\n\t\t\t\t\t<div class=\"jet-listing jet-listing-dynamic-field display-inline\"><div class=\"jet-listing-dynamic-field__inline-wrap\"><div class=\"jet-listing-dynamic-field__content\" >Dr. med. Anna Brandenburg<\/div><\/div><\/div>\t\t\t\t<\/div>\n\t\t\t\t<div class=\"elementor-element elementor-element-03c276a elementor-widget elementor-widget-jet-listing-dynamic-field\" data-id=\"03c276a\" data-element_type=\"widget\" data-e-type=\"widget\" data-widget_type=\"jet-listing-dynamic-field.default\">\n\t\t\t\t\t<div class=\"jet-listing jet-listing-dynamic-field display-inline\"><div class=\"jet-listing-dynamic-field__inline-wrap\"><div class=\"jet-listing-dynamic-field__content\" >Fach\u00e4rztin f\u00fcr Dermatologie <\/div><\/div><\/div>\t\t\t\t<\/div>\n\t\t\t\t<div class=\"elementor-element elementor-element-33c74e8 elementor-widget elementor-widget-jet-listing-dynamic-field\" data-id=\"33c74e8\" data-element_type=\"widget\" data-e-type=\"widget\" data-widget_type=\"jet-listing-dynamic-field.default\">\n\t\t\t\t\t<div class=\"jet-listing jet-listing-dynamic-field display-inline\"><div class=\"jet-listing-dynamic-field__inline-wrap\"><div class=\"jet-listing-dynamic-field__content\" >Schwerpunkte: Operative Dermatologie, Lasermedizin und  \u00c4sthetische Dermatologie<\/div><\/div><\/div>\t\t\t\t<\/div>\n\t\t\t\t<\/div>\n\t\t\t\t<div class=\"elementor-element elementor-element-b52a4b3 elementor-align-justify elementor-widget__width-inherit elementor-widget elementor-widget-button\" data-id=\"b52a4b3\" data-element_type=\"widget\" data-e-type=\"widget\" data-widget_type=\"button.default\">\n\t\t\t\t\t\t\t\t\t\t<a class=\"elementor-button elementor-size-sm elementor-animation-grow\" role=\"button\">\n\t\t\t\t\t\t<span class=\"elementor-button-content-wrapper\">\n\t\t\t\t\t\t\t\t\t<span class=\"elementor-button-text\">Zur Vita<\/span>\n\t\t\t\t\t<\/span>\n\t\t\t\t\t<\/a>\n\t\t\t\t\t\t\t\t<\/div>\n\t\t\t\t<\/div>\n\t\t\t\t\t<\/div>\n\t\t\t\t<\/div>\n\t\t\t\t<\/div>\n\t\t<a href=\"https:\/\/dr-anna-brandenburg.de\/de\/aerzte\/dr-med-anna-brandenburg\/\" class=\"jet-engine-listing-overlay-link\"><\/a><\/div><\/div><\/div><\/div>\t\t\t\t<\/div>\n\t\t\t\t<\/div>\n\t\t\t\t<\/div>\n\t\t<\/div>\n\t\t\t\t\t\t<\/div>\n\t\t\t\t<div class=\"elementor-element elementor-element-2a31628 elementor-widget elementor-widget-heading\" data-id=\"2a31628\" data-element_type=\"widget\" data-e-type=\"widget\" data-widget_type=\"heading.default\">\n\t\t\t\t\t<h2 class=\"elementor-heading-title elementor-size-default\">Ihre innovative Haarbehandlung mit DR. CYJ Hair Filler in Hamburg <\/h2>\t\t\t\t<\/div>\n\t\t\t\t<div class=\"elementor-element elementor-element-8727a1c elementor-widget elementor-widget-text-editor\" data-id=\"8727a1c\" data-element_type=\"widget\" data-e-type=\"widget\" data-widget_type=\"text-editor.default\">\n\t\t\t\t\t\t\t\t\t<p>Haarausfall hat f\u00fcr viele Menschen vielschichtige Auswirkungen. Diese betreffen das Selbstbild, das Gef\u00fchl der Kontrolle \u00fcber die eigenen Ver\u00e4nderungen und oft auch das Vertrauen in den eigenen K\u00f6rper. Zudem mag es ein sozial aufgeladenes Thema sein, doch ist die gute Nachricht, dass es f\u00fcr viele Arten des Haarausfalls medizinische Ursachen gibt, die sich behandeln lassen.<\/p><p>\u00a0<\/p><p>Neben der Ursachenkl\u00e4rung in unserer Haarsprechstunde bieten wir Ihnen mit DR. CYJ Hair Filler eine peptidbasierte Kopfhautbehandlung zur Unterst\u00fctzung der Regeneration und zur Schaffung g\u00fcnstiger Bedingungen f\u00fcr die Aktivit\u00e4t bestehender und neuer Haarfollikel.<sup>1<\/sup> Es handelt sich um eine minimal-invasive Ma\u00dfnahme, die wir erg\u00e4nzend zur Ursachenbehandlung und besonders in den fr\u00fchen Stadien des nicht vernarbenden Haarausfalls empfehlen.<\/p><p>\u00a0<\/p><p>Wenn Sie realistische Erwartungen, medizinische Pr\u00e4zision und eine ehrliche Beratung suchen, dann vereinbaren Sie Ihren Termin bei uns gerne online oder telefonisch.<\/p>\t\t\t\t\t\t\t\t<\/div>\n\t\t\t\t<div class=\"elementor-element elementor-element-50ff95f elementor-align-left elementor-widget__width-inherit elementor-widget elementor-widget-button\" data-id=\"50ff95f\" data-element_type=\"widget\" data-e-type=\"widget\" data-widget_type=\"button.default\">\n\t\t\t\t\t\t\t\t\t\t<a class=\"elementor-button elementor-button-link elementor-size-sm elementor-animation-grow\" href=\"https:\/\/www.doctolib.de\/privatpraxis\/hamburg\/dermatologische-privatpraxis-dr-anna-brandenburg\/booking\/specialities?profile_skipped=true&#038;bookingFunnelSource=external_referral\" target=\"_blank\" rel=\"noopener\">\n\t\t\t\t\t\t<span class=\"elementor-button-content-wrapper\">\n\t\t\t\t\t\t\t\t\t<span class=\"elementor-button-text\">TERMINBUCHUNG<\/span>\n\t\t\t\t\t<\/span>\n\t\t\t\t\t<\/a>\n\t\t\t\t\t\t\t\t<\/div>\n\t\t\t\t<div class=\"elementor-element elementor-element-784a6ae elementor-widget elementor-widget-heading\" data-id=\"784a6ae\" data-element_type=\"widget\" data-e-type=\"widget\" data-widget_type=\"heading.default\">\n\t\t\t\t\t<h3 class=\"elementor-heading-title elementor-size-default\">F\u00fcr wen ist die Behandlung geeignet? <\/h3>\t\t\t\t<\/div>\n\t\t\t\t<div class=\"elementor-element elementor-element-43aec8e elementor-widget elementor-widget-text-editor\" data-id=\"43aec8e\" data-element_type=\"widget\" data-e-type=\"widget\" data-widget_type=\"text-editor.default\">\n\t\t\t\t\t\t\t\t\t<p>DR. CYJ Hair Filler richtet sich an Patienten mit Haarverlust, bei denen die Haarfollikel grunds\u00e4tzlich noch aktiv sind. Entscheidend ist dabei weniger das Geschlecht als vielmehr Ursache, Stadium und Dynamik des Haarverlusts.<\/p><p>\u00a0<\/p><p>Geeignet bei:<\/p>\t\t\t\t\t\t\t\t<\/div>\n\t\t<div class=\"elementor-element elementor-element-1e3f569 e-grid e-con-full e-con e-child\" data-id=\"1e3f569\" data-element_type=\"container\" data-e-type=\"container\" data-settings=\"{&quot;jet_parallax_layout_list&quot;:[]}\">\n\t\t\t\t<div class=\"elementor-element elementor-element-7b8c576 elementor-widget elementor-widget-icon-box\" data-id=\"7b8c576\" data-element_type=\"widget\" data-e-type=\"widget\" data-widget_type=\"icon-box.default\">\n\t\t\t\t\t\t\t<div class=\"elementor-icon-box-wrapper\">\n\n\t\t\t\n\t\t\t\t\t\t<div class=\"elementor-icon-box-content\">\n\n\t\t\t\t\t\t\t\t\t<div class=\"elementor-icon-box-title\">\n\t\t\t\t\t\t<span  >\n\t\t\t\t\t\t\tDiffusem Haarausfall\t\t\t\t\t\t<\/span>\n\t\t\t\t\t<\/div>\n\t\t\t\t\n\t\t\t\t\t\t\t\t\t<p class=\"elementor-icon-box-description\">\n\t\t\t\t\t\tz. B. infolge von Stress, Infekten, hormonellen Schwankungen oder Mangelzust\u00e4nden\t\t\t\t\t<\/p>\n\t\t\t\t\n\t\t\t<\/div>\n\t\t\t\n\t\t<\/div>\n\t\t\t\t\t\t<\/div>\n\t\t\t\t<div class=\"elementor-element elementor-element-717cea2 elementor-widget elementor-widget-icon-box\" data-id=\"717cea2\" data-element_type=\"widget\" data-e-type=\"widget\" data-widget_type=\"icon-box.default\">\n\t\t\t\t\t\t\t<div class=\"elementor-icon-box-wrapper\">\n\n\t\t\t\n\t\t\t\t\t\t<div class=\"elementor-icon-box-content\">\n\n\t\t\t\t\t\t\t\t\t<div class=\"elementor-icon-box-title\">\n\t\t\t\t\t\t<span  >\n\t\t\t\t\t\t\tBeginnender androgenetischer Alopezie  \t\t\t\t\t\t<\/span>\n\t\t\t\t\t<\/div>\n\t\t\t\t\n\t\t\t\t\t\t\t\t\t<p class=\"elementor-icon-box-description\">\n\t\t\t\t\t\tBei Frauen und M\u00e4nnern, insbesondere in fr\u00fchen Stadien \t\t\t\t\t<\/p>\n\t\t\t\t\n\t\t\t<\/div>\n\t\t\t\n\t\t<\/div>\n\t\t\t\t\t\t<\/div>\n\t\t\t\t<div class=\"elementor-element elementor-element-cfabeb8 elementor-widget elementor-widget-icon-box\" data-id=\"cfabeb8\" data-element_type=\"widget\" data-e-type=\"widget\" data-widget_type=\"icon-box.default\">\n\t\t\t\t\t\t\t<div class=\"elementor-icon-box-wrapper\">\n\n\t\t\t\n\t\t\t\t\t\t<div class=\"elementor-icon-box-content\">\n\n\t\t\t\t\t\t\t\t\t<div class=\"elementor-icon-box-title\">\n\t\t\t\t\t\t<span  >\n\t\t\t\t\t\t\tStressbedingtem oder reaktivem Haarausfall  \t\t\t\t\t\t<\/span>\n\t\t\t\t\t<\/div>\n\t\t\t\t\n\t\t\t\t\t\t\t\t\t<p class=\"elementor-icon-box-description\">\n\t\t\t\t\t\tetwa nach k\u00f6rperlichen oder psychischen Belastungsphasen\u00a0\t\t\t\t\t<\/p>\n\t\t\t\t\n\t\t\t<\/div>\n\t\t\t\n\t\t<\/div>\n\t\t\t\t\t\t<\/div>\n\t\t\t\t<div class=\"elementor-element elementor-element-4ef257e elementor-widget elementor-widget-icon-box\" data-id=\"4ef257e\" data-element_type=\"widget\" data-e-type=\"widget\" data-widget_type=\"icon-box.default\">\n\t\t\t\t\t\t\t<div class=\"elementor-icon-box-wrapper\">\n\n\t\t\t\n\t\t\t\t\t\t<div class=\"elementor-icon-box-content\">\n\n\t\t\t\t\t\t\t\t\t<div class=\"elementor-icon-box-title\">\n\t\t\t\t\t\t<span  >\n\t\t\t\t\t\t\tAusd\u00fcnnung der Haare ohne vernarbende Ver\u00e4nderungen\t\t\t\t\t\t<\/span>\n\t\t\t\t\t<\/div>\n\t\t\t\t\n\t\t\t\t\t\t\t\t\t<p class=\"elementor-icon-box-description\">\n\t\t\t\t\t\tmeist bedingt durch genetische Dispositionen oder Ver\u00e4nderungen des Stoffwechsels \t\t\t\t\t<\/p>\n\t\t\t\t\n\t\t\t<\/div>\n\t\t\t\n\t\t<\/div>\n\t\t\t\t\t\t<\/div>\n\t\t\t\t<div class=\"elementor-element elementor-element-7db5d9f elementor-widget elementor-widget-icon-box\" data-id=\"7db5d9f\" data-element_type=\"widget\" data-e-type=\"widget\" data-widget_type=\"icon-box.default\">\n\t\t\t\t\t\t\t<div class=\"elementor-icon-box-wrapper\">\n\n\t\t\t\n\t\t\t\t\t\t<div class=\"elementor-icon-box-content\">\n\n\t\t\t\t\t\t\t\t\t<div class=\"elementor-icon-box-title\">\n\t\t\t\t\t\t<span  >\n\t\t\t\t\t\t\tErg\u00e4nzend zu bestehenden Therapien  \t\t\t\t\t\t<\/span>\n\t\t\t\t\t<\/div>\n\t\t\t\t\n\t\t\t\t\t\t\t\t\t<p class=\"elementor-icon-box-description\">\n\t\t\t\t\t\tIm Rahmen eines kombinierten Behandlungskonzepts mit PRP (PRF), Microneedling oder medikament\u00f6sen Standardtherapien\t\t\t\t\t<\/p>\n\t\t\t\t\n\t\t\t<\/div>\n\t\t\t\n\t\t<\/div>\n\t\t\t\t\t\t<\/div>\n\t\t\t\t<\/div>\n\t\t\t\t<div class=\"elementor-element elementor-element-98ef874 elementor-widget elementor-widget-heading\" data-id=\"98ef874\" data-element_type=\"widget\" data-e-type=\"widget\" data-widget_type=\"heading.default\">\n\t\t\t\t\t<h3 class=\"elementor-heading-title elementor-size-default\">Der typische Behandlungszyklus f\u00fcr DR. CYJ Hair Filler  <\/h3>\t\t\t\t<\/div>\n\t\t\t\t<div class=\"elementor-element elementor-element-47e5393 elementor-widget elementor-widget-text-editor\" data-id=\"47e5393\" data-element_type=\"widget\" data-e-type=\"widget\" data-widget_type=\"text-editor.default\">\n\t\t\t\t\t\t\t\t\tWie bei allen Behandlungen in unserer Hamburger Privatpraxis folgen wir auch bei DR. CYJ Hair Filler einem klaren Schema. Das gibt einem minimal-invasiven Eingriff noch zus\u00e4tzliche Sicherheit und macht es f\u00fcr unsere Patienten leichter, Erwartungen und M\u00f6glichkeiten zusammenzuf\u00fchren. \t\t\t\t\t\t\t\t<\/div>\n\t\t<div class=\"elementor-element elementor-element-3019328 e-grid e-con-full e-con e-child\" data-id=\"3019328\" data-element_type=\"container\" data-e-type=\"container\" data-settings=\"{&quot;jet_parallax_layout_list&quot;:[]}\">\n\t\t\t\t<div class=\"elementor-element elementor-element-2206fa0 elementor-widget elementor-widget-icon-box\" data-id=\"2206fa0\" data-element_type=\"widget\" data-e-type=\"widget\" data-widget_type=\"icon-box.default\">\n\t\t\t\t\t\t\t<div class=\"elementor-icon-box-wrapper\">\n\n\t\t\t\n\t\t\t\t\t\t<div class=\"elementor-icon-box-content\">\n\n\t\t\t\t\t\t\t\t\t<h4 class=\"elementor-icon-box-title\">\n\t\t\t\t\t\t<span  >\n\t\t\t\t\t\t\tStart der Behandlung  \t\t\t\t\t\t<\/span>\n\t\t\t\t\t<\/h4>\n\t\t\t\t\n\t\t\t\t\t\t\t\t\t<p class=\"elementor-icon-box-description\">\n\t\t\t\t\t\tZu Beginn erfolgt die eigentliche Therapiephase mit 4 Sitzungen im Abstand von jeweils 2 Wochen. In jeder Sitzung werden die Wirkstoffe (Peptide) mithilfe feiner Nadeln gezielt in die betroffenen Bereiche der Kopfhaut injiziert. Eine Sitzung dauert in der Regel 15 bis 25 Minuten und Ziel ist es, die Kopfhaut kontinuierlich mit dem Peptidkomplex und der Hyalurons\u00e4ure zu versorgen.\t\t\t\t\t<\/p>\n\t\t\t\t\n\t\t\t<\/div>\n\t\t\t\n\t\t<\/div>\n\t\t\t\t\t\t<\/div>\n\t\t\t\t<div class=\"elementor-element elementor-element-365e7a4 elementor-widget elementor-widget-icon-box\" data-id=\"365e7a4\" data-element_type=\"widget\" data-e-type=\"widget\" data-widget_type=\"icon-box.default\">\n\t\t\t\t\t\t\t<div class=\"elementor-icon-box-wrapper\">\n\n\t\t\t\n\t\t\t\t\t\t<div class=\"elementor-icon-box-content\">\n\n\t\t\t\t\t\t\t\t\t<h4 class=\"elementor-icon-box-title\">\n\t\t\t\t\t\t<span  >\n\t\t\t\t\t\t\tErste Ver\u00e4nderungen\t\t\t\t\t\t<\/span>\n\t\t\t\t\t<\/h4>\n\t\t\t\t\n\t\t\t\t\t\t\t\t\t<p class=\"elementor-icon-box-description\">\n\t\t\t\t\t\tGeduld ist ein wichtiger Faktor, denn Haare wachsen langsam. Entsprechend zeigen sich Ver\u00e4nderungen nicht sofort. Viele Patienten berichten jedoch bereits nach wenigen Wochen \u00fcber eine reduzierte Haarverlustrate. Sichtbare Ver\u00e4nderungen der Haarstruktur oder -dichte k\u00f6nnen sich typischerweise nach etwa 6 bis 12 Wochen entwickeln. \t\t\t\t\t<\/p>\n\t\t\t\t\n\t\t\t<\/div>\n\t\t\t\n\t\t<\/div>\n\t\t\t\t\t\t<\/div>\n\t\t\t\t<div class=\"elementor-element elementor-element-ae7e2f7 elementor-widget elementor-widget-icon-box\" data-id=\"ae7e2f7\" data-element_type=\"widget\" data-e-type=\"widget\" data-widget_type=\"icon-box.default\">\n\t\t\t\t\t\t\t<div class=\"elementor-icon-box-wrapper\">\n\n\t\t\t\n\t\t\t\t\t\t<div class=\"elementor-icon-box-content\">\n\n\t\t\t\t\t\t\t\t\t<div class=\"elementor-icon-box-title\">\n\t\t\t\t\t\t<span  >\n\t\t\t\t\t\t\tStabilisierung &amp; Erhalt  \t\t\t\t\t\t<\/span>\n\t\t\t\t\t<\/div>\n\t\t\t\t\n\t\t\t\t\t\t\t\t\t<p class=\"elementor-icon-box-description\">\n\t\t\t\t\t\tNach Abschluss der Startphase werden wir den Verlauf beurteilen. Je nach Ursache des Haarausfalls, Ausgangsbefund und begleitender Therapie kann es sinnvoll sein, die erzielten Effekte durch Auffrischungsbehandlungen in gr\u00f6\u00dferen Abst\u00e4nden zu stabilisieren. H\u00e4ufig liegt dieser Zeitraum bei etwa 6 bis 12 Monaten und wird passend zu Ihrer pers\u00f6nlichen Entwicklung bestimmt.\t\t\t\t\t<\/p>\n\t\t\t\t\n\t\t\t<\/div>\n\t\t\t\n\t\t<\/div>\n\t\t\t\t\t\t<\/div>\n\t\t\t\t<\/div>\n\t\t\t\t<div class=\"elementor-element elementor-element-1d9baf8 elementor-widget elementor-widget-heading\" data-id=\"1d9baf8\" data-element_type=\"widget\" data-e-type=\"widget\" data-widget_type=\"heading.default\">\n\t\t\t\t\t<h5 class=\"elementor-heading-title elementor-size-default\">Kombinationstherapien<\/h5>\t\t\t\t<\/div>\n\t\t\t\t<div class=\"elementor-element elementor-element-55cf8a1 elementor-widget elementor-widget-text-editor\" data-id=\"55cf8a1\" data-element_type=\"widget\" data-e-type=\"widget\" data-widget_type=\"text-editor.default\">\n\t\t\t\t\t\t\t\t\tDR. CYJ Hair Filler wird in unserer Praxis in der Regel als ein Teil eines umfassenden Haarbehandlungskonzepts eingesetzt. Je nach Ihrer pers\u00f6nlichen Situation und Ihren Zielen kann die Behandlung sinnvoll mit weiteren Verfahren wie PRP, Microneedling, LED-Therapie oder medikament\u00f6sen Standardtherapien kombiniert werden. Den entsprechenden Plan hierzu erstellen wir meist in unserer Haarsprechstunde.\t\t\t\t\t\t\t\t<\/div>\n\t\t<div class=\"elementor-element elementor-element-b19cd42 e-grid e-con-full e-con e-child\" data-id=\"b19cd42\" data-element_type=\"container\" data-e-type=\"container\" data-settings=\"{&quot;jet_parallax_layout_list&quot;:[]}\">\n\t\t\t\t<div class=\"elementor-element elementor-element-52cbd3f elementor-widget elementor-widget-icon-box\" data-id=\"52cbd3f\" data-element_type=\"widget\" data-e-type=\"widget\" data-widget_type=\"icon-box.default\">\n\t\t\t\t\t\t\t<div class=\"elementor-icon-box-wrapper\">\n\n\t\t\t\n\t\t\t\t\t\t<div class=\"elementor-icon-box-content\">\n\n\t\t\t\t\t\t\t\t\t<div class=\"elementor-icon-box-title\">\n\t\t\t\t\t\t<span  >\n\t\t\t\t\t\t\tDR. CYJ + PRP (PRF)\t\t\t\t\t\t<\/span>\n\t\t\t\t\t<\/div>\n\t\t\t\t\n\t\t\t\t\t\t\t\t\t<p class=\"elementor-icon-box-description\">\n\t\t\t\t\t\tIm Wechsel angewendet verst\u00e4rken die k\u00f6rpereigenen Wachstumsfaktoren (PRP) und Peptide (DR. CYJ) ihre Wirkung. Typisch ist ein 6-w\u00f6chiger Wechselrhythmus. \t\t\t\t\t<\/p>\n\t\t\t\t\n\t\t\t<\/div>\n\t\t\t\n\t\t<\/div>\n\t\t\t\t\t\t<\/div>\n\t\t\t\t<div class=\"elementor-element elementor-element-851e4cc elementor-widget elementor-widget-icon-box\" data-id=\"851e4cc\" data-element_type=\"widget\" data-e-type=\"widget\" data-widget_type=\"icon-box.default\">\n\t\t\t\t\t\t\t<div class=\"elementor-icon-box-wrapper\">\n\n\t\t\t\n\t\t\t\t\t\t<div class=\"elementor-icon-box-content\">\n\n\t\t\t\t\t\t\t\t\t<div class=\"elementor-icon-box-title\">\n\t\t\t\t\t\t<span  >\n\t\t\t\t\t\t\tDR. CYJ + Microneedling\t\t\t\t\t\t<\/span>\n\t\t\t\t\t<\/div>\n\t\t\t\t\n\t\t\t\t\t\t\t\t\t<p class=\"elementor-icon-box-description\">\n\t\t\t\t\t\tUnser professionelles Microneedling alle 4 Wochen kann die Aufnahmef\u00e4higkeit der Kopfhaut erh\u00f6hen und das Wachstum zus\u00e4tzlich stimulieren. \t\t\t\t\t<\/p>\n\t\t\t\t\n\t\t\t<\/div>\n\t\t\t\n\t\t<\/div>\n\t\t\t\t\t\t<\/div>\n\t\t\t\t<div class=\"elementor-element elementor-element-927e628 elementor-widget elementor-widget-icon-box\" data-id=\"927e628\" data-element_type=\"widget\" data-e-type=\"widget\" data-widget_type=\"icon-box.default\">\n\t\t\t\t\t\t\t<div class=\"elementor-icon-box-wrapper\">\n\n\t\t\t\n\t\t\t\t\t\t<div class=\"elementor-icon-box-content\">\n\n\t\t\t\t\t\t\t\t\t<div class=\"elementor-icon-box-title\">\n\t\t\t\t\t\t<span  >\n\t\t\t\t\t\t\tDR. CYJ + LED\/Low-Level-Lasertherapie\t\t\t\t\t\t<\/span>\n\t\t\t\t\t<\/div>\n\t\t\t\t\n\t\t\t\t\t\t\t\t\t<p class=\"elementor-icon-box-description\">\n\t\t\t\t\t\t2\u20133 Anwendungen pro Woche f\u00f6rdern die Durchblutung und regenerative Prozesse zus\u00e4tzlich. Ideal als dauerhafte Unterst\u00fctzung. \t\t\t\t\t<\/p>\n\t\t\t\t\n\t\t\t<\/div>\n\t\t\t\n\t\t<\/div>\n\t\t\t\t\t\t<\/div>\n\t\t\t\t<div class=\"elementor-element elementor-element-d17b718 elementor-widget elementor-widget-icon-box\" data-id=\"d17b718\" data-element_type=\"widget\" data-e-type=\"widget\" data-widget_type=\"icon-box.default\">\n\t\t\t\t\t\t\t<div class=\"elementor-icon-box-wrapper\">\n\n\t\t\t\n\t\t\t\t\t\t<div class=\"elementor-icon-box-content\">\n\n\t\t\t\t\t\t\t\t\t<div class=\"elementor-icon-box-title\">\n\t\t\t\t\t\t<span  >\n\t\t\t\t\t\t\tDR. CYJ + medizinische Standardtherapien\t\t\t\t\t\t<\/span>\n\t\t\t\t\t<\/div>\n\t\t\t\t\n\t\t\t\t\t\t\t\t\t<p class=\"elementor-icon-box-description\">\n\t\t\t\t\t\tIn Kombination mit Minoxidil oder (bei M\u00e4nnern) Finasterid k\u00f6nnen besonders starke Ergebnisse erzielt werden. \t\t\t\t\t<\/p>\n\t\t\t\t\n\t\t\t<\/div>\n\t\t\t\n\t\t<\/div>\n\t\t\t\t\t\t<\/div>\n\t\t\t\t<\/div>\n\t\t<div class=\"elementor-element elementor-element-f92ab95 e-con-full e-flex e-con e-child\" data-id=\"f92ab95\" data-element_type=\"container\" data-e-type=\"container\" data-settings=\"{&quot;jet_parallax_layout_list&quot;:[]}\">\n\t\t<div class=\"elementor-element elementor-element-dd5990c e-con-full e-flex e-con e-child\" data-id=\"dd5990c\" data-element_type=\"container\" data-e-type=\"container\" data-settings=\"{&quot;jet_parallax_layout_list&quot;:[]}\">\n\t\t\t\t<div class=\"elementor-element elementor-element-dbbb35f elementor-widget elementor-widget-heading\" data-id=\"dbbb35f\" data-element_type=\"widget\" data-e-type=\"widget\" data-widget_type=\"heading.default\">\n\t\t\t\t\t<h2 class=\"elementor-heading-title elementor-size-default\">Wir erkl\u00e4ren das Wirkprinzip von DR. CYJ Hair Filler <\/h2>\t\t\t\t<\/div>\n\t\t\t\t<div class=\"elementor-element elementor-element-2f7d8c5 elementor-widget elementor-widget-text-editor\" data-id=\"2f7d8c5\" data-element_type=\"widget\" data-e-type=\"widget\" data-widget_type=\"text-editor.default\">\n\t\t\t\t\t\t\t\t\t<p>Was den Filler so besonders macht, ist das Zusammenspiel von Hyalurons\u00e4ure und biomimetischen Peptidkomplexen, die direkt in die Kopfhaut injiziert werden.<\/p><p>\u00a0<\/p><p>Die Hyalurons\u00e4ure hat dabei die Aufgabe, das Gewebe zu hydratisieren, das Kopfhautmilieu zu verbessern und gleichzeitig Tr\u00e4germatrix f\u00fcr die Peptide zu sein. Ihre Haut wird sozusagen \u201cbew\u00e4ssert\u201d, damit die Wirkstoffe und die Haarwurzeln eine gute Grundvoraussetzung haben.<\/p>\t\t\t\t\t\t\t\t<\/div>\n\t\t\t\t<\/div>\n\t\t<div class=\"elementor-element elementor-element-b5a491d e-con-full e-flex e-con e-child\" data-id=\"b5a491d\" data-element_type=\"container\" data-e-type=\"container\" data-settings=\"{&quot;jet_parallax_layout_list&quot;:[]}\">\n\t\t\t\t<div class=\"elementor-element elementor-element-faee967 elementor-widget elementor-widget-image\" data-id=\"faee967\" data-element_type=\"widget\" data-e-type=\"widget\" data-widget_type=\"image.default\">\n\t\t\t\t\t\t\t\t\t\t\t\t\t\t\t<img loading=\"lazy\" decoding=\"async\" width=\"800\" height=\"800\" src=\"https:\/\/dr-anna-brandenburg.de\/wp-content\/uploads\/2026\/01\/DR.-CYJ-Hair-Filler-Hamburg.webp\" class=\"attachment-large size-large wp-image-6190\" alt=\"DR. CYJ Hair Filler Hamburg \u2013 Peptidbasierte Kopfhautbehandlung gegen Haarausfall\" srcset=\"https:\/\/dr-anna-brandenburg.de\/wp-content\/uploads\/2026\/01\/DR.-CYJ-Hair-Filler-Hamburg.webp 801w, https:\/\/dr-anna-brandenburg.de\/wp-content\/uploads\/2026\/01\/DR.-CYJ-Hair-Filler-Hamburg-300x300.webp 300w, https:\/\/dr-anna-brandenburg.de\/wp-content\/uploads\/2026\/01\/DR.-CYJ-Hair-Filler-Hamburg-150x150.webp 150w, https:\/\/dr-anna-brandenburg.de\/wp-content\/uploads\/2026\/01\/DR.-CYJ-Hair-Filler-Hamburg-768x768.webp 768w\" sizes=\"(max-width: 800px) 100vw, 800px\" \/>\t\t\t\t\t\t\t\t\t\t\t\t\t\t\t<\/div>\n\t\t\t\t<\/div>\n\t\t\t\t<\/div>\n\t\t\t\t<div class=\"elementor-element elementor-element-917cd22 elementor-widget elementor-widget-text-editor\" data-id=\"917cd22\" data-element_type=\"widget\" data-e-type=\"widget\" data-widget_type=\"text-editor.default\">\n\t\t\t\t\t\t\t\t\t<p>Die biomimetischen Peptide wirken dann als biologische Signalstoffe, die an verschiedenen Regulationsmechanismen der Haarfollikel ansetzen. Klinische Studien zeigen Effekte auf die Zellkommunikation, die Mikrozirkulation sowie auf entz\u00fcndungsmodulierende Prozesse.<sup>2<\/sup><\/p><p>\u00a0<\/p><p>Ein dritter Ansatzpunkt liegt in der Stabilisierung der Wachstumsphase (Anagenphase) des Haares. Bei vielen Formen des nichtvernarbenden Haarausfalls verk\u00fcrzt sich diese Phase, w\u00e4hrend mehr Haare vorzeitig in die Ruhephase \u00fcbergehen. Die peptidbasierte Therapie zielt darauf ab, diese Verschiebung positiv zu beeinflussen und ein g\u00fcnstigeres Gleichgewicht im Haarzyklus zu f\u00f6rdern.<\/p>\t\t\t\t\t\t\t\t<\/div>\n\t\t\t\t<div class=\"elementor-element elementor-element-774a670 elementor-align-left elementor-widget__width-inherit elementor-widget elementor-widget-button\" data-id=\"774a670\" data-element_type=\"widget\" data-e-type=\"widget\" data-widget_type=\"button.default\">\n\t\t\t\t\t\t\t\t\t\t<a class=\"elementor-button elementor-button-link elementor-size-sm elementor-animation-grow\" href=\"https:\/\/www.doctolib.de\/privatpraxis\/hamburg\/dermatologische-privatpraxis-dr-anna-brandenburg\/booking\/specialities?profile_skipped=true&#038;bookingFunnelSource=external_referral\" target=\"_blank\" rel=\"noopener\">\n\t\t\t\t\t\t<span class=\"elementor-button-content-wrapper\">\n\t\t\t\t\t\t\t\t\t<span class=\"elementor-button-text\">TERMINBUCHUNG<\/span>\n\t\t\t\t\t<\/span>\n\t\t\t\t\t<\/a>\n\t\t\t\t\t\t\t\t<\/div>\n\t\t\t\t<div class=\"elementor-element elementor-element-c486c1a elementor-widget elementor-widget-heading\" data-id=\"c486c1a\" data-element_type=\"widget\" data-e-type=\"widget\" data-widget_type=\"heading.default\">\n\t\t\t\t\t<h3 class=\"elementor-heading-title elementor-size-default\">Vertr\u00e4glichkeit und m\u00f6gliche Nebenwirkungen <\/h3>\t\t\t\t<\/div>\n\t\t\t\t<div class=\"elementor-element elementor-element-8e90d42 elementor-widget elementor-widget-text-editor\" data-id=\"8e90d42\" data-element_type=\"widget\" data-e-type=\"widget\" data-widget_type=\"text-editor.default\">\n\t\t\t\t\t\t\t\t\t<p>Durch die Nat\u00fcrlichkeit der Wirkstoffe und ihre Mechanismen ist der Filler in der Regel gut vertr\u00e4glich. Wie bei allen Injektionsbehandlungen k\u00f6nnen vor\u00fcbergehende Reaktionen auftreten.<\/p><p>M\u00f6gliche, meist kurzfristige Reaktionen:<\/p>\t\t\t\t\t\t\t\t<\/div>\n\t\t\t\t<div class=\"elementor-element elementor-element-850cd85 elementor-align-start elementor-icon-list--layout-traditional elementor-list-item-link-full_width elementor-widget elementor-widget-icon-list\" data-id=\"850cd85\" data-element_type=\"widget\" data-e-type=\"widget\" data-widget_type=\"icon-list.default\">\n\t\t\t\t\t\t\t<ul class=\"elementor-icon-list-items\">\n\t\t\t\t\t\t\t<li class=\"elementor-icon-list-item\">\n\t\t\t\t\t\t\t\t\t\t\t<span class=\"elementor-icon-list-icon\">\n\t\t\t\t\t\t\t<i aria-hidden=\"true\" class=\"fas fa-check\"><\/i>\t\t\t\t\t\t<\/span>\n\t\t\t\t\t\t\t\t\t\t<span class=\"elementor-icon-list-text\">R\u00f6tung der Kopfhaut an den Injektionsstellen  <\/span>\n\t\t\t\t\t\t\t\t\t<\/li>\n\t\t\t\t\t\t\t\t<li class=\"elementor-icon-list-item\">\n\t\t\t\t\t\t\t\t\t\t\t<span class=\"elementor-icon-list-icon\">\n\t\t\t\t\t\t\t<i aria-hidden=\"true\" class=\"fas fa-check\"><\/i>\t\t\t\t\t\t<\/span>\n\t\t\t\t\t\t\t\t\t\t<span class=\"elementor-icon-list-text\">Leichte Schwellung oder Spannungsgef\u00fchl  <\/span>\n\t\t\t\t\t\t\t\t\t<\/li>\n\t\t\t\t\t\t\t\t<li class=\"elementor-icon-list-item\">\n\t\t\t\t\t\t\t\t\t\t\t<span class=\"elementor-icon-list-icon\">\n\t\t\t\t\t\t\t<i aria-hidden=\"true\" class=\"fas fa-check\"><\/i>\t\t\t\t\t\t<\/span>\n\t\t\t\t\t\t\t\t\t\t<span class=\"elementor-icon-list-text\">Druckempfindlichkeit im behandelten Areal  <\/span>\n\t\t\t\t\t\t\t\t\t<\/li>\n\t\t\t\t\t\t\t\t<li class=\"elementor-icon-list-item\">\n\t\t\t\t\t\t\t\t\t\t\t<span class=\"elementor-icon-list-icon\">\n\t\t\t\t\t\t\t<i aria-hidden=\"true\" class=\"fas fa-check\"><\/i>\t\t\t\t\t\t<\/span>\n\t\t\t\t\t\t\t\t\t\t<span class=\"elementor-icon-list-text\">Kurzzeitiges Brennen oder Kribbeln  <\/span>\n\t\t\t\t\t\t\t\t\t<\/li>\n\t\t\t\t\t\t\t\t<li class=\"elementor-icon-list-item\">\n\t\t\t\t\t\t\t\t\t\t\t<span class=\"elementor-icon-list-icon\">\n\t\t\t\t\t\t\t<i aria-hidden=\"true\" class=\"fas fa-check\"><\/i>\t\t\t\t\t\t<\/span>\n\t\t\t\t\t\t\t\t\t\t<span class=\"elementor-icon-list-text\">Kleine Bluterg\u00fcsse (H\u00e4matome) <\/span>\n\t\t\t\t\t\t\t\t\t<\/li>\n\t\t\t\t\t\t<\/ul>\n\t\t\t\t\t\t<\/div>\n\t\t\t\t<div class=\"elementor-element elementor-element-ad1d676 elementor-widget elementor-widget-text-editor\" data-id=\"ad1d676\" data-element_type=\"widget\" data-e-type=\"widget\" data-widget_type=\"text-editor.default\">\n\t\t\t\t\t\t\t\t\t<p>Seltene Nebenwirkungen:<\/p>\t\t\t\t\t\t\t\t<\/div>\n\t\t\t\t<div class=\"elementor-element elementor-element-f2b657d elementor-align-start elementor-icon-list--layout-traditional elementor-list-item-link-full_width elementor-widget elementor-widget-icon-list\" data-id=\"f2b657d\" data-element_type=\"widget\" data-e-type=\"widget\" data-widget_type=\"icon-list.default\">\n\t\t\t\t\t\t\t<ul class=\"elementor-icon-list-items\">\n\t\t\t\t\t\t\t<li class=\"elementor-icon-list-item\">\n\t\t\t\t\t\t\t\t\t\t\t<span class=\"elementor-icon-list-icon\">\n\t\t\t\t\t\t\t<i aria-hidden=\"true\" class=\"fas fa-check\"><\/i>\t\t\t\t\t\t<\/span>\n\t\t\t\t\t\t\t\t\t\t<span class=\"elementor-icon-list-text\">st\u00e4rkere lokale Reizung oder anhaltende Schwellung  <\/span>\n\t\t\t\t\t\t\t\t\t<\/li>\n\t\t\t\t\t\t\t\t<li class=\"elementor-icon-list-item\">\n\t\t\t\t\t\t\t\t\t\t\t<span class=\"elementor-icon-list-icon\">\n\t\t\t\t\t\t\t<i aria-hidden=\"true\" class=\"fas fa-check\"><\/i>\t\t\t\t\t\t<\/span>\n\t\t\t\t\t\t\t\t\t\t<span class=\"elementor-icon-list-text\">\u00dcberempfindlichkeitsreaktionen auf einzelne Inhaltsstoffe <\/span>\n\t\t\t\t\t\t\t\t\t<\/li>\n\t\t\t\t\t\t<\/ul>\n\t\t\t\t\t\t<\/div>\n\t\t\t\t<div class=\"elementor-element elementor-element-9e6b73e elementor-widget elementor-widget-heading\" data-id=\"9e6b73e\" data-element_type=\"widget\" data-e-type=\"widget\" data-widget_type=\"heading.default\">\n\t\t\t\t\t<h2 class=\"elementor-heading-title elementor-size-default\"> Ihre Behandlung mit DR. CYJ Hair Filler in Hamburg <\/h2>\t\t\t\t<\/div>\n\t\t\t\t<div class=\"elementor-element elementor-element-2eeb25e elementor-widget elementor-widget-text-editor\" data-id=\"2eeb25e\" data-element_type=\"widget\" data-e-type=\"widget\" data-widget_type=\"text-editor.default\">\n\t\t\t\t\t\t\t\t\t<p>Haarausfall ist ein komplexer Prozess, der selten nur eine einzelne Ursache hat. Entsprechend braucht es Behandlungen, die differenziert ansetzen und in ein \u00e4rztlich gef\u00fchrtes Gesamtkonzept eingebettet sind. In unserer dermatologischen Praxis nutzen wir DR. CYJ Hair Filler als eine sinnvolle Erg\u00e4nzung, um die Kopfhautregeneration zu unterst\u00fctzen und g\u00fcnstige Bedingungen f\u00fcr die Aktivit\u00e4t der Haarfollikel zu schaffen.<sup>3<\/sup><\/p><p>\u00a0<\/p><p>Ob diese Therapie f\u00fcr Sie geeignet ist, h\u00e4ngt immer von Ihrer pers\u00f6nlichen Indikation ab.<\/p><p>\u00a0<\/p><p>Die Haarsprechstunde bietet den Rahmen f\u00fcr eine fundierte Diagnostik und eine ehrliche Beratung. Gemeinsam entwickeln wir ein Behandlungskonzept, das medizinisch sinnvoll ist und realistische Erwartungen ber\u00fccksichtigt.<br \/>Vereinbaren Sie gerne einen Termin \u2013 Wir begleiten Sie fach\u00e4rztlich und pers\u00f6nlich auf Ihrem Weg zu mehr Klarheit und Vertrauen in Ihre Haarbehandlung.<\/p>\t\t\t\t\t\t\t\t<\/div>\n\t\t\t\t<div class=\"elementor-element elementor-element-a86feac elementor-align-left elementor-widget__width-inherit elementor-widget elementor-widget-button\" data-id=\"a86feac\" data-element_type=\"widget\" data-e-type=\"widget\" data-widget_type=\"button.default\">\n\t\t\t\t\t\t\t\t\t\t<a class=\"elementor-button elementor-button-link elementor-size-sm elementor-animation-grow\" href=\"https:\/\/www.doctolib.de\/privatpraxis\/hamburg\/dermatologische-privatpraxis-dr-anna-brandenburg\/booking\/specialities?profile_skipped=true&#038;bookingFunnelSource=external_referral\" target=\"_blank\" rel=\"noopener\">\n\t\t\t\t\t\t<span class=\"elementor-button-content-wrapper\">\n\t\t\t\t\t\t\t\t\t<span class=\"elementor-button-text\">TERMINBUCHUNG<\/span>\n\t\t\t\t\t<\/span>\n\t\t\t\t\t<\/a>\n\t\t\t\t\t\t\t\t<\/div>\n\t\t\t\t<div class=\"elementor-element elementor-element-c64e274 elementor-widget elementor-widget-heading\" data-id=\"c64e274\" data-element_type=\"widget\" data-e-type=\"widget\" data-widget_type=\"heading.default\">\n\t\t\t\t\t<h3 class=\"elementor-heading-title elementor-size-default\">H\u00e4ufige Fragen zu DR. CYJ Hair Filler <\/h3>\t\t\t\t<\/div>\n\t\t\t\t<div class=\"elementor-element elementor-element-54c3be1 elementor-widget elementor-widget-n-accordion\" data-id=\"54c3be1\" data-element_type=\"widget\" data-e-type=\"widget\" data-settings=\"{&quot;default_state&quot;:&quot;expanded&quot;,&quot;max_items_expended&quot;:&quot;one&quot;,&quot;n_accordion_animation_duration&quot;:{&quot;unit&quot;:&quot;ms&quot;,&quot;size&quot;:400,&quot;sizes&quot;:[]}}\" data-widget_type=\"nested-accordion.default\">\n\t\t\t\t\t\t\t<div class=\"e-n-accordion\" aria-label=\"Accordion. Open links with Enter or Space, close with Escape, and navigate with Arrow Keys\">\n\t\t\t\t\t\t<details id=\"e-n-accordion-item-8880\" class=\"e-n-accordion-item\" open>\n\t\t\t\t<summary class=\"e-n-accordion-item-title\" data-accordion-index=\"1\" tabindex=\"0\" aria-expanded=\"true\" aria-controls=\"e-n-accordion-item-8880\" >\n\t\t\t\t\t<span class='e-n-accordion-item-title-header'><h4 class=\"e-n-accordion-item-title-text\"> Unterscheidet sich DR. CYJ Hair Filler von Minoxidil?   <\/h4><\/span>\n\t\t\t\t\t\t\t<span class='e-n-accordion-item-title-icon'>\n\t\t\t<span class='e-opened' ><i aria-hidden=\"true\" class=\"fas fa-angle-up\"><\/i><\/span>\n\t\t\t<span class='e-closed'><i aria-hidden=\"true\" class=\"fas fa-angle-down\"><\/i><\/span>\n\t\t<\/span>\n\n\t\t\t\t\t\t<\/summary>\n\t\t\t\t<div role=\"region\" aria-labelledby=\"e-n-accordion-item-8880\" class=\"elementor-element elementor-element-931a120 e-con-full e-flex e-con e-child\" data-id=\"931a120\" data-element_type=\"container\" data-e-type=\"container\" data-settings=\"{&quot;jet_parallax_layout_list&quot;:[]}\">\n\t\t\t\t<div class=\"elementor-element elementor-element-3e2b27f elementor-widget elementor-widget-text-editor\" data-id=\"3e2b27f\" data-element_type=\"widget\" data-e-type=\"widget\" data-widget_type=\"text-editor.default\">\n\t\t\t\t\t\t\t\t\tJa. Minoxidil ist ein medikament\u00f6ser Wirkstoff, der regelm\u00e4\u00dfig angewendet wird und vor allem auf die Verl\u00e4ngerung der Wachstumsphase der Haare abzielt. DR. CYJ Hair Filler ist hingegen eine \u00e4rztlich durchgef\u00fchrte, peptidbasierte Injektionsbehandlung der Kopfhaut. Sie verfolgt das Ziel, die Regeneration der Kopfhaut zu unterst\u00fctzen und ein g\u00fcnstiges biologisches Umfeld f\u00fcr die Haarfollikel zu schaffen. \t\t\t\t\t\t\t\t<\/div>\n\t\t\t\t<\/div>\n\t\t\t\t\t<\/details>\n\t\t\t\t\t\t<details id=\"e-n-accordion-item-8881\" class=\"e-n-accordion-item\" >\n\t\t\t\t<summary class=\"e-n-accordion-item-title\" data-accordion-index=\"2\" tabindex=\"-1\" aria-expanded=\"false\" aria-controls=\"e-n-accordion-item-8881\" >\n\t\t\t\t\t<span class='e-n-accordion-item-title-header'><h4 class=\"e-n-accordion-item-title-text\"> Ist die Behandlung schmerzhaft?   <\/h4><\/span>\n\t\t\t\t\t\t\t<span class='e-n-accordion-item-title-icon'>\n\t\t\t<span class='e-opened' ><i aria-hidden=\"true\" class=\"fas fa-angle-up\"><\/i><\/span>\n\t\t\t<span class='e-closed'><i aria-hidden=\"true\" class=\"fas fa-angle-down\"><\/i><\/span>\n\t\t<\/span>\n\n\t\t\t\t\t\t<\/summary>\n\t\t\t\t<div role=\"region\" aria-labelledby=\"e-n-accordion-item-8881\" class=\"elementor-element elementor-element-8944f44 e-con-full e-flex e-con e-child\" data-id=\"8944f44\" data-element_type=\"container\" data-e-type=\"container\" data-settings=\"{&quot;jet_parallax_layout_list&quot;:[]}\">\n\t\t\t\t<div class=\"elementor-element elementor-element-b09b620 elementor-widget elementor-widget-text-editor\" data-id=\"b09b620\" data-element_type=\"widget\" data-e-type=\"widget\" data-widget_type=\"text-editor.default\">\n\t\t\t\t\t\t\t\t\tDie meisten Patienten empfinden die Behandlung als gut tolerierbar. W\u00e4hrend der Injektionen kann es zu kurzem Stechen oder einem Druckgef\u00fchl kommen, da die Kopfhaut ein sensibles Areal ist. Auf Wunsch kann eine lokale Bet\u00e4ubung oder K\u00fchlung eingesetzt werden, um die Behandlung angenehmer zu gestalten.\t\t\t\t\t\t\t\t<\/div>\n\t\t\t\t<\/div>\n\t\t\t\t\t<\/details>\n\t\t\t\t\t\t<details id=\"e-n-accordion-item-8882\" class=\"e-n-accordion-item\" >\n\t\t\t\t<summary class=\"e-n-accordion-item-title\" data-accordion-index=\"3\" tabindex=\"-1\" aria-expanded=\"false\" aria-controls=\"e-n-accordion-item-8882\" >\n\t\t\t\t\t<span class='e-n-accordion-item-title-header'><h4 class=\"e-n-accordion-item-title-text\"> Wann sind erste Ergebnisse zu erwarten?   <\/h4><\/span>\n\t\t\t\t\t\t\t<span class='e-n-accordion-item-title-icon'>\n\t\t\t<span class='e-opened' ><i aria-hidden=\"true\" class=\"fas fa-angle-up\"><\/i><\/span>\n\t\t\t<span class='e-closed'><i aria-hidden=\"true\" class=\"fas fa-angle-down\"><\/i><\/span>\n\t\t<\/span>\n\n\t\t\t\t\t\t<\/summary>\n\t\t\t\t<div role=\"region\" aria-labelledby=\"e-n-accordion-item-8882\" class=\"elementor-element elementor-element-4049baf e-con-full e-flex e-con e-child\" data-id=\"4049baf\" data-element_type=\"container\" data-e-type=\"container\" data-settings=\"{&quot;jet_parallax_layout_list&quot;:[]}\">\n\t\t\t\t<div class=\"elementor-element elementor-element-868f2ce elementor-widget elementor-widget-text-editor\" data-id=\"868f2ce\" data-element_type=\"widget\" data-e-type=\"widget\" data-widget_type=\"text-editor.default\">\n\t\t\t\t\t\t\t\t\tHaarwachstum ist ein langsamer biologischer Prozess. Viele Patienten berichten nach wenigen Wochen \u00fcber eine reduzierte Haarverlustrate. Sichtbare Ver\u00e4nderungen der Haarstruktur oder -dichte entwickeln sich meist im Zeitraum von etwa 6 bis 12 Wochen. Langfristige Resultate stellen sich meist nach 3-6 Monaten ein.\t\t\t\t\t\t\t\t<\/div>\n\t\t\t\t<\/div>\n\t\t\t\t\t<\/details>\n\t\t\t\t\t\t<details id=\"e-n-accordion-item-8883\" class=\"e-n-accordion-item\" >\n\t\t\t\t<summary class=\"e-n-accordion-item-title\" data-accordion-index=\"4\" tabindex=\"-1\" aria-expanded=\"false\" aria-controls=\"e-n-accordion-item-8883\" >\n\t\t\t\t\t<span class='e-n-accordion-item-title-header'><h4 class=\"e-n-accordion-item-title-text\"> Wie lange h\u00e4lt die Wirkung von DR. CYJ Hair Filler an?   <\/h4><\/span>\n\t\t\t\t\t\t\t<span class='e-n-accordion-item-title-icon'>\n\t\t\t<span class='e-opened' ><i aria-hidden=\"true\" class=\"fas fa-angle-up\"><\/i><\/span>\n\t\t\t<span class='e-closed'><i aria-hidden=\"true\" class=\"fas fa-angle-down\"><\/i><\/span>\n\t\t<\/span>\n\n\t\t\t\t\t\t<\/summary>\n\t\t\t\t<div role=\"region\" aria-labelledby=\"e-n-accordion-item-8883\" class=\"elementor-element elementor-element-00113b8 e-con-full e-flex e-con e-child\" data-id=\"00113b8\" data-element_type=\"container\" data-e-type=\"container\" data-settings=\"{&quot;jet_parallax_layout_list&quot;:[]}\">\n\t\t\t\t<div class=\"elementor-element elementor-element-b2ecfa6 elementor-widget elementor-widget-text-editor\" data-id=\"b2ecfa6\" data-element_type=\"widget\" data-e-type=\"widget\" data-widget_type=\"text-editor.default\">\n\t\t\t\t\t\t\t\t\tDie Wirkung ist nicht dauerhaft. Je nach Ausgangsbefund, Ursache des Haarausfalls und begleitender Therapie kann es sinnvoll sein, die Behandlung nach einigen Monaten aufzufrischen. H\u00e4ufig liegt dieser Zeitraum bei etwa 6 bis 12 Monaten. Ob und wann eine Auffrischung empfohlen wird, entscheiden wir individuell im \u00e4rztlichen Gespr\u00e4ch.\t\t\t\t\t\t\t\t<\/div>\n\t\t\t\t<\/div>\n\t\t\t\t\t<\/details>\n\t\t\t\t\t\t<details id=\"e-n-accordion-item-8884\" class=\"e-n-accordion-item\" >\n\t\t\t\t<summary class=\"e-n-accordion-item-title\" data-accordion-index=\"5\" tabindex=\"-1\" aria-expanded=\"false\" aria-controls=\"e-n-accordion-item-8884\" >\n\t\t\t\t\t<span class='e-n-accordion-item-title-header'><h4 class=\"e-n-accordion-item-title-text\"> Kann DR. CYJ Hair Filler andere Therapien ersetzen?   <\/h4><\/span>\n\t\t\t\t\t\t\t<span class='e-n-accordion-item-title-icon'>\n\t\t\t<span class='e-opened' ><i aria-hidden=\"true\" class=\"fas fa-angle-up\"><\/i><\/span>\n\t\t\t<span class='e-closed'><i aria-hidden=\"true\" class=\"fas fa-angle-down\"><\/i><\/span>\n\t\t<\/span>\n\n\t\t\t\t\t\t<\/summary>\n\t\t\t\t<div role=\"region\" aria-labelledby=\"e-n-accordion-item-8884\" class=\"elementor-element elementor-element-e3468aa e-con-full e-flex e-con e-child\" data-id=\"e3468aa\" data-element_type=\"container\" data-e-type=\"container\" data-settings=\"{&quot;jet_parallax_layout_list&quot;:[]}\">\n\t\t\t\t<div class=\"elementor-element elementor-element-0c397cb elementor-widget elementor-widget-text-editor\" data-id=\"0c397cb\" data-element_type=\"widget\" data-e-type=\"widget\" data-widget_type=\"text-editor.default\">\n\t\t\t\t\t\t\t\t\tNein. DR. CYJ Hair Filler ersetzt weder eine Ursachenkl\u00e4rung noch bew\u00e4hrte medizinische Therapien. Die Behandlung ist als erg\u00e4nzende Ma\u00dfnahme konzipiert und entfaltet ihren Nutzen insbesondere im Rahmen eines angepassten Gesamtkonzepts. Welche Therapien sinnvoll kombiniert werden, h\u00e4ngt von der zugrunde liegenden Ursache des Haarausfalls ab. \t\t\t\t\t\t\t\t<\/div>\n\t\t\t\t<\/div>\n\t\t\t\t\t<\/details>\n\t\t\t\t\t\t<details id=\"e-n-accordion-item-8885\" class=\"e-n-accordion-item\" >\n\t\t\t\t<summary class=\"e-n-accordion-item-title\" data-accordion-index=\"6\" tabindex=\"-1\" aria-expanded=\"false\" aria-controls=\"e-n-accordion-item-8885\" >\n\t\t\t\t\t<span class='e-n-accordion-item-title-header'><h4 class=\"e-n-accordion-item-title-text\"> L\u00e4sst sich DR. CYJ Hair Filler mit anderen Verfahren kombinieren?   <\/h4><\/span>\n\t\t\t\t\t\t\t<span class='e-n-accordion-item-title-icon'>\n\t\t\t<span class='e-opened' ><i aria-hidden=\"true\" class=\"fas fa-angle-up\"><\/i><\/span>\n\t\t\t<span class='e-closed'><i aria-hidden=\"true\" class=\"fas fa-angle-down\"><\/i><\/span>\n\t\t<\/span>\n\n\t\t\t\t\t\t<\/summary>\n\t\t\t\t<div role=\"region\" aria-labelledby=\"e-n-accordion-item-8885\" class=\"elementor-element elementor-element-21df319 e-con-full e-flex e-con e-child\" data-id=\"21df319\" data-element_type=\"container\" data-e-type=\"container\" data-settings=\"{&quot;jet_parallax_layout_list&quot;:[]}\">\n\t\t\t\t<div class=\"elementor-element elementor-element-2f461e0 elementor-widget elementor-widget-text-editor\" data-id=\"2f461e0\" data-element_type=\"widget\" data-e-type=\"widget\" data-widget_type=\"text-editor.default\">\n\t\t\t\t\t\t\t\t\tJa. Je nach Befund kann eine Kombination mit anderen Verfahren wie PRP, Microneedling, LED-Therapie oder medikament\u00f6sen Standardtherapien sinnvoll sein. Ziel ist es, unterschiedliche Wirkmechanismen aufeinander abzustimmen. Ob eine Kombination empfohlen wird, kl\u00e4ren wir im pers\u00f6nlichen Gespr\u00e4ch. \t\t\t\t\t\t\t\t<\/div>\n\t\t\t\t<\/div>\n\t\t\t\t\t<\/details>\n\t\t\t\t\t<\/div>\n\t\t\t\t\t<script type=\"application\/ld+json\">{\"@context\":\"https:\\\/\\\/schema.org\",\"@type\":\"FAQPage\",\"mainEntity\":[{\"@type\":\"Question\",\"name\":\"Unterscheidet sich DR. CYJ Hair Filler von Minoxidil?\",\"acceptedAnswer\":{\"@type\":\"Answer\",\"text\":\"Ja. Minoxidil ist ein medikament\\u00f6ser Wirkstoff, der regelm\\u00e4\\u00dfig angewendet wird und vor allem auf die Verl\\u00e4ngerung der Wachstumsphase der Haare abzielt. DR. CYJ Hair Filler ist hingegen eine \\u00e4rztlich durchgef\\u00fchrte, peptidbasierte Injektionsbehandlung der Kopfhaut. Sie verfolgt das Ziel, die Regeneration der Kopfhaut zu unterst\\u00fctzen und ein g\\u00fcnstiges biologisches Umfeld f\\u00fcr die Haarfollikel zu schaffen.\"}},{\"@type\":\"Question\",\"name\":\"Ist die Behandlung schmerzhaft?\",\"acceptedAnswer\":{\"@type\":\"Answer\",\"text\":\"Die meisten Patienten empfinden die Behandlung als gut tolerierbar. W\\u00e4hrend der Injektionen kann es zu kurzem Stechen oder einem Druckgef\\u00fchl kommen, da die Kopfhaut ein sensibles Areal ist. Auf Wunsch kann eine lokale Bet\\u00e4ubung oder K\\u00fchlung eingesetzt werden, um die Behandlung angenehmer zu gestalten.\"}},{\"@type\":\"Question\",\"name\":\"Wann sind erste Ergebnisse zu erwarten?\",\"acceptedAnswer\":{\"@type\":\"Answer\",\"text\":\"Haarwachstum ist ein langsamer biologischer Prozess. Viele Patienten berichten nach wenigen Wochen \\u00fcber eine reduzierte Haarverlustrate. Sichtbare Ver\\u00e4nderungen der Haarstruktur oder -dichte entwickeln sich meist im Zeitraum von etwa 6 bis 12 Wochen. Langfristige Resultate stellen sich meist nach 3-6 Monaten ein.\"}},{\"@type\":\"Question\",\"name\":\"Wie lange h\\u00e4lt die Wirkung von DR. CYJ Hair Filler an?\",\"acceptedAnswer\":{\"@type\":\"Answer\",\"text\":\"Die Wirkung ist nicht dauerhaft. Je nach Ausgangsbefund, Ursache des Haarausfalls und begleitender Therapie kann es sinnvoll sein, die Behandlung nach einigen Monaten aufzufrischen. H\\u00e4ufig liegt dieser Zeitraum bei etwa 6 bis 12 Monaten. Ob und wann eine Auffrischung empfohlen wird, entscheiden wir individuell im \\u00e4rztlichen Gespr\\u00e4ch.\"}},{\"@type\":\"Question\",\"name\":\"Kann DR. CYJ Hair Filler andere Therapien ersetzen?\",\"acceptedAnswer\":{\"@type\":\"Answer\",\"text\":\"Nein. DR. CYJ Hair Filler ersetzt weder eine Ursachenkl\\u00e4rung noch bew\\u00e4hrte medizinische Therapien. Die Behandlung ist als erg\\u00e4nzende Ma\\u00dfnahme konzipiert und entfaltet ihren Nutzen insbesondere im Rahmen eines angepassten Gesamtkonzepts. Welche Therapien sinnvoll kombiniert werden, h\\u00e4ngt von der zugrunde liegenden Ursache des Haarausfalls ab.\"}},{\"@type\":\"Question\",\"name\":\"L\\u00e4sst sich DR. CYJ Hair Filler mit anderen Verfahren kombinieren?\",\"acceptedAnswer\":{\"@type\":\"Answer\",\"text\":\"Ja. Je nach Befund kann eine Kombination mit anderen Verfahren wie PRP, Microneedling, LED-Therapie oder medikament\\u00f6sen Standardtherapien sinnvoll sein. Ziel ist es, unterschiedliche Wirkmechanismen aufeinander abzustimmen. Ob eine Kombination empfohlen wird, kl\\u00e4ren wir im pers\\u00f6nlichen Gespr\\u00e4ch.\"}}]}<\/script>\n\t\t\t\t\t\t\t<\/div>\n\t\t\t\t<div class=\"elementor-element elementor-element-4cf64de elementor-widget elementor-widget-heading\" data-id=\"4cf64de\" data-element_type=\"widget\" data-e-type=\"widget\" data-widget_type=\"heading.default\">\n\t\t\t\t\t<h3 class=\"elementor-heading-title elementor-size-default\">Quellenangaben<\/h3>\t\t\t\t<\/div>\n\t\t\t\t<div class=\"elementor-element elementor-element-e6a8291 elementor-align-start elementor-icon-list--layout-traditional elementor-list-item-link-full_width elementor-widget elementor-widget-icon-list\" data-id=\"e6a8291\" data-element_type=\"widget\" data-e-type=\"widget\" data-widget_type=\"icon-list.default\">\n\t\t\t\t\t\t\t<ul class=\"elementor-icon-list-items\">\n\t\t\t\t\t\t\t<li class=\"elementor-icon-list-item\">\n\t\t\t\t\t\t\t\t\t\t\t<a href=\"https:\/\/www.scirp.org\/journal\/paperinformation?paperid=131886\" rel=\"nofollow noopener\" target=\"_blank\">\n\n\t\t\t\t\t\t\t\t\t\t\t<span class=\"elementor-icon-list-text\"><sup>1<\/sup> Journal of Cosmetics, Dermatological Sciences and Applications (M\u00e4rz 2024). \u201cRe-Densification Effect of Pressure-Injected Peptide-Hyaluronic Acid Combination on Male Androgenic Alopecia\u201d. [online] Verf\u00fcgbar unter: https:\/\/www.scirp.org\/journal\/paperinformation?paperid=131886 <\/span>\n\t\t\t\t\t\t\t\t\t\t\t<\/a>\n\t\t\t\t\t\t\t\t\t<\/li>\n\t\t\t\t\t\t\t\t<li class=\"elementor-icon-list-item\">\n\t\t\t\t\t\t\t\t\t\t\t<a href=\"https:\/\/www.ikclinics.co.uk\/peptide-therapy\" rel=\"nofollow noopener\" target=\"_blank\">\n\n\t\t\t\t\t\t\t\t\t\t\t<span class=\"elementor-icon-list-text\"><sup>2<\/sup> IK Clinics (05. Mai 2025). \u201cPeptide Therapy for Hair Growth: Does It Really Work?\u201d. [online] Verf\u00fcgbar unter: https:\/\/www.ikclinics.co.uk\/peptide-therapy <\/span>\n\t\t\t\t\t\t\t\t\t\t\t<\/a>\n\t\t\t\t\t\t\t\t\t<\/li>\n\t\t\t\t\t\t\t\t<li class=\"elementor-icon-list-item\">\n\t\t\t\t\t\t\t\t\t\t\t<a href=\"https:\/\/en.wikipedia.org\/wiki\/Copper_peptide_GHK-Cu\" rel=\"nofollow noopener\" target=\"_blank\">\n\n\t\t\t\t\t\t\t\t\t\t\t<span class=\"elementor-icon-list-text\"><sup>3<\/sup> Wikipedia (o. J.). \u201cCopper peptide GHK-Cu\u201d. [online] Verf\u00fcgbar unter: https:\/\/en.wikipedia.org\/wiki\/Copper_peptide_GHK-Cu<\/span>\n\t\t\t\t\t\t\t\t\t\t\t<\/a>\n\t\t\t\t\t\t\t\t\t<\/li>\n\t\t\t\t\t\t<\/ul>\n\t\t\t\t\t\t<\/div>\n\t\t\t\t<\/div>\n\t\t<div class=\"elementor-element elementor-element-c3592bd e-con-full e-flex e-con e-child\" data-id=\"c3592bd\" data-element_type=\"container\" data-e-type=\"container\" data-settings=\"{&quot;jet_parallax_layout_list&quot;:[]}\">\n\t\t\t\t<div class=\"elementor-element elementor-element-63795fb elementor-widget-tablet__width-inherit elementor-widget elementor-widget-shortcode\" data-id=\"63795fb\" data-element_type=\"widget\" data-e-type=\"widget\" data-settings=\"{&quot;sticky&quot;:&quot;top&quot;,&quot;sticky_on&quot;:[&quot;widescreen&quot;,&quot;desktop&quot;],&quot;sticky_offset&quot;:150,&quot;sticky_parent&quot;:&quot;yes&quot;,&quot;sticky_effects_offset&quot;:0,&quot;sticky_anchor_link_offset&quot;:0}\" data-widget_type=\"shortcode.default\">\n\t\t\t\t\t\t\t<div class=\"elementor-shortcode\">\t\t<div data-elementor-type=\"container\" data-elementor-id=\"708\" class=\"elementor elementor-708\" data-elementor-post-type=\"elementor_library\">\n\t\t\t\t<div class=\"elementor-element elementor-element-61120c70 e-con-full e-flex e-con e-child\" data-id=\"61120c70\" data-element_type=\"container\" data-e-type=\"container\" data-settings=\"{&quot;jet_parallax_layout_list&quot;:[]}\">\n\t\t\t\t<div class=\"elementor-element elementor-element-134b1b13 elementor-toc--minimized-on-mobile elementor-widget-tablet__width-inherit elementor-widget-mobile__width-inherit inhalt elementor-widget elementor-widget-table-of-contents\" data-id=\"134b1b13\" data-element_type=\"widget\" data-e-type=\"widget\" data-settings=\"{&quot;headings_by_tags&quot;:[&quot;h2&quot;,&quot;h3&quot;],&quot;exclude_headings_by_selector&quot;:[],&quot;marker_view&quot;:&quot;bullets&quot;,&quot;no_headings_message&quot;:&quot;Es wurden keine \\u00dcberschriften auf dieser Seite gefunden.&quot;,&quot;minimized_on&quot;:&quot;mobile&quot;,&quot;icon&quot;:{&quot;value&quot;:&quot;fas fa-circle&quot;,&quot;library&quot;:&quot;fa-solid&quot;},&quot;minimize_box&quot;:&quot;yes&quot;,&quot;hierarchical_view&quot;:&quot;yes&quot;,&quot;min_height&quot;:{&quot;unit&quot;:&quot;px&quot;,&quot;size&quot;:&quot;&quot;,&quot;sizes&quot;:[]},&quot;min_height_widescreen&quot;:{&quot;unit&quot;:&quot;px&quot;,&quot;size&quot;:&quot;&quot;,&quot;sizes&quot;:[]},&quot;min_height_tablet&quot;:{&quot;unit&quot;:&quot;px&quot;,&quot;size&quot;:&quot;&quot;,&quot;sizes&quot;:[]},&quot;min_height_mobile&quot;:{&quot;unit&quot;:&quot;px&quot;,&quot;size&quot;:&quot;&quot;,&quot;sizes&quot;:[]}}\" data-widget_type=\"table-of-contents.default\">\n\t\t\t\t\t\t\t\t\t<div class=\"elementor-toc__header\">\n\t\t\t\t\t\t<div class=\"elementor-toc__header-title\">\n\t\t\t\tInhaltsverzeichnis\t\t\t<\/div>\n\t\t\t\t\t\t\t\t\t\t<div class=\"elementor-toc__toggle-button elementor-toc__toggle-button--expand\" role=\"button\" tabindex=\"0\" aria-controls=\"elementor-toc__134b1b13\" aria-expanded=\"true\" aria-label=\"Inhaltsverzeichnis \u00f6ffnen\"><i aria-hidden=\"true\" class=\"fas fa-chevron-down\"><\/i><\/div>\n\t\t\t\t<div class=\"elementor-toc__toggle-button elementor-toc__toggle-button--collapse\" role=\"button\" tabindex=\"0\" aria-controls=\"elementor-toc__134b1b13\" aria-expanded=\"true\" aria-label=\"Inhaltsverzeichnis schlie\u00dfen\"><i aria-hidden=\"true\" class=\"fas fa-chevron-up\"><\/i><\/div>\n\t\t\t\t\t<\/div>\n\t\t\t\t<div id=\"elementor-toc__134b1b13\" class=\"elementor-toc__body\">\n\t\t\t<div class=\"elementor-toc__spinner-container\">\n\t\t\t\t<i class=\"elementor-toc__spinner eicon-animation-spin eicon-loading\" aria-hidden=\"true\"><\/i>\t\t\t<\/div>\n\t\t<\/div>\n\t\t\t\t\t\t<\/div>\n\t\t<div class=\"elementor-element elementor-element-20d1648 e-con-full e-flex e-con e-child\" data-id=\"20d1648\" data-element_type=\"container\" data-e-type=\"container\" data-settings=\"{&quot;background_background&quot;:&quot;classic&quot;,&quot;jet_parallax_layout_list&quot;:[]}\">\n\t\t<div class=\"elementor-element elementor-element-3f80dfd e-con-full e-flex e-con e-child\" data-id=\"3f80dfd\" data-element_type=\"container\" data-e-type=\"container\" data-settings=\"{&quot;jet_parallax_layout_list&quot;:[]}\">\n\t\t\t\t<div class=\"elementor-element elementor-element-e57d6ff elementor-widget elementor-widget-heading\" data-id=\"e57d6ff\" data-element_type=\"widget\" data-e-type=\"widget\" data-widget_type=\"heading.default\">\n\t\t\t\t\t<div class=\"elementor-heading-title elementor-size-default\">Kontakt<\/div>\t\t\t\t<\/div>\n\t\t\t\t<div class=\"elementor-element elementor-element-9dd78e8 elementor-align-start elementor-tablet-align-start contact-sidebar elementor-icon-list--layout-traditional elementor-list-item-link-full_width elementor-widget elementor-widget-icon-list\" data-id=\"9dd78e8\" data-element_type=\"widget\" data-e-type=\"widget\" id=\"contact-sidebar\" data-widget_type=\"icon-list.default\">\n\t\t\t\t\t\t\t<ul class=\"elementor-icon-list-items\">\n\t\t\t\t\t\t\t<li class=\"elementor-icon-list-item\">\n\t\t\t\t\t\t\t\t\t\t\t<a href=\"tel:04046774627\">\n\n\t\t\t\t\t\t\t\t\t\t\t\t<span class=\"elementor-icon-list-icon\">\n\t\t\t\t\t\t\t<svg xmlns=\"http:\/\/www.w3.org\/2000\/svg\" id=\"Ebene_1\" data-name=\"Ebene 1\" viewBox=\"0 0 47.72 50.48\"><path d=\"M46.44,44.42l-6.63,3.25c-.69.36-1.52.32-2.17-.1l-6.06-3.97c-.64-.42-1.01-1.14-.97-1.91v-6.47c.04-.76,1.96-2.89,2.63-3.25l5.27-2.89c.69-.36,1.52-.32,2.17.1l6.06,3.97c.64.42,1.01,1.14.97,1.91v6.74c-.03.77-.59,2.26-1.27,2.62Z\" style=\"fill: #2d2d2d;\"><\/path><path d=\"M8.67.73c1.43-.29,2.68.11,3.62,1.18.72.82,4.94,9.39,5.23,10.42,1.39,4.82-5.35,4.9-5,8.68.2,2.15,5.49,8.5,7.21,10.15,1.31,1.26,5.15,4.48,6.7,5.09,5.34,2.1,4.63-7.76,11.5-3.94,1.47.82,9,4.78,9.37,5.98.5,1.6.46,4-.21,5.4-.38.79-1.97,2.31-2.67,3.04-10.97,11.55-30.19-6.4-36.79-15.5C3.01,24.81-3.43,13.21,2.18,5.82,3.22,4.45,7.05,1.07,8.67.73Z\" style=\"fill: #2d2d2d;\"><\/path><path d=\"M0,12.99v-6.98c0-.76.4-1.45,1.05-1.83L7.83.27c.63-.36,1.4-.36,2.02,0l6.79,3.91c.65.37,1.05,1.07,1.05,1.83v7.74c0,.76-.4,1.45-1.05,1.83\" style=\"fill: #2d2d2d;\"><\/path><\/svg>\t\t\t\t\t\t<\/span>\n\t\t\t\t\t\t\t\t\t\t<span class=\"elementor-icon-list-text\">040 46 77 46 27<\/span>\n\t\t\t\t\t\t\t\t\t\t\t<\/a>\n\t\t\t\t\t\t\t\t\t<\/li>\n\t\t\t\t\t\t\t\t<li class=\"elementor-icon-list-item\">\n\t\t\t\t\t\t\t\t\t\t\t<a href=\"mailto:info@dr-anna-brandenburg.de\">\n\n\t\t\t\t\t\t\t\t\t\t\t\t<span class=\"elementor-icon-list-icon\">\n\t\t\t\t\t\t\t<svg xmlns=\"http:\/\/www.w3.org\/2000\/svg\" id=\"Ebene_1\" data-name=\"Ebene 1\" viewBox=\"0 0 61.03 43.67\"><path d=\"M61.01.06l-13.79,24.37c-.59,1.04-1.67,1.69-2.83,1.69h-27.73c-1.16,0-2.24-.64-2.83-1.69L.03.06s-.02-.04-.03-.06v42.1c0,.87.7,1.57,1.57,1.57h57.89c.87,0,1.57-.7,1.57-1.57V0s-.02.04-.03.06Z\" style=\"fill: #2d2d2d;\"><\/path><path d=\"M57.72.14H2.98l12.4,20.89c.53.89,1.49,1.44,2.53,1.44h24.87c1.04,0,2.01-.55,2.54-1.44L57.72.14Z\" style=\"fill: #2d2d2d;\"><\/path><\/svg>\t\t\t\t\t\t<\/span>\n\t\t\t\t\t\t\t\t\t\t<span class=\"elementor-icon-list-text\">info@dr-anna-brandenburg.de<\/span>\n\t\t\t\t\t\t\t\t\t\t\t<\/a>\n\t\t\t\t\t\t\t\t\t<\/li>\n\t\t\t\t\t\t\t\t<li class=\"elementor-icon-list-item\">\n\t\t\t\t\t\t\t\t\t\t\t<span class=\"elementor-icon-list-icon\">\n\t\t\t\t\t\t\t<svg xmlns=\"http:\/\/www.w3.org\/2000\/svg\" id=\"Ebene_1\" data-name=\"Ebene 1\" viewBox=\"0 0 54.56 56.62\"><path d=\"M35.16,47.2c11.44.46,18.4,2.11,18.4,4.13,0,2.37-11.77,4.3-26.28,4.3s-26.28-1.92-26.28-4.3c0-2.01,6.95-3.67,18.38-4.13\" style=\"fill: none; stroke: #2d2d2d; stroke-miterlimit: 10; stroke-width: 2px;\"><\/path><polygon points=\"18.63 48.22 19.33 46.19 20.98 48.15 18.63 48.22\" style=\"fill: #2d2d2d;\"><\/polygon><polygon points=\"35.91 48.24 35.21 46.21 33.56 48.17 35.91 48.24\" style=\"fill: #2d2d2d;\"><\/polygon><path d=\"M42.17,7.42C38.32,2.28,31.92-.5,25.51.07c-5.71.51-11.35,4.09-14.26,9-6.91,11.68,1.31,25.67,8.87,34.76.78.93,6.73,7.58,7.25,7.49,10.49-10.05,25.68-29.36,14.8-43.9ZM37.78,18.6l-5.25,9.14h0s-10.49.01-10.49.01h0s-5.25-9.15-5.25-9.15h0s5.25-9.16,5.25-9.16h10.49l5.25,9.15h0Z\" style=\"fill: #2d2d2d;\"><\/path><\/svg>\t\t\t\t\t\t<\/span>\n\t\t\t\t\t\t\t\t\t\t<span class=\"elementor-icon-list-text\">Heilwigstra\u00dfe 33, 20249 Hamburg<\/span>\n\t\t\t\t\t\t\t\t\t<\/li>\n\t\t\t\t\t\t<\/ul>\n\t\t\t\t\t\t<\/div>\n\t\t\t\t<\/div>\n\t\t\t\t<div class=\"elementor-element elementor-element-6709a63 elementor-align-justify elementor-widget__width-inherit elementor-widget elementor-widget-button\" data-id=\"6709a63\" data-element_type=\"widget\" data-e-type=\"widget\" data-widget_type=\"button.default\">\n\t\t\t\t\t\t\t\t\t\t<a class=\"elementor-button elementor-button-link elementor-size-sm elementor-animation-grow\" href=\"https:\/\/www.doctolib.de\/privatpraxis\/hamburg\/dermatologische-privatpraxis-dr-anna-brandenburg\/booking\/specialities?profile_skipped=true&#038;bookingFunnelSource=external_referral\" target=\"_blank\" rel=\"noopener\">\n\t\t\t\t\t\t<span class=\"elementor-button-content-wrapper\">\n\t\t\t\t\t\t\t\t\t<span class=\"elementor-button-text\">TERMINBUCHUNG<\/span>\n\t\t\t\t\t<\/span>\n\t\t\t\t\t<\/a>\n\t\t\t\t\t\t\t\t<\/div>\n\t\t\t\t<\/div>\n\t\t\t\t<\/div>\n\t\t\t\t<\/div>\n\t\t<\/div>\n\t\t\t\t\t\t<\/div>\n\t\t\t\t<\/div>\n\t\t\t\t\t<\/div>\n\t\t\t\t<\/div>\n\t\t<div class=\"elementor-element elementor-element-f7a7ec5 e-con-full e-flex e-con e-parent\" data-id=\"f7a7ec5\" data-element_type=\"container\" data-e-type=\"container\" data-settings=\"{&quot;jet_parallax_layout_list&quot;:[]}\">\n\t\t\t\t<div class=\"elementor-element elementor-element-2af5087 elementor-widget elementor-widget-shortcode\" data-id=\"2af5087\" data-element_type=\"widget\" data-e-type=\"widget\" data-widget_type=\"shortcode.default\">\n\t\t\t\t\t\t\t<div class=\"elementor-shortcode\">\t\t<div data-elementor-type=\"container\" data-elementor-id=\"781\" class=\"elementor elementor-781\" data-elementor-post-type=\"elementor_library\">\n\t\t\t\t<div class=\"elementor-element elementor-element-26245c4c e-flex e-con-boxed e-con e-parent\" data-id=\"26245c4c\" data-element_type=\"container\" data-e-type=\"container\" data-settings=\"{&quot;jet_parallax_layout_list&quot;:[]}\">\n\t\t\t\t\t<div class=\"e-con-inner\">\n\t\t\t\t<div class=\"elementor-element elementor-element-4069195f elementor-widget__width-initial elementor-widget elementor-widget-heading\" data-id=\"4069195f\" data-element_type=\"widget\" data-e-type=\"widget\" data-widget_type=\"heading.default\">\n\t\t\t\t\t<div class=\"elementor-heading-title elementor-size-default\">Weitere Leistungen<\/div>\t\t\t\t<\/div>\n\t\t\t\t<div class=\"elementor-element elementor-element-8ea27be elementor-widget elementor-widget-jet-listing-grid\" data-id=\"8ea27be\" data-element_type=\"widget\" data-e-type=\"widget\" data-settings=\"{&quot;columns&quot;:&quot;4&quot;,&quot;columns_tablet&quot;:&quot;2&quot;,&quot;columns_mobile&quot;:&quot;1&quot;}\" data-widget_type=\"jet-listing-grid.default\">\n\t\t\t\t\t<div class=\"jet-listing-grid jet-listing\"><div class=\"jet-listing-grid__slider slick-lib\" data-slider_options=\"{&quot;autoplaySpeed&quot;:5000,&quot;autoplay&quot;:false,&quot;pauseOnHover&quot;:true,&quot;infinite&quot;:true,&quot;centerMode&quot;:true,&quot;speed&quot;:500,&quot;arrows&quot;:true,&quot;dots&quot;:false,&quot;slidesToScroll&quot;:1,&quot;prevArrow&quot;:&quot;\\u003Cdiv class=\\u0027jet-listing-grid__slider-icon prev-arrow \\u0027 role=\\u0027button\\u0027 aria-label=\\u0027Previous\\u0027\\u003E\\u003Csvg width=\\u0027180\\u0027 height=\\u0027180\\u0027 viewBox=\\u00270 0 180 180\\u0027 fill=\\u0027none\\u0027 xmlns=\\u0027http:\\\/\\\/www.w3.org\\\/2000\\\/svg\\u0027\\u003E\\u003Cpath d=\\u0027M119 47.3166C119 48.185 118.668 48.9532 118.003 49.6212L78.8385 89L118.003 128.379C118.668 129.047 119 129.815 119 130.683C119 131.552 118.668 132.32 118.003 132.988L113.021 137.998C112.356 138.666 111.592 139 110.729 139C109.865 139 109.101 138.666 108.436 137.998L61.9966 91.3046C61.3322 90.6366 61 89.8684 61 89C61 88.1316 61.3322 87.3634 61.9966 86.6954L108.436 40.002C109.101 39.334 109.865 39 110.729 39C111.592 39 112.356 39.334 113.021 40.002L118.003 45.012C118.668 45.68 119 46.4482 119 47.3166Z\\u0027 fill=\\u0027black\\u0027\\\/\\u003E\\u003C\\\/svg\\u003E\\u003C\\\/div\\u003E&quot;,&quot;nextArrow&quot;:&quot;\\u003Cdiv class=\\u0027jet-listing-grid__slider-icon next-arrow \\u0027 role=\\u0027button\\u0027 aria-label=\\u0027Next\\u0027\\u003E\\u003Csvg width=\\u0027180\\u0027 height=\\u0027180\\u0027 viewBox=\\u00270 0 180 180\\u0027 fill=\\u0027none\\u0027 xmlns=\\u0027http:\\\/\\\/www.w3.org\\\/2000\\\/svg\\u0027\\u003E\\u003Cpath d=\\u0027M119 47.3166C119 48.185 118.668 48.9532 118.003 49.6212L78.8385 89L118.003 128.379C118.668 129.047 119 129.815 119 130.683C119 131.552 118.668 132.32 118.003 132.988L113.021 137.998C112.356 138.666 111.592 139 110.729 139C109.865 139 109.101 138.666 108.436 137.998L61.9966 91.3046C61.3322 90.6366 61 89.8684 61 89C61 88.1316 61.3322 87.3634 61.9966 86.6954L108.436 40.002C109.101 39.334 109.865 39 110.729 39C111.592 39 112.356 39.334 113.021 40.002L118.003 45.012C118.668 45.68 119 46.4482 119 47.3166Z\\u0027 fill=\\u0027black\\u0027\\\/\\u003E\\u003C\\\/svg\\u003E\\u003C\\\/div\\u003E&quot;,&quot;rtl&quot;:false,&quot;itemsCount&quot;:4,&quot;fade&quot;:false,&quot;slidesToShow&quot;:{&quot;desktop&quot;:4,&quot;tablet&quot;:2,&quot;mobile&quot;:1}}\" dir=\"ltr\"><div class=\"jet-listing-grid__items grid-col-desk-4 grid-col-tablet-2 grid-col-mobile-1 jet-listing-grid--741 jet-equal-columns__wrapper\" data-queried-id=\"6161|WP_Post\" data-nav=\"{&quot;enabled&quot;:false,&quot;type&quot;:null,&quot;more_el&quot;:null,&quot;query&quot;:[],&quot;widget_settings&quot;:{&quot;lisitng_id&quot;:741,&quot;posts_num&quot;:6,&quot;columns&quot;:4,&quot;columns_tablet&quot;:2,&quot;columns_mobile&quot;:1,&quot;column_min_width&quot;:240,&quot;column_min_width_tablet&quot;:240,&quot;column_min_width_mobile&quot;:240,&quot;inline_columns_css&quot;:false,&quot;is_archive_template&quot;:&quot;yes&quot;,&quot;post_status&quot;:[&quot;publish&quot;],&quot;use_random_posts_num&quot;:&quot;&quot;,&quot;max_posts_num&quot;:9,&quot;not_found_message&quot;:&quot;No data was found&quot;,&quot;is_masonry&quot;:false,&quot;equal_columns_height&quot;:&quot;yes&quot;,&quot;use_load_more&quot;:&quot;&quot;,&quot;load_more_id&quot;:&quot;&quot;,&quot;load_more_type&quot;:&quot;click&quot;,&quot;load_more_offset&quot;:null,&quot;use_custom_post_types&quot;:&quot;&quot;,&quot;custom_post_types&quot;:[],&quot;hide_widget_if&quot;:&quot;&quot;,&quot;carousel_enabled&quot;:&quot;yes&quot;,&quot;slides_to_scroll&quot;:&quot;1&quot;,&quot;arrows&quot;:&quot;true&quot;,&quot;arrow_icon&quot;:&quot;fa fa-angle-left&quot;,&quot;dots&quot;:&quot;&quot;,&quot;autoplay&quot;:&quot;true&quot;,&quot;pause_on_hover&quot;:&quot;true&quot;,&quot;autoplay_speed&quot;:5000,&quot;infinite&quot;:&quot;true&quot;,&quot;center_mode&quot;:&quot;true&quot;,&quot;effect&quot;:&quot;slide&quot;,&quot;speed&quot;:500,&quot;inject_alternative_items&quot;:&quot;&quot;,&quot;injection_items&quot;:[],&quot;scroll_slider_enabled&quot;:&quot;&quot;,&quot;scroll_slider_on&quot;:[&quot;desktop&quot;,&quot;tablet&quot;,&quot;mobile&quot;],&quot;custom_query&quot;:&quot;yes&quot;,&quot;custom_query_id&quot;:&quot;4&quot;,&quot;_element_id&quot;:&quot;&quot;,&quot;collapse_first_last_gap&quot;:false,&quot;list_tag_selection&quot;:&quot;&quot;,&quot;list_items_wrapper_tag&quot;:&quot;div&quot;,&quot;list_item_tag&quot;:&quot;div&quot;,&quot;empty_items_wrapper_tag&quot;:&quot;div&quot;}}\" data-page=\"1\" data-pages=\"0\" data-listing-source=\"query\" data-listing-id=\"741\" data-query-id=\"4\"><div class=\"jet-listing-grid__item jet-listing-dynamic-post-494 jet-equal-columns\" data-post-id=\"494\"  >\t\t<div data-elementor-type=\"jet-listing-items\" data-elementor-id=\"741\" class=\"elementor elementor-741\" data-elementor-post-type=\"jet-engine\">\n\t\t\t\t<div class=\"elementor-element elementor-element-8bfc0a5 e-con-full e-flex e-con e-child\" data-id=\"8bfc0a5\" data-element_type=\"container\" data-e-type=\"container\" data-settings=\"{&quot;background_background&quot;:&quot;classic&quot;,&quot;jet_parallax_layout_list&quot;:[]}\">\n\t\t\t\t<div class=\"elementor-element elementor-element-3c6487c elementor-widget elementor-widget-image\" data-id=\"3c6487c\" data-element_type=\"widget\" data-e-type=\"widget\" data-widget_type=\"image.default\">\n\t\t\t\t\t\t\t\t\t\t\t\t\t\t\t<img loading=\"lazy\" decoding=\"async\" width=\"250\" height=\"350\" src=\"https:\/\/dr-anna-brandenburg.de\/wp-content\/uploads\/2025\/11\/BTX-Phone.webp\" class=\"attachment-large size-large wp-image-1669\" alt=\"Botox\u00ae Hamburg \u2013 Ihre Spezialistin Dr. Anna Brandenburg\" srcset=\"https:\/\/dr-anna-brandenburg.de\/wp-content\/uploads\/2025\/11\/BTX-Phone.webp 250w, https:\/\/dr-anna-brandenburg.de\/wp-content\/uploads\/2025\/11\/BTX-Phone-214x300.webp 214w\" sizes=\"(max-width: 250px) 100vw, 250px\" \/>\t\t\t\t\t\t\t\t\t\t\t\t\t\t\t<\/div>\n\t\t<div class=\"elementor-element elementor-element-9919f85 e-con-full e-flex e-con e-child\" data-id=\"9919f85\" data-element_type=\"container\" data-e-type=\"container\" data-settings=\"{&quot;background_background&quot;:&quot;classic&quot;,&quot;jet_parallax_layout_list&quot;:[]}\">\n\t\t\t\t<div class=\"elementor-element elementor-element-ecb748c elementor-align-justify elementor-widget__width-inherit elementor-widget elementor-widget-button\" data-id=\"ecb748c\" data-element_type=\"widget\" data-e-type=\"widget\" data-widget_type=\"button.default\">\n\t\t\t\t\t\t\t\t\t\t<a class=\"elementor-button elementor-button-link elementor-size-sm elementor-animation-grow\" href=\"https:\/\/dr-anna-brandenburg.de\/de\/botox-hamburg\/\">\n\t\t\t\t\t\t<span class=\"elementor-button-content-wrapper\">\n\t\t\t\t\t\t\t\t\t<span class=\"elementor-button-text\">Weiter zu BTX<\/span>\n\t\t\t\t\t<\/span>\n\t\t\t\t\t<\/a>\n\t\t\t\t\t\t\t\t<\/div>\n\t\t\t\t<\/div>\n\t\t\t\t<\/div>\n\t\t\t\t<\/div>\n\t\t<\/div><div class=\"jet-listing-grid__item jet-listing-dynamic-post-675 jet-equal-columns\" data-post-id=\"675\"  >\t\t<div data-elementor-type=\"jet-listing-items\" data-elementor-id=\"741\" class=\"elementor elementor-741\" data-elementor-post-type=\"jet-engine\">\n\t\t\t\t<div class=\"elementor-element elementor-element-8bfc0a5 e-con-full e-flex e-con e-child\" data-id=\"8bfc0a5\" data-element_type=\"container\" data-e-type=\"container\" data-settings=\"{&quot;background_background&quot;:&quot;classic&quot;,&quot;jet_parallax_layout_list&quot;:[]}\">\n\t\t\t\t<div class=\"elementor-element elementor-element-3c6487c elementor-widget elementor-widget-image\" data-id=\"3c6487c\" data-element_type=\"widget\" data-e-type=\"widget\" data-widget_type=\"image.default\">\n\t\t\t\t\t\t\t\t\t\t\t\t\t\t\t<img loading=\"lazy\" decoding=\"async\" width=\"250\" height=\"350\" src=\"https:\/\/dr-anna-brandenburg.de\/wp-content\/uploads\/2025\/11\/Endolift-Phone.webp\" class=\"attachment-large size-large wp-image-1667\" alt=\"Endolift\u00ae Hamburg \u2013 Laser-Lifting f\u00fcr Kontur &amp; Straffheit\" srcset=\"https:\/\/dr-anna-brandenburg.de\/wp-content\/uploads\/2025\/11\/Endolift-Phone.webp 250w, https:\/\/dr-anna-brandenburg.de\/wp-content\/uploads\/2025\/11\/Endolift-Phone-214x300.webp 214w\" sizes=\"(max-width: 250px) 100vw, 250px\" \/>\t\t\t\t\t\t\t\t\t\t\t\t\t\t\t<\/div>\n\t\t<div class=\"elementor-element elementor-element-9919f85 e-con-full e-flex e-con e-child\" data-id=\"9919f85\" data-element_type=\"container\" data-e-type=\"container\" data-settings=\"{&quot;background_background&quot;:&quot;classic&quot;,&quot;jet_parallax_layout_list&quot;:[]}\">\n\t\t\t\t<div class=\"elementor-element elementor-element-ecb748c elementor-align-justify elementor-widget__width-inherit elementor-widget elementor-widget-button\" data-id=\"ecb748c\" data-element_type=\"widget\" data-e-type=\"widget\" data-widget_type=\"button.default\">\n\t\t\t\t\t\t\t\t\t\t<a class=\"elementor-button elementor-button-link elementor-size-sm elementor-animation-grow\" href=\"https:\/\/dr-anna-brandenburg.de\/de\/endolift\/\">\n\t\t\t\t\t\t<span class=\"elementor-button-content-wrapper\">\n\t\t\t\t\t\t\t\t\t<span class=\"elementor-button-text\">Weiter zu Endolift<\/span>\n\t\t\t\t\t<\/span>\n\t\t\t\t\t<\/a>\n\t\t\t\t\t\t\t\t<\/div>\n\t\t\t\t<\/div>\n\t\t\t\t<\/div>\n\t\t\t\t<\/div>\n\t\t<\/div><div class=\"jet-listing-grid__item jet-listing-dynamic-post-1765 jet-equal-columns\" data-post-id=\"1765\"  >\t\t<div data-elementor-type=\"jet-listing-items\" data-elementor-id=\"741\" class=\"elementor elementor-741\" data-elementor-post-type=\"jet-engine\">\n\t\t\t\t<div class=\"elementor-element elementor-element-8bfc0a5 e-con-full e-flex e-con e-child\" data-id=\"8bfc0a5\" data-element_type=\"container\" data-e-type=\"container\" data-settings=\"{&quot;background_background&quot;:&quot;classic&quot;,&quot;jet_parallax_layout_list&quot;:[]}\">\n\t\t\t\t<div class=\"elementor-element elementor-element-3c6487c elementor-widget elementor-widget-image\" data-id=\"3c6487c\" data-element_type=\"widget\" data-e-type=\"widget\" data-widget_type=\"image.default\">\n\t\t\t\t\t\t\t\t\t\t\t\t\t\t\t<img loading=\"lazy\" decoding=\"async\" width=\"250\" height=\"350\" src=\"https:\/\/dr-anna-brandenburg.de\/wp-content\/uploads\/2025\/11\/CO2-Laser-Phone.webp\" class=\"attachment-large size-large wp-image-1663\" alt=\"CO2 Laser\" srcset=\"https:\/\/dr-anna-brandenburg.de\/wp-content\/uploads\/2025\/11\/CO2-Laser-Phone.webp 250w, https:\/\/dr-anna-brandenburg.de\/wp-content\/uploads\/2025\/11\/CO2-Laser-Phone-214x300.webp 214w\" sizes=\"(max-width: 250px) 100vw, 250px\" \/>\t\t\t\t\t\t\t\t\t\t\t\t\t\t\t<\/div>\n\t\t<div class=\"elementor-element elementor-element-9919f85 e-con-full e-flex e-con e-child\" data-id=\"9919f85\" data-element_type=\"container\" data-e-type=\"container\" data-settings=\"{&quot;background_background&quot;:&quot;classic&quot;,&quot;jet_parallax_layout_list&quot;:[]}\">\n\t\t\t\t<div class=\"elementor-element elementor-element-ecb748c elementor-align-justify elementor-widget__width-inherit elementor-widget elementor-widget-button\" data-id=\"ecb748c\" data-element_type=\"widget\" data-e-type=\"widget\" data-widget_type=\"button.default\">\n\t\t\t\t\t\t\t\t\t\t<a class=\"elementor-button elementor-button-link elementor-size-sm elementor-animation-grow\" href=\"https:\/\/dr-anna-brandenburg.de\/de\/innovative-verjuengungsbehandlungen-hauterneuerungs-laser\/\">\n\t\t\t\t\t\t<span class=\"elementor-button-content-wrapper\">\n\t\t\t\t\t\t\t\t\t<span class=\"elementor-button-text\">Weiter zu CO2 Laser<\/span>\n\t\t\t\t\t<\/span>\n\t\t\t\t\t<\/a>\n\t\t\t\t\t\t\t\t<\/div>\n\t\t\t\t<\/div>\n\t\t\t\t<\/div>\n\t\t\t\t<\/div>\n\t\t<\/div><div class=\"jet-listing-grid__item jet-listing-dynamic-post-1801 jet-equal-columns\" data-post-id=\"1801\"  >\t\t<div data-elementor-type=\"jet-listing-items\" data-elementor-id=\"741\" class=\"elementor elementor-741\" data-elementor-post-type=\"jet-engine\">\n\t\t\t\t<div class=\"elementor-element elementor-element-8bfc0a5 e-con-full e-flex e-con e-child\" data-id=\"8bfc0a5\" data-element_type=\"container\" data-e-type=\"container\" data-settings=\"{&quot;background_background&quot;:&quot;classic&quot;,&quot;jet_parallax_layout_list&quot;:[]}\">\n\t\t\t\t<div class=\"elementor-element elementor-element-3c6487c elementor-widget elementor-widget-image\" data-id=\"3c6487c\" data-element_type=\"widget\" data-e-type=\"widget\" data-widget_type=\"image.default\">\n\t\t\t\t\t\t\t\t\t\t\t\t\t\t\t<img loading=\"lazy\" decoding=\"async\" width=\"250\" height=\"350\" src=\"https:\/\/dr-anna-brandenburg.de\/wp-content\/uploads\/2025\/11\/Sculptra-Phone.webp\" class=\"attachment-large size-large wp-image-1655\" alt=\"Ihre Expertinnen f\u00fcr Sculptra-Behandlungen in Hamburg\" srcset=\"https:\/\/dr-anna-brandenburg.de\/wp-content\/uploads\/2025\/11\/Sculptra-Phone.webp 250w, https:\/\/dr-anna-brandenburg.de\/wp-content\/uploads\/2025\/11\/Sculptra-Phone-214x300.webp 214w\" sizes=\"(max-width: 250px) 100vw, 250px\" \/>\t\t\t\t\t\t\t\t\t\t\t\t\t\t\t<\/div>\n\t\t<div class=\"elementor-element elementor-element-9919f85 e-con-full e-flex e-con e-child\" data-id=\"9919f85\" data-element_type=\"container\" data-e-type=\"container\" data-settings=\"{&quot;background_background&quot;:&quot;classic&quot;,&quot;jet_parallax_layout_list&quot;:[]}\">\n\t\t\t\t<div class=\"elementor-element elementor-element-ecb748c elementor-align-justify elementor-widget__width-inherit elementor-widget elementor-widget-button\" data-id=\"ecb748c\" data-element_type=\"widget\" data-e-type=\"widget\" data-widget_type=\"button.default\">\n\t\t\t\t\t\t\t\t\t\t<a class=\"elementor-button elementor-button-link elementor-size-sm elementor-animation-grow\" href=\"https:\/\/dr-anna-brandenburg.de\/de\/sculptra-hamburg\/\">\n\t\t\t\t\t\t<span class=\"elementor-button-content-wrapper\">\n\t\t\t\t\t\t\t\t\t<span class=\"elementor-button-text\">Weiter zu Sculptra<\/span>\n\t\t\t\t\t<\/span>\n\t\t\t\t\t<\/a>\n\t\t\t\t\t\t\t\t<\/div>\n\t\t\t\t<\/div>\n\t\t\t\t<\/div>\n\t\t\t\t<\/div>\n\t\t<\/div><\/div><\/div><\/div>\t\t\t\t<\/div>\n\t\t\t\t\t<\/div>\n\t\t\t\t<\/div>\n\t\t\t\t<\/div>\n\t\t<\/div>\n\t\t\t\t\t\t<\/div>\n\t\t\t\t<\/div>\n\t\t<div class=\"elementor-element elementor-element-1e6bf45 e-con-full e-flex e-con e-parent\" data-id=\"1e6bf45\" data-element_type=\"container\" data-e-type=\"container\" data-settings=\"{&quot;jet_parallax_layout_list&quot;:[]}\">\n\t\t\t\t<div class=\"elementor-element elementor-element-9a63d33 elementor-widget elementor-widget-shortcode\" data-id=\"9a63d33\" data-element_type=\"widget\" data-e-type=\"widget\" data-widget_type=\"shortcode.default\">\n\t\t\t\t\t\t\t<div class=\"elementor-shortcode\">\t\t<div data-elementor-type=\"container\" data-elementor-id=\"705\" class=\"elementor elementor-705\" data-elementor-post-type=\"elementor_library\">\n\t\t\t\t<div class=\"elementor-element elementor-element-5a67f95b e-flex e-con-boxed e-con e-parent\" data-id=\"5a67f95b\" data-element_type=\"container\" data-e-type=\"container\" data-settings=\"{&quot;jet_parallax_layout_list&quot;:[]}\">\n\t\t\t\t\t<div class=\"e-con-inner\">\n\t\t<div class=\"elementor-element elementor-element-1452f380 e-con-full e-flex e-con e-child\" data-id=\"1452f380\" data-element_type=\"container\" data-e-type=\"container\" data-settings=\"{&quot;background_background&quot;:&quot;classic&quot;,&quot;jet_parallax_layout_list&quot;:[]}\">\n\t\t\t\t<div class=\"elementor-element elementor-element-659f6330 elementor-position-inline-start elementor-tablet-position-block-start elementor-mobile-position-inline-start elementor-view-default elementor-widget elementor-widget-icon-box\" data-id=\"659f6330\" data-element_type=\"widget\" data-e-type=\"widget\" data-widget_type=\"icon-box.default\">\n\t\t\t\t\t\t\t<div class=\"elementor-icon-box-wrapper\">\n\n\t\t\t\t\t\t<div class=\"elementor-icon-box-icon\">\n\t\t\t\t<span  class=\"elementor-icon\">\n\t\t\t\t<svg xmlns=\"http:\/\/www.w3.org\/2000\/svg\" id=\"Ebene_1\" data-name=\"Ebene 1\" viewBox=\"0 0 110.77 121.47\"><g><path d=\"M30.96,85.36c.37-3.52.78-7.31,1.77-10.71.53-1.84.91-2.81,2.63-3.84,2.61-1.56,6.02-2.47,8.65-4.11l-.77,3.99c-1.14.45-2.27.93-2.85,2.1-.36.74-1.75,5.64-1.74,6.35.03,1.76,1.53,2.94,3.27,2.8.71-.06,1.27-.46.77-1.17-.31-.44-2.72.29-2.54-1.93.06-.78,1.1-4.22,1.43-5.06.81-2.06,4.09-2.21,4.99-.3.33.7,1.54,4.83,1.55,5.51.05,2.29-2.99,1.08-2.65,2.43.21.84,1.91.51,2.5.27,1.01-.4,1.72-1.64,1.67-2.7-.04-.87-1.54-5.87-2.02-6.57-.38-.55-1.06-1.09-1.66-1.39-.55-.28-1.05.06-1.1-.81-.07-1.21.9-4.07,1.94-4.75.43-.28,2.14-1.16,2.46-.59l6.27,8.96c.35.41,1,.41,1.35,0l6.37-9.07c.39-.3,2.29.59,2.53.83.12.12.8,1.58.9,1.86.6,1.61.87,3.49.87,5.21-3.29.48-4.59,4.97-1.56,6.71,3.73,2.14,7.61-2.72,4.12-5.84-.32-.28-.84-.31-1.01-.71-.32-.75-.14-1.95-.28-2.76-.2-1.15-.51-2.28-.9-3.38l9.36,4.26c1.39.88,1.89,2.04,2.35,3.55,1.04,3.43,1.37,7.3,1.81,10.85H30.96Z\" style=\"fill: #efc6c3;\"><\/path><path d=\"M56.23,70.82l-5.9-8.21,1.22-2.53c2.73,1.62,6.2,1.66,8.93.04l1.52,2.23-5.77,8.47Z\" style=\"fill: #efc6c3;\"><\/path><circle cx=\"67.82\" cy=\"76.37\" r=\"2.09\" style=\"fill: #efc6c3;\"><\/circle><path d=\"M67.73,45.66c0,7.06-5.33,13.56-11.75,13.56s-11.5-6.5-11.5-13.56,5.21-12.79,11.63-12.79,11.63,5.73,11.63,12.79Z\" style=\"fill: #efc6c3;\"><\/path><\/g><g><path d=\"M2.8,73.6c.25-2.41.54-5,1.21-7.33.36-1.26.62-1.93,1.8-2.63,1.79-1.07,4.12-1.69,5.92-2.82l-.53,2.74c-.78.31-1.56.63-1.95,1.44-.25.5-1.2,3.86-1.19,4.35.02,1.21,1.05,2.01,2.24,1.92.49-.04.87-.32.53-.8-.21-.3-1.86.2-1.74-1.32.04-.53.75-2.89.98-3.47.55-1.41,2.8-1.52,3.41-.21.23.48,1.05,3.31,1.06,3.77.04,1.57-2.05.74-1.82,1.66.14.58,1.3.35,1.71.19.69-.27,1.18-1.12,1.15-1.85-.02-.6-1.06-4.02-1.38-4.5-.26-.38-.73-.74-1.14-.95-.38-.19-.72.04-.76-.56-.05-.83.61-2.79,1.33-3.25.3-.19,1.47-.79,1.69-.4l4.3,6.14c.24.28.68.28.92,0l4.36-6.21c.26-.21,1.57.41,1.73.57.08.08.55,1.08.62,1.27.41,1.1.59,2.39.6,3.57-2.25.33-3.15,3.4-1.07,4.6,2.55,1.47,5.21-1.87,2.82-4-.22-.19-.57-.21-.69-.48-.22-.51-.1-1.34-.19-1.89-.14-.79-.35-1.56-.62-2.32l6.41,2.91c.95.6,1.3,1.4,1.61,2.43.71,2.35.94,5,1.24,7.43H2.8Z\" style=\"fill: #efc6c3;\"><\/path><path d=\"M20.14,64.6l-4.12-5.73.86-1.77c1.91,1.13,4.33,1.16,6.23.03l1.06,1.56-4.03,5.92Z\" style=\"fill: #efc6c3;\"><\/path><circle cx=\"28.07\" cy=\"67.43\" r=\"1.46\" style=\"fill: #efc6c3;\"><\/circle><path d=\"M28.26,48.56c0,4.93-3.72,9.47-8.21,9.47s-8.04-4.54-8.04-9.47,3.64-8.93,8.12-8.93,8.12,4,8.12,8.93Z\" style=\"fill: #efc6c3;\"><\/path><\/g><g><path d=\"M72.95,73.16c.25-2.41.54-5,1.21-7.33.36-1.26.62-1.93,1.8-2.63,1.79-1.07,4.12-1.69,5.92-2.82l-.53,2.74c-.78.31-1.56.63-1.95,1.44-.25.5-1.2,3.86-1.19,4.35.02,1.21,1.05,2.01,2.24,1.92.49-.04.87-.32.53-.8-.21-.3-1.86.2-1.74-1.32.04-.53.75-2.89.98-3.47.55-1.41,2.8-1.52,3.41-.21.23.48,1.05,3.31,1.06,3.77.04,1.57-2.05.74-1.82,1.66.14.58,1.3.35,1.71.19.69-.27,1.18-1.12,1.15-1.85-.02-.6-1.06-4.02-1.38-4.5-.26-.38-.73-.74-1.14-.95-.38-.19-.72.04-.76-.56-.05-.83.61-2.79,1.33-3.25.3-.19,1.47-.79,1.69-.4l4.3,6.14c.24.28.68.28.92,0l4.36-6.21c.26-.21,1.57.41,1.73.57.08.08.55,1.08.62,1.27.41,1.1.59,2.39.6,3.57-2.25.33-3.15,3.4-1.07,4.6,2.55,1.47,5.21-1.87,2.82-4-.22-.19-.57-.21-.69-.48-.22-.51-.1-1.34-.19-1.89-.14-.79-.35-1.56-.62-2.32l6.41,2.91c.95.6,1.3,1.4,1.61,2.43.71,2.35.94,5,1.24,7.43h-34.56Z\" style=\"fill: #efc6c3;\"><\/path><path d=\"M90.29,64.16l-4.12-5.73.86-1.77c1.91,1.13,4.33,1.16,6.23.03l1.06,1.56-4.03,5.92Z\" style=\"fill: #efc6c3;\"><\/path><circle cx=\"98.22\" cy=\"66.99\" r=\"1.46\" style=\"fill: #efc6c3;\"><\/circle><path d=\"M98.42,48.12c0,4.93-3.72,9.47-8.21,9.47s-8.04-4.54-8.04-9.47,3.64-8.93,8.12-8.93,8.12,4,8.12,8.93Z\" style=\"fill: #efc6c3;\"><\/path><\/g><\/svg>\t\t\t\t<\/span>\n\t\t\t<\/div>\n\t\t\t\n\t\t\t\t\t\t<div class=\"elementor-icon-box-content\">\n\n\t\t\t\t\t\t\t\t\t<div class=\"elementor-icon-box-title\">\n\t\t\t\t\t\t<span  >\n\t\t\t\t\t\t\tIhre Haut in besten H\u00e4nden\t\t\t\t\t\t<\/span>\n\t\t\t\t\t<\/div>\n\t\t\t\t\n\t\t\t\t\t\t\t\t\t<p class=\"elementor-icon-box-description\">\n\t\t\t\t\t\t\u00c4rztinnen mit Herz und Erfahrung\t\t\t\t\t<\/p>\n\t\t\t\t\n\t\t\t<\/div>\n\t\t\t\n\t\t<\/div>\n\t\t\t\t\t\t<\/div>\n\t\t\t\t<div class=\"elementor-element elementor-element-587b876f elementor-align-justify elementor-widget__width-inherit elementor-widget elementor-widget-button\" data-id=\"587b876f\" data-element_type=\"widget\" data-e-type=\"widget\" data-widget_type=\"button.default\">\n\t\t\t\t\t\t\t\t\t\t<a class=\"elementor-button elementor-button-link elementor-size-sm elementor-animation-grow\" href=\"https:\/\/dr-anna-brandenburg.de\/de\/praxis\/#team\">\n\t\t\t\t\t\t<span class=\"elementor-button-content-wrapper\">\n\t\t\t\t\t\t\t\t\t<span class=\"elementor-button-text\">Zum Team<\/span>\n\t\t\t\t\t<\/span>\n\t\t\t\t\t<\/a>\n\t\t\t\t\t\t\t\t<\/div>\n\t\t\t\t<\/div>\n\t\t<div class=\"elementor-element elementor-element-4efb4f0d e-con-full e-flex e-con e-child\" data-id=\"4efb4f0d\" data-element_type=\"container\" data-e-type=\"container\" data-settings=\"{&quot;background_background&quot;:&quot;classic&quot;,&quot;jet_parallax_layout_list&quot;:[]}\">\n\t\t\t\t<div class=\"elementor-element elementor-element-6f5ce7f4 elementor-align-justify elementor-widget__width-inherit elementor-widget elementor-widget-button\" data-id=\"6f5ce7f4\" data-element_type=\"widget\" data-e-type=\"widget\" data-widget_type=\"button.default\">\n\t\t\t\t\t\t\t\t\t\t<a class=\"elementor-button elementor-button-link elementor-size-sm elementor-animation-grow\" href=\"https:\/\/dr-anna-brandenburg.de\/de\/#alle-behandlungen\">\n\t\t\t\t\t\t<span class=\"elementor-button-content-wrapper\">\n\t\t\t\t\t\t\t\t\t<span class=\"elementor-button-text\">Zu allen Behandlungen<\/span>\n\t\t\t\t\t<\/span>\n\t\t\t\t\t<\/a>\n\t\t\t\t\t\t\t\t<\/div>\n\t\t\t\t<div class=\"elementor-element elementor-element-41560486 elementor-position-inline-start elementor-tablet-position-block-start elementor-mobile-position-inline-start elementor-view-default elementor-widget elementor-widget-icon-box\" data-id=\"41560486\" data-element_type=\"widget\" data-e-type=\"widget\" data-widget_type=\"icon-box.default\">\n\t\t\t\t\t\t\t<div class=\"elementor-icon-box-wrapper\">\n\n\t\t\t\t\t\t<div class=\"elementor-icon-box-icon\">\n\t\t\t\t<span  class=\"elementor-icon\">\n\t\t\t\t<svg xmlns=\"http:\/\/www.w3.org\/2000\/svg\" id=\"Ebene_1\" data-name=\"Ebene 1\" viewBox=\"0 0 110.77 121.47\"><polygon points=\"59.94 26.96 50.36 26.96 45.57 35.26 50.36 43.56 59.94 43.56 64.74 35.26 59.94 26.96\" style=\"fill: #efc6c3;\"><\/polygon><polygon points=\"76.11 36.26 66.53 36.26 61.74 44.56 66.53 52.86 76.11 52.86 80.9 44.56 76.11 36.26\" style=\"fill: #efc6c3;\"><\/polygon><polygon points=\"60.03 45.42 50.44 45.42 45.65 53.72 50.44 62.02 60.03 62.02 64.82 53.72 60.03 45.42\" style=\"fill: #efc6c3;\"><\/polygon><polygon points=\"43.89 36.19 34.31 36.19 29.51 44.49 34.31 52.79 43.89 52.79 48.68 44.49 43.89 36.19\" style=\"fill: #efc6c3;\"><\/polygon><line x1=\"16.16\" y1=\"70.08\" x2=\"94.58\" y2=\"70.08\" style=\"fill: none; stroke: #efc6c3; stroke-miterlimit: 10; stroke-width: 2px;\"><\/line><g><line x1=\"16.18\" y1=\"92.47\" x2=\"20.18\" y2=\"92.46\" style=\"fill: none; stroke: #efc6c3; stroke-miterlimit: 10; stroke-width: 2px;\"><\/line><line x1=\"28\" y1=\"92.45\" x2=\"86.63\" y2=\"92.33\" style=\"fill: none; stroke: #efc6c3; stroke-dasharray: 7.82 7.82; stroke-miterlimit: 10; stroke-width: 2px;\"><\/line><line x1=\"90.53\" y1=\"92.32\" x2=\"94.53\" y2=\"92.31\" style=\"fill: none; stroke: #efc6c3; stroke-miterlimit: 10; stroke-width: 2px;\"><\/line><\/g><line x1=\"26.77\" y1=\"101.6\" x2=\"88.43\" y2=\"101.84\" style=\"fill: none; stroke: #efc6c3; stroke-dasharray: 8; stroke-miterlimit: 10; stroke-width: 2px;\"><\/line><path d=\"M16.02,78.38c3.3,0,7.78,5.95,10.83,5.78,2.59-.14,6.12-5.76,8.71-5.83,2.73-.07,6.88,5.69,9.61,5.66s6.88-5.63,9.69-5.7,7.06,5.78,9.73,5.74,6.69-5.69,9.41-5.66c2.87.03,6.71,5.81,9.57,5.7,2.73-.1,7.49-5.66,10.38-5.7\" style=\"fill: none; stroke: #efc6c3; stroke-miterlimit: 10; stroke-width: 2px;\"><\/path><\/svg>\t\t\t\t<\/span>\n\t\t\t<\/div>\n\t\t\t\n\t\t\t\t\t\t<div class=\"elementor-icon-box-content\">\n\n\t\t\t\t\t\t\t\t\t<div class=\"elementor-icon-box-title\">\n\t\t\t\t\t\t<span  >\n\t\t\t\t\t\t\tGanzheitliche Hautmedizin\t\t\t\t\t\t<\/span>\n\t\t\t\t\t<\/div>\n\t\t\t\t\n\t\t\t\t\t\t\t\t\t<p class=\"elementor-icon-box-description\">\n\t\t\t\t\t\tModerne Dermatologie &amp; \u00c4sthetik\t\t\t\t\t<\/p>\n\t\t\t\t\n\t\t\t<\/div>\n\t\t\t\n\t\t<\/div>\n\t\t\t\t\t\t<\/div>\n\t\t\t\t<\/div>\n\t\t<div class=\"elementor-element elementor-element-7535948c e-con-full e-flex e-con e-child\" data-id=\"7535948c\" data-element_type=\"container\" data-e-type=\"container\" data-settings=\"{&quot;background_background&quot;:&quot;classic&quot;,&quot;jet_parallax_layout_list&quot;:[]}\">\n\t\t\t\t<div class=\"elementor-element elementor-element-5215ba1f elementor-align-justify elementor-widget__width-inherit elementor-widget elementor-widget-button\" data-id=\"5215ba1f\" data-element_type=\"widget\" data-e-type=\"widget\" data-widget_type=\"button.default\">\n\t\t\t\t\t\t\t\t\t\t<a class=\"elementor-button elementor-button-link elementor-size-sm elementor-animation-grow\" href=\"https:\/\/www.doctolib.de\/privatpraxis\/hamburg\/dermatologische-privatpraxis-dr-anna-brandenburg\/booking\/specialities?profile_skipped=true&#038;bookingFunnelSource=external_referral\" target=\"_blank\" rel=\"noopener\">\n\t\t\t\t\t\t<span class=\"elementor-button-content-wrapper\">\n\t\t\t\t\t\t\t\t\t<span class=\"elementor-button-text\">TERMINBUCHUNG<\/span>\n\t\t\t\t\t<\/span>\n\t\t\t\t\t<\/a>\n\t\t\t\t\t\t\t\t<\/div>\n\t\t\t\t<div class=\"elementor-element elementor-element-7a642e8e elementor-position-inline-start elementor-mobile-position-inline-start elementor-view-default elementor-widget elementor-widget-icon-box\" data-id=\"7a642e8e\" data-element_type=\"widget\" data-e-type=\"widget\" data-widget_type=\"icon-box.default\">\n\t\t\t\t\t\t\t<div class=\"elementor-icon-box-wrapper\">\n\n\t\t\t\t\t\t<div class=\"elementor-icon-box-icon\">\n\t\t\t\t<span  class=\"elementor-icon\">\n\t\t\t\t<svg xmlns=\"http:\/\/www.w3.org\/2000\/svg\" id=\"Ebene_1\" data-name=\"Ebene 1\" viewBox=\"0 0 55.71 53.61\"><path d=\"M0,6.04v47.57h55.71V6.04H0ZM42.43,21.7l2.54-4.39h0s5.08-.01,5.08-.01h0s2.54,4.4,2.54,4.4h0s-2.54,4.4-2.54,4.4h0s-5.08.01-5.08.01h0s-2.54-4.4-2.54-4.4h0ZM14.33,45.54l-2.53,4.4h-5.09l-2.54-4.4h0s2.54-4.4,2.54-4.4c0,0,0,0,0-.01h5.07s.01.01.01.01l2.53,4.39h0ZM11.8,38.02h-5.09l-2.54-4.4,2.54-4.4h5.09l2.53,4.4-2.53,4.4ZM26.83,45.54l-2.54,4.4h-5.08l-2.54-4.4h0s2.54-4.4,2.54-4.4h0s5.08-.01,5.08-.01h0s2.54,4.4,2.54,4.4h0ZM24.3,38.02h-5.09l-2.53-4.4,2.53-4.4h5.09l2.54,4.4-2.54,4.4ZM26.84,21.71l-2.54,4.39s-.01.01-.01.01h-5.07s0,0,0-.01l-2.53-4.39h0s2.53-4.4,2.53-4.4c0-.01,0-.01,0-.01h5.07s.01,0,.01.01l2.54,4.39h0ZM39.71,45.54l-2.53,4.4h-5.09l-2.54-4.4h0s2.54-4.4,2.54-4.4h.01s5.07-.01,5.07-.01t.01.01l2.53,4.39h0ZM37.18,38.02h-5.09l-2.54-4.4,2.54-4.4h5.09l2.53,4.4-2.53,4.4ZM39.71,21.71l-2.53,4.39h-.01s-5.07.01-5.07.01t-.01-.01l-2.54-4.39h0s2.54-4.4,2.54-4.4t.01-.01h5.08s2.53,4.4,2.53,4.4h0ZM44.97,29.22h5.08l2.54,4.4-2.54,4.4h-5.08l-2.54-4.4,2.54-4.4ZM52.6,45.54l-2.54,4.4h-5.09l-2.53-4.4h0s2.53-4.4,2.53-4.4c0,0,.01,0,.01-.01h5.07s.01.01.01.01l2.54,4.39h0Z\" style=\"fill: #efc6c3;\"><\/path><rect x=\"7.16\" width=\"4.19\" height=\"10.16\" rx=\".61\" ry=\".61\" style=\"fill: #efc6c3;\"><\/rect><rect x=\"25.74\" width=\"4.19\" height=\"10.16\" rx=\".61\" ry=\".61\" style=\"fill: #efc6c3;\"><\/rect><rect x=\"44.32\" width=\"4.19\" height=\"10.16\" rx=\".61\" ry=\".61\" style=\"fill: #efc6c3;\"><\/rect><path d=\"M26.84,21.7h0s-2.54,4.4-2.54,4.4c0,.01-.01.01-.01.01h-5.07s0,0,0-.01l-2.53-4.39h0s2.53-4.4,2.53-4.4c0-.01,0-.01,0-.01h5.07s.01,0,.01.01l2.54,4.39Z\" style=\"fill: none;\"><\/path><path d=\"M39.71,21.7h0s-2.53,4.4-2.53,4.4h-.01s-5.07.01-5.07.01t-.01-.01l-2.54-4.39h0s2.54-4.4,2.54-4.4t.01-.01h5.08s2.53,4.4,2.53,4.4Z\" style=\"fill: none;\"><\/path><path d=\"M52.59,21.7h0s-2.54,4.4-2.54,4.4h0s-5.08.01-5.08.01h0s-2.54-4.4-2.54-4.4h0s2.54-4.4,2.54-4.4h0s5.08-.01,5.08-.01h0s2.54,4.4,2.54,4.4Z\" style=\"fill: none;\"><\/path><polygon points=\"52.59 33.62 50.05 38.02 44.97 38.02 42.43 33.62 44.97 29.22 50.05 29.22 52.59 33.62\" style=\"fill: none;\"><\/polygon><path d=\"M39.71,33.62l-2.53,4.4h-5.09l-2.54-4.4,2.54-4.4h5.09l2.53,4.4Z\" style=\"fill: none;\"><\/path><polygon points=\"26.84 33.62 24.3 38.02 19.21 38.02 16.68 33.62 19.21 29.22 24.3 29.22 26.84 33.62\" style=\"fill: none;\"><\/polygon><polygon points=\"14.33 33.62 11.8 38.02 6.71 38.02 4.17 33.62 6.71 29.22 11.8 29.22 14.33 33.62\" style=\"fill: none;\"><\/polygon><path d=\"M14.33,45.53h0s-2.53,4.41-2.53,4.41h-5.09l-2.54-4.4h0s2.54-4.4,2.54-4.4c0,0,0,0,0-.01h5.07s.01.01.01.01l2.53,4.39Z\" style=\"fill: none;\"><\/path><path d=\"M26.83,45.53h0s-2.54,4.41-2.54,4.41h-5.08l-2.54-4.4h0s2.54-4.4,2.54-4.4h0s5.08-.01,5.08-.01h0s2.54,4.4,2.54,4.4Z\" style=\"fill: none;\"><\/path><path d=\"M39.71,45.53h0s-2.53,4.41-2.53,4.41h-5.09l-2.54-4.4h0s2.54-4.4,2.54-4.4h.01s5.07-.01,5.07-.01t.01.01l2.53,4.39Z\" style=\"fill: none;\"><\/path><path d=\"M52.6,45.53h0s-2.54,4.41-2.54,4.41h-5.09l-2.53-4.4h0s2.53-4.4,2.53-4.4c0,0,.01,0,.01-.01h5.07s.01.01.01.01l2.54,4.39Z\" style=\"fill: none;\"><\/path><\/svg>\t\t\t\t<\/span>\n\t\t\t<\/div>\n\t\t\t\n\t\t\t\t\t\t<div class=\"elementor-icon-box-content\">\n\n\t\t\t\t\t\t\t\t\t<div class=\"elementor-icon-box-title\">\n\t\t\t\t\t\t<span  >\n\t\t\t\t\t\t\tWir sind f\u00fcr Sie da\t\t\t\t\t\t<\/span>\n\t\t\t\t\t<\/div>\n\t\t\t\t\n\t\t\t\t\t\t\t\t\t<p class=\"elementor-icon-box-description\">\n\t\t\t\t\t\tHeilwigstra\u00dfe 33, 20249 Hamburg\n\t\t\t\t\t<\/p>\n\t\t\t\t\n\t\t\t<\/div>\n\t\t\t\n\t\t<\/div>\n\t\t\t\t\t\t<\/div>\n\t\t\t\t<\/div>\n\t\t\t\t\t<\/div>\n\t\t\t\t<\/div>\n\t\t\t\t<\/div>\n\t\t<\/div>\n\t\t\t\t\t\t<\/div>\n\t\t\t\t<\/div>\n\t\t\t\t<\/div>\n\t\t","protected":false},"excerpt":{"rendered":"<p>DR. CYJ Hair Filler Hamburg \u2013 Peptidbasierte Kopfhautbehandlung gegen Haarausfall Durch die Kombination von wachstumsf\u00f6rdernden Peptiden mit regenerativer Hyalurons\u00e4ure ist DR. CYJ Hair Filler wirksam gegen Haarausfall und zur Anregung neuen Haarwachstums. TERMINBUCHUNG Minimal-invasiv Keine Ausfallzeit Evidenzbasiert Kurze Behandlung Minimal-invasiv Keine Ausfallzeit Evidenzbasiert Kurze Behandlung Die Details Ihrer DR. CYJ Hair Filler Behandlung in Hamburg [&hellip;]<\/p>\n","protected":false},"author":1,"featured_media":6188,"parent":0,"menu_order":0,"comment_status":"closed","ping_status":"closed","template":"elementor_header_footer","meta":{"footnotes":""},"class_list":["post-6161","page","type-page","status-publish","has-post-thumbnail","hentry"],"_links":{"self":[{"href":"https:\/\/dr-anna-brandenburg.de\/de\/wp-json\/wp\/v2\/pages\/6161","targetHints":{"allow":["GET"]}}],"collection":[{"href":"https:\/\/dr-anna-brandenburg.de\/de\/wp-json\/wp\/v2\/pages"}],"about":[{"href":"https:\/\/dr-anna-brandenburg.de\/de\/wp-json\/wp\/v2\/types\/page"}],"author":[{"embeddable":true,"href":"https:\/\/dr-anna-brandenburg.de\/de\/wp-json\/wp\/v2\/users\/1"}],"replies":[{"embeddable":true,"href":"https:\/\/dr-anna-brandenburg.de\/de\/wp-json\/wp\/v2\/comments?post=6161"}],"version-history":[{"count":10,"href":"https:\/\/dr-anna-brandenburg.de\/de\/wp-json\/wp\/v2\/pages\/6161\/revisions"}],"predecessor-version":[{"id":8028,"href":"https:\/\/dr-anna-brandenburg.de\/de\/wp-json\/wp\/v2\/pages\/6161\/revisions\/8028"}],"wp:featuredmedia":[{"embeddable":true,"href":"https:\/\/dr-anna-brandenburg.de\/de\/wp-json\/wp\/v2\/media\/6188"}],"wp:attachment":[{"href":"https:\/\/dr-anna-brandenburg.de\/de\/wp-json\/wp\/v2\/media?parent=6161"}],"curies":[{"name":"wp","href":"https:\/\/api.w.org\/{rel}","templated":true}]}}